{"id":2606,"date":"2022-07-12T11:09:29","date_gmt":"2022-07-12T09:09:29","guid":{"rendered":"http:\/\/campinglemontana.fr\/camping-familial-val-des-pres\/"},"modified":"2024-04-21T10:40:47","modified_gmt":"2024-04-21T08:40:47","slug":"family-campsite-val-des-pres","status":"publish","type":"page","link":"https:\/\/www.campinglemontana.fr\/en\/family-campsite-val-des-pres\/","title":{"rendered":"Services &#038; Events"},"content":{"rendered":"<section id=\"ls-section-block_8f3d189208e9854c7b180fe77874cc3d\" class=\"ls-section  page-chapeau\" >\r\n        <div class=\"container \">\r\n        \n\n<h1 class=\"ls__heading wp-block-heading animated fadeInUp delay-200ms\">Your holiday in a<br><strong>3-star campsite<\/strong><\/h1>\n\n\r\n    <\/div>\r\n<\/section>\n\n<section id=\"ls-section-block_3ab43f1dac7e58821a6ec8cfdc999daf\" class=\"ls-section  galerie-trois-photos has-p-t p-t-0 has-p-b p-b-14\" >\r\n        <div class=\"container container--wide\">\r\n        \n\n<figure class=\"wp-block-gallery has-nested-images columns-default is-cropped wp-block-gallery-1 is-layout-flex wp-block-gallery-is-layout-flex\">\n<figure class=\"wp-block-image size-full animated fadeInUp delay-100ms\"><a href=\"https:\/\/www.campinglemontana.fr\/wp-content\/uploads\/2022\/09\/accueil-camping-le-montana.jpg\"><img loading=\"lazy\" decoding=\"async\" width=\"990\" height=\"541\" data-id=\"1985\" src=\"https:\/\/www.campinglemontana.fr\/wp-content\/uploads\/2022\/09\/accueil-camping-le-montana.jpg\" alt=\"accueil camping\" class=\"wp-image-1985\" srcset=\"https:\/\/www.campinglemontana.fr\/wp-content\/uploads\/2022\/09\/accueil-camping-le-montana.jpg 990w, https:\/\/www.campinglemontana.fr\/wp-content\/uploads\/2022\/09\/accueil-camping-le-montana-300x164.jpg 300w, https:\/\/www.campinglemontana.fr\/wp-content\/uploads\/2022\/09\/accueil-camping-le-montana-768x420.jpg 768w\" sizes=\"auto, (max-width: 990px) 100vw, 990px\" \/><\/a><\/figure>\n\n\n\n<figure class=\"wp-block-image size-full animated fadeInUp delay-200ms\"><a href=\"https:\/\/www.campinglemontana.fr\/wp-content\/uploads\/2022\/09\/camping-snack-val-des-pres.jpg\"><img loading=\"lazy\" decoding=\"async\" width=\"990\" height=\"541\" data-id=\"2017\" src=\"https:\/\/www.campinglemontana.fr\/wp-content\/uploads\/2022\/09\/camping-snack-val-des-pres.jpg\" alt=\"camping snack val des pres\" class=\"wp-image-2017\" srcset=\"https:\/\/www.campinglemontana.fr\/wp-content\/uploads\/2022\/09\/camping-snack-val-des-pres.jpg 990w, https:\/\/www.campinglemontana.fr\/wp-content\/uploads\/2022\/09\/camping-snack-val-des-pres-300x164.jpg 300w, https:\/\/www.campinglemontana.fr\/wp-content\/uploads\/2022\/09\/camping-snack-val-des-pres-768x420.jpg 768w\" sizes=\"auto, (max-width: 990px) 100vw, 990px\" \/><\/a><\/figure>\n\n\n\n<figure class=\"wp-block-image size-full animated fadeInUp delay-500ms\"><a href=\"https:\/\/www.campinglemontana.fr\/wp-content\/uploads\/2022\/09\/pizza-val-des-pres.jpg\"><img loading=\"lazy\" decoding=\"async\" width=\"990\" height=\"541\" data-id=\"2014\" src=\"https:\/\/www.campinglemontana.fr\/wp-content\/uploads\/2022\/09\/pizza-val-des-pres.jpg\" alt=\"pizza val des pres\" class=\"wp-image-2014\" srcset=\"https:\/\/www.campinglemontana.fr\/wp-content\/uploads\/2022\/09\/pizza-val-des-pres.jpg 990w, https:\/\/www.campinglemontana.fr\/wp-content\/uploads\/2022\/09\/pizza-val-des-pres-300x164.jpg 300w, https:\/\/www.campinglemontana.fr\/wp-content\/uploads\/2022\/09\/pizza-val-des-pres-768x420.jpg 768w\" sizes=\"auto, (max-width: 990px) 100vw, 990px\" \/><\/a><\/figure>\n<\/figure>\n\n\n\n<div class=\"wp-block-columns is-layout-flex wp-container-core-columns-is-layout-9d6595d7 wp-block-columns-is-layout-flex\">\n<div class=\"wp-block-column is-layout-flow wp-block-column-is-layout-flow\">\n<h2 class=\"ls__heading wp-block-heading\">Nos heures d&#8217;ouverture<\/h2>\n\n\n\n<p class=\"ls-paragraph\">We are happy to welcome you to <a href=\"\/en\/\">Le Montana campsite<\/a> in the Hautes-Alpes. From April to September : our reception is open :<\/p>\n\n\n\n<ul class=\"ls-list wp-block-list\"><li>in high season from 7.30am to 12pm and from 2pm to 8pm<\/li><li>in low season from 7.30am to 12pm and from 2pm to 6pm.<\/li><\/ul>\n\n\n\n<p class=\"ls-paragraph\">Located at the gateway to the Clar\u00e9e valley and 4 km from Brian\u00e7on, our campsite covers an <strong>area of 2.4 hectares with trees<\/strong>. Our outdoor establishment is very accessible to nature and outdoor sports. You will reside in a calm, family environment and very relaxing.<\/p>\n<\/div>\n\n\n\n<div class=\"wp-block-column is-layout-flow wp-block-column-is-layout-flow\">\n<h2 class=\"ls__heading wp-block-heading\">The Montana snack bar<\/h2>\n\n\n\n<p class=\"ls-paragraph\">From June to September during the high season: eat <strong>in <\/strong>or<strong> take away<\/strong> <strong>one of our snack products<\/strong>.<\/p>\n\n\n\n<p class=\"ls-paragraph\"><strong>Home-made<\/strong>, <strong>sweet <\/strong>or <strong>savoury<\/strong>, there is something for everyone.<\/p>\n\n\n\n<p class=\"ls-paragraph\">Every day of the week from 6pm to 9pm: pizzas, burgers, fish &amp; ships, chips, waffles, ice creams, cold drinks, draught beer<em>, local beer<\/em>, Hautes Alpes wine*.<\/p>\n\n\n\n<p class=\"ls-paragraph\"><strong>Pizza and veggie burgers<\/strong> are also available on the menu.<br>*to be consumed in moderation<\/p>\n<\/div>\n<\/div>\n\n\r\n    <\/div>\r\n<\/section>\n\n<section id=\"ls-section-block_58e66976ea9b8a0bd975a2aa0bf10d18\" class=\"ls-section  trois-colonnes has-background has-color-4-background-color has-p-t p-t-14 has-p-b p-b-14\" >\r\n        <div class=\"container container--wide\">\r\n        \n\n<div class=\"wp-block-columns is-layout-flex wp-container-core-columns-is-layout-9d6595d7 wp-block-columns-is-layout-flex\">\n<div class=\"wp-block-column is-vertically-aligned-center is-layout-flow wp-block-column-is-layout-flow\" style=\"flex-basis:40%\">\n<h2 class=\"ls__heading wp-block-heading\">The grocery shop and more<\/h2>\n\n\n\n<p class=\"ls-paragraph\">Open every day at the same times as the reception, you will find all the basic necessities in our grocery shop, as well as local products such as the wines* of the Domaine de Tresbaudon for sale or for service at the bar.<\/p>\n\n\n\n<p class=\"ls-paragraph\">Are you more of a beer person? We have just the thing for you too! Discover our local beer* &#8220;La Tourmente&#8221; brewed in Brian\u00e7on, available in 4 different varieties: blonde, white, amber or g\u00e9n\u00e9pi.<\/p>\n\n\n\n<p class=\"ls-paragraph\">To facilitate your stay, you will also have at your disposal :<\/p>\n\n\n\n<ul class=\"ls-list wp-block-list\"><li>a freezer located next to the reception&#8217;s sanitary facilities to refrigerate your ice blocks<\/li><li>a code-secured cabinet for recharging your various electrical devices such as phones and tablets located at the reception.<\/li><\/ul>\n\n\n\n<p class=\"ls-paragraph\">All essential shops are easily accessible in Brian\u00e7on, only 6 km from the campsite.<br>*to be consumed in moderation<\/p>\n<\/div>\n\n\n\n<div class=\"wp-block-column is-vertically-aligned-center image is-layout-flow wp-block-column-is-layout-flow\" style=\"flex-basis:30%\">\n<figure class=\"wp-block-image size-full animated fadeInUp delay-100ms\"><a href=\"https:\/\/www.campinglemontana.fr\/wp-content\/uploads\/2022\/09\/epicerie-camping.jpg\"><img loading=\"lazy\" decoding=\"async\" width=\"990\" height=\"541\" src=\"https:\/\/www.campinglemontana.fr\/wp-content\/uploads\/2022\/09\/epicerie-camping.jpg\" alt=\"epicerie camping\" class=\"wp-image-2152\" srcset=\"https:\/\/www.campinglemontana.fr\/wp-content\/uploads\/2022\/09\/epicerie-camping.jpg 990w, https:\/\/www.campinglemontana.fr\/wp-content\/uploads\/2022\/09\/epicerie-camping-300x164.jpg 300w, https:\/\/www.campinglemontana.fr\/wp-content\/uploads\/2022\/09\/epicerie-camping-768x420.jpg 768w\" sizes=\"auto, (max-width: 990px) 100vw, 990px\" \/><\/a><\/figure>\n<\/div>\n\n\n\n<div class=\"wp-block-column is-vertically-aligned-center image is-layout-flow wp-block-column-is-layout-flow\" style=\"flex-basis:30%\">\n<figure class=\"wp-block-image size-full animated fadeInUp delay-200ms\"><a href=\"https:\/\/www.campinglemontana.fr\/wp-content\/uploads\/2022\/09\/commerces-briancon.jpg\"><img loading=\"lazy\" decoding=\"async\" width=\"990\" height=\"541\" src=\"https:\/\/www.campinglemontana.fr\/wp-content\/uploads\/2022\/09\/commerces-briancon.jpg\" alt=\"commerces briancon\" class=\"wp-image-2149\" srcset=\"https:\/\/www.campinglemontana.fr\/wp-content\/uploads\/2022\/09\/commerces-briancon.jpg 990w, https:\/\/www.campinglemontana.fr\/wp-content\/uploads\/2022\/09\/commerces-briancon-300x164.jpg 300w, https:\/\/www.campinglemontana.fr\/wp-content\/uploads\/2022\/09\/commerces-briancon-768x420.jpg 768w\" sizes=\"auto, (max-width: 990px) 100vw, 990px\" \/><\/a><\/figure>\n<\/div>\n<\/div>\n\n\r\n    <\/div>\r\n<\/section>\n\n<section id=\"ls-section-block_b79595f9b380d112dc425a658fe34920\" class=\"ls-section  trois-colonnes has-background has-color-white-background-color has-p-t p-t-14 has-p-b p-b-14\" >\r\n        <div class=\"container container--wide\">\r\n        \n\n<div class=\"wp-block-columns is-layout-flex wp-container-core-columns-is-layout-9d6595d7 wp-block-columns-is-layout-flex\">\n<div class=\"wp-block-column is-vertically-aligned-center image is-layout-flow wp-block-column-is-layout-flow\" style=\"flex-basis:30%\">\n<figure class=\"wp-block-image size-full animated fadeInUp delay-100ms\"><a href=\"https:\/\/www.campinglemontana.fr\/wp-content\/uploads\/2022\/09\/bar-terasse.jpg\"><img loading=\"lazy\" decoding=\"async\" width=\"990\" height=\"541\" src=\"https:\/\/www.campinglemontana.fr\/wp-content\/uploads\/2022\/09\/bar-terasse.jpg\" alt=\"bar terasse\" class=\"wp-image-2139\" srcset=\"https:\/\/www.campinglemontana.fr\/wp-content\/uploads\/2022\/09\/bar-terasse.jpg 990w, https:\/\/www.campinglemontana.fr\/wp-content\/uploads\/2022\/09\/bar-terasse-300x164.jpg 300w, https:\/\/www.campinglemontana.fr\/wp-content\/uploads\/2022\/09\/bar-terasse-768x420.jpg 768w\" sizes=\"auto, (max-width: 990px) 100vw, 990px\" \/><\/a><\/figure>\n<\/div>\n\n\n\n<div class=\"wp-block-column is-vertically-aligned-center image is-layout-flow wp-block-column-is-layout-flow\" style=\"flex-basis:30%\">\n<figure class=\"wp-block-image size-full animated fadeInUp delay-200ms\"><a href=\"https:\/\/www.campinglemontana.fr\/wp-content\/uploads\/2022\/09\/terrasse-enfants-glaces.jpg\"><img loading=\"lazy\" decoding=\"async\" width=\"990\" height=\"541\" src=\"https:\/\/www.campinglemontana.fr\/wp-content\/uploads\/2022\/09\/terrasse-enfants-glaces.jpg\" alt=\"terrasse enfants glaces\" class=\"wp-image-2020\" srcset=\"https:\/\/www.campinglemontana.fr\/wp-content\/uploads\/2022\/09\/terrasse-enfants-glaces.jpg 990w, https:\/\/www.campinglemontana.fr\/wp-content\/uploads\/2022\/09\/terrasse-enfants-glaces-300x164.jpg 300w, https:\/\/www.campinglemontana.fr\/wp-content\/uploads\/2022\/09\/terrasse-enfants-glaces-768x420.jpg 768w\" sizes=\"auto, (max-width: 990px) 100vw, 990px\" \/><\/a><\/figure>\n<\/div>\n\n\n\n<div class=\"wp-block-column is-vertically-aligned-center is-layout-flow wp-block-column-is-layout-flow\" style=\"flex-basis:40%\">\n<h2 class=\"ls__heading wp-block-heading\">The bar \/ ice cream parlour<\/h2>\n\n\n\n<p class=\"ls-paragraph\">Spend some time on the <strong>pool terrace<\/strong> or in the reception area in complete relaxation. Throughout the day, we serve<strong> hot drinks<\/strong> (coffee, tea, chocolate), <strong>cold drinks<\/strong> and <strong>ice cream to take away.<\/strong>&nbsp;<\/p>\n\n\n\n<p class=\"ls-paragraph\">At dinner time, come and have an aperitif with a<strong> local beer<\/strong> or draught beer, a glass of <strong>Hautes Alpes wine<\/strong> or a cold drink*.<\/p>\n\n\n\n<p class=\"ls-paragraph\"><em>*to be consumed in moderation<\/em><\/p>\n<\/div>\n<\/div>\n\n\r\n    <\/div>\r\n<\/section>\n\n<section id=\"ls-section-block_cf58f86457b2c21d14186c455deffccb\" class=\"ls-section  background-avec-image has-background-image has-parallax has-background has-color-5-background-color has-p-t p-t-14 has-p-b p-b-14\" >\r\n    <div class=\"ls-section__background-image opacity-39\"><img decoding=\"async\" src=\"https:\/\/www.campinglemontana.fr\/wp-content\/uploads\/2022\/09\/boulangerie-vienoiserie.jpg\" alt=\"boulangerie vienoiserie\"><\/div>    <div class=\"container container--wide\">\r\n        \n\n<div class=\"wp-block-columns is-layout-flex wp-container-core-columns-is-layout-9d6595d7 wp-block-columns-is-layout-flex\">\n<div class=\"wp-block-column is-layout-flow wp-block-column-is-layout-flow\">\n<h2 class=\"ls__heading wp-block-heading has-text-align-center has-color-white-color has-text-color\">Bakery \/ Breakfast service<\/h2>\n\n\n\n<p class=\"ls-paragraph has-text-align-center\">Every morning from April to September from 7.30am come and collect your <strong>bread <\/strong>and <strong>pastries <\/strong>made and delivered by our local baker.<\/p>\n\n\n\n<p class=\"ls-paragraph has-text-align-center\">Bread sticks, croissants and chocolate breads can be booked the day before for the following day at the reception.<\/p>\n\n\n\n<p class=\"ls-paragraph has-text-align-center\"><strong>Full breakfasts<\/strong> are also offered every morning at the time you wish (bread butter jam, pastries, fruit juice, hot drink, fruit or compote). This service can also be booked the day before for the following day at the reception.&nbsp;&nbsp;<\/p>\n<\/div>\n<\/div>\n\n\r\n    <\/div>\r\n<\/section>\n\n<section id=\"ls-section-block_b79595f9b380d112dc425a658fe34920\" class=\"ls-section  trois-colonnes has-background has-color-white-background-color has-p-t p-t-14 has-p-b p-b-14\" >\r\n        <div class=\"container container--wide\">\r\n        \n\n<div class=\"wp-block-columns is-layout-flex wp-container-core-columns-is-layout-9d6595d7 wp-block-columns-is-layout-flex\">\n<div class=\"wp-block-column is-vertically-aligned-center image is-layout-flow wp-block-column-is-layout-flow\" style=\"flex-basis:30%\">\n<figure class=\"wp-block-image size-full animated fadeInRight delay-100ms\"><a href=\"https:\/\/www.campinglemontana.fr\/wp-content\/uploads\/2022\/08\/camping-laverie-val-des-pres.jpg\"><img loading=\"lazy\" decoding=\"async\" width=\"960\" height=\"541\" src=\"https:\/\/www.campinglemontana.fr\/wp-content\/uploads\/2022\/08\/camping-laverie-val-des-pres.jpg\" alt=\"camping laverie val des pres\" class=\"wp-image-1218\" srcset=\"https:\/\/www.campinglemontana.fr\/wp-content\/uploads\/2022\/08\/camping-laverie-val-des-pres.jpg 960w, https:\/\/www.campinglemontana.fr\/wp-content\/uploads\/2022\/08\/camping-laverie-val-des-pres-300x169.jpg 300w, https:\/\/www.campinglemontana.fr\/wp-content\/uploads\/2022\/08\/camping-laverie-val-des-pres-768x433.jpg 768w\" sizes=\"auto, (max-width: 960px) 100vw, 960px\" \/><\/a><\/figure>\n<\/div>\n\n\n\n<div class=\"wp-block-column is-vertically-aligned-center image is-layout-flow wp-block-column-is-layout-flow\" style=\"flex-basis:30%\">\n<figure class=\"wp-block-image size-full animated fadeInRight delay-200ms\"><a href=\"https:\/\/www.campinglemontana.fr\/wp-content\/uploads\/2022\/08\/camping-wifi-val-des-pres-1.jpg\"><img loading=\"lazy\" decoding=\"async\" width=\"960\" height=\"541\" src=\"https:\/\/www.campinglemontana.fr\/wp-content\/uploads\/2022\/08\/camping-wifi-val-des-pres-1.jpg\" alt=\"wifi camping\" class=\"wp-image-1720\" srcset=\"https:\/\/www.campinglemontana.fr\/wp-content\/uploads\/2022\/08\/camping-wifi-val-des-pres-1.jpg 960w, https:\/\/www.campinglemontana.fr\/wp-content\/uploads\/2022\/08\/camping-wifi-val-des-pres-1-300x169.jpg 300w, https:\/\/www.campinglemontana.fr\/wp-content\/uploads\/2022\/08\/camping-wifi-val-des-pres-1-768x433.jpg 768w\" sizes=\"auto, (max-width: 960px) 100vw, 960px\" \/><\/a><\/figure>\n<\/div>\n\n\n\n<div class=\"wp-block-column is-layout-flow wp-block-column-is-layout-flow\" style=\"flex-basis:40%\">\n<h2 class=\"ls__heading wp-block-heading m-t-6\">The Laundromat<\/h2>\n\n\n\n<p class=\"ls-paragraph\">Coming for a long stay? Lighten your bags by bringing the bare necessities for your holiday. Thanks to the <strong>24-hour laundry service<\/strong> in the <strong>sanitary facilities next to the reception<\/strong>, you will have access to a washing machine and a tumble dryer.<\/p>\n\n\n\n<p class=\"ls-paragraph\">Washing\/drying tokens and detergent pods are available at an additional cost at reception.<\/p>\n\n\n\n<h2 class=\"ls__heading wp-block-heading\">wifi packages<\/h2>\n\n\n\n<p class=\"ls-paragraph\">Stay connected in all circumstances thanks to our <strong>partner Osmozis<\/strong>. Packages that adapt to your needs and the length of your stay.<\/p>\n\n\n\n<h2 class=\"ls__heading wp-block-heading\">The toy library<\/h2>\n\n\n\n<p class=\"ls-paragraph\">Located in the grocery shop, you will find <strong>books <\/strong>and <strong>board games <\/strong>at your disposal. You will share moments of complicity and laughter with your loved ones.<\/p>\n<\/div>\n<\/div>\n\n\r\n    <\/div>\r\n<\/section>\n\n<section id=\"ls-section-block_58e66976ea9b8a0bd975a2aa0bf10d18\" class=\"ls-section  trois-colonnes has-background has-color-4-background-color has-p-t p-t-14 has-p-b p-b-14\" >\r\n        <div class=\"container container--wide\">\r\n        \n\n<div class=\"wp-block-columns is-layout-flex wp-container-core-columns-is-layout-9d6595d7 wp-block-columns-is-layout-flex\">\n<div class=\"wp-block-column is-vertically-aligned-center is-layout-flow wp-block-column-is-layout-flow\" style=\"flex-basis:40%\">\n<h2 class=\"ls__heading wp-block-heading\">Welcoming your pets<\/h2>\n\n\n\n<p class=\"ls-paragraph\">Your pets are welcome at Camping le Montana, please let us know when you make your reservation on the internet or by phone.<\/p>\n\n\n\n<p class=\"ls-paragraph\">For your information: dogs will be kept on a leash throughout your stay.<\/p>\n\n\n\n<h2 class=\"ls__heading wp-block-heading\">The dumping area &amp; the charging stations for <strong>electric vehicles<\/strong><br><\/h2>\n\n\n\n<p class=\"ls-paragraph\">The dumping area is accessible free of charge near the reception and there are two charging stations at your disposal in the campsite.<\/p>\n<\/div>\n\n\n\n<div class=\"wp-block-column is-vertically-aligned-center image is-layout-flow wp-block-column-is-layout-flow\" style=\"flex-basis:30%\">\n<figure class=\"wp-block-image size-full animated fadeInUp delay-100ms\"><a href=\"https:\/\/www.campinglemontana.fr\/wp-content\/uploads\/2022\/07\/shutterstock_474899227-1.jpg\"><img loading=\"lazy\" decoding=\"async\" width=\"1000\" height=\"653\" src=\"https:\/\/www.campinglemontana.fr\/wp-content\/uploads\/2022\/07\/shutterstock_474899227-1.jpg\" alt=\"\" class=\"wp-image-3320\" srcset=\"https:\/\/www.campinglemontana.fr\/wp-content\/uploads\/2022\/07\/shutterstock_474899227-1.jpg 1000w, https:\/\/www.campinglemontana.fr\/wp-content\/uploads\/2022\/07\/shutterstock_474899227-1-300x196.jpg 300w, https:\/\/www.campinglemontana.fr\/wp-content\/uploads\/2022\/07\/shutterstock_474899227-1-768x502.jpg 768w\" sizes=\"auto, (max-width: 1000px) 100vw, 1000px\" \/><\/a><\/figure>\n<\/div>\n\n\n\n<div class=\"wp-block-column is-vertically-aligned-center image is-layout-flow wp-block-column-is-layout-flow\" style=\"flex-basis:30%\">\n<figure class=\"wp-block-image size-full animated fadeInUp delay-200ms\"><img loading=\"lazy\" decoding=\"async\" width=\"1800\" height=\"1200\" src=\"https:\/\/www.campinglemontana.fr\/wp-content\/uploads\/2022\/07\/1920_logo.jpg\" alt=\"\" class=\"wp-image-3323\" srcset=\"https:\/\/www.campinglemontana.fr\/wp-content\/uploads\/2022\/07\/1920_logo.jpg 1800w, https:\/\/www.campinglemontana.fr\/wp-content\/uploads\/2022\/07\/1920_logo-300x200.jpg 300w, https:\/\/www.campinglemontana.fr\/wp-content\/uploads\/2022\/07\/1920_logo-1024x683.jpg 1024w, https:\/\/www.campinglemontana.fr\/wp-content\/uploads\/2022\/07\/1920_logo-768x512.jpg 768w, https:\/\/www.campinglemontana.fr\/wp-content\/uploads\/2022\/07\/1920_logo-1536x1024.jpg 1536w\" sizes=\"auto, (max-width: 1800px) 100vw, 1800px\" \/><\/figure>\n<\/div>\n<\/div>\n\n\r\n    <\/div>\r\n<\/section>\n\n<section id=\"ls-section-block_f7981190e081e4a6119aabe2284e2e2f\" class=\"ls-section  background-avec-image has-background-image has-parallax has-background has-color-5-background-color has-p-t p-t-14 has-p-b p-b-14\" >\r\n    <div class=\"ls-section__background-image opacity-39\"><img decoding=\"async\" src=\"https:\/\/www.campinglemontana.fr\/wp-content\/uploads\/2022\/08\/sanitaires-camping.jpg\" alt=\"sanitaires camping\"><\/div>    <div class=\"container container--wide\">\r\n        \n\n<h2 class=\"ls__heading wp-block-heading has-text-align-center has-color-white-color has-text-color\">Cleanliness of sanitary facilities: our requirement<\/h2>\n\n\n\n<p class=\"ls-paragraph has-text-align-center\"><strong>Clean <\/strong>and functioning <strong>sanitary <\/strong>facilities: cleaned and checked at least twice a day to ensure good hygiene.&nbsp;<\/p>\n\n\n\n<p class=\"ls-paragraph has-text-align-center\">For the comfort of the whole family:&nbsp;<\/p>\n\n\n\n<ul class=\"ls-list ls-list-undefined center wp-block-list\">\n<li>A <strong>sanitary block<\/strong> is located next to the reception with a <strong>baby access <\/strong>(bath, adapted toilet) and a laundry area (washing machine, tumble dryer).<\/li>\n\n\n\n<li>In high season July and August: a <strong>second sanitary block<\/strong> located on the top of the campsite.<\/li>\n<\/ul>\n\n\r\n    <\/div>\r\n<\/section>\n\n<section id=\"ls-section-block_58e66976ea9b8a0bd975a2aa0bf10d18\" class=\"ls-section  trois-colonnes has-background has-color-4-background-color has-p-t p-t-14 has-p-b p-b-14\" >\r\n        <div class=\"container container--wide\">\r\n        \n\n<div class=\"wp-block-columns is-layout-flex wp-container-core-columns-is-layout-9d6595d7 wp-block-columns-is-layout-flex\">\n<div class=\"wp-block-column is-vertically-aligned-center is-layout-flow wp-block-column-is-layout-flow\" style=\"flex-basis:40%\">\n<h2 class=\"ls__heading wp-block-heading\">Our additional services<\/h2>\n\n\n\n<p class=\"ls-paragraph\">To make your stay easier, we offer additional services and rental options:<\/p>\n\n\n\n<ul class=\"ls-list wp-block-list\"><li>Baby kit: high chair and folding bed<\/li><li>Top fridge&nbsp;<\/li><li>1 and 2 person disposable bedsheet kits&nbsp;<\/li><li>Electric griddle<\/li><li>Cleaning service at the end of the stay<\/li><\/ul>\n\n\n\n<p class=\"ls-paragraph\">Please let us know when you book online or by phone or on arrival<\/p>\n<\/div>\n\n\n\n<div class=\"wp-block-column is-vertically-aligned-center image is-layout-flow wp-block-column-is-layout-flow\" style=\"flex-basis:30%\">\n<figure class=\"wp-block-image size-full animated fadeInUp delay-100ms\"><a href=\"https:\/\/www.campinglemontana.fr\/wp-content\/uploads\/2024\/04\/SYCK-G045_Barbecue_2_en_1-Barbecue-Party-02-center.webp\"><img loading=\"lazy\" decoding=\"async\" width=\"1598\" height=\"1281\" src=\"https:\/\/www.campinglemontana.fr\/wp-content\/uploads\/2024\/04\/SYCK-G045_Barbecue_2_en_1-Barbecue-Party-02-center.webp\" alt=\"\" class=\"wp-image-3376\" srcset=\"https:\/\/www.campinglemontana.fr\/wp-content\/uploads\/2024\/04\/SYCK-G045_Barbecue_2_en_1-Barbecue-Party-02-center.webp 1598w, https:\/\/www.campinglemontana.fr\/wp-content\/uploads\/2024\/04\/SYCK-G045_Barbecue_2_en_1-Barbecue-Party-02-center-300x240.webp 300w, https:\/\/www.campinglemontana.fr\/wp-content\/uploads\/2024\/04\/SYCK-G045_Barbecue_2_en_1-Barbecue-Party-02-center-1024x821.webp 1024w, https:\/\/www.campinglemontana.fr\/wp-content\/uploads\/2024\/04\/SYCK-G045_Barbecue_2_en_1-Barbecue-Party-02-center-768x616.webp 768w, https:\/\/www.campinglemontana.fr\/wp-content\/uploads\/2024\/04\/SYCK-G045_Barbecue_2_en_1-Barbecue-Party-02-center-1536x1231.webp 1536w\" sizes=\"auto, (max-width: 1598px) 100vw, 1598px\" \/><\/a><\/figure>\n<\/div>\n\n\n\n<div class=\"wp-block-column is-vertically-aligned-center image is-layout-flow wp-block-column-is-layout-flow\" style=\"flex-basis:30%\">\n<figure class=\"wp-block-image size-full animated fadeInUp delay-200ms\"><a href=\"https:\/\/www.campinglemontana.fr\/wp-content\/uploads\/2022\/07\/814P4PPn9qL._AC_SL1500_.jpg\"><img loading=\"lazy\" decoding=\"async\" width=\"1500\" height=\"1500\" src=\"https:\/\/www.campinglemontana.fr\/wp-content\/uploads\/2022\/07\/814P4PPn9qL._AC_SL1500_.jpg\" alt=\"\" class=\"wp-image-3366\" srcset=\"https:\/\/www.campinglemontana.fr\/wp-content\/uploads\/2022\/07\/814P4PPn9qL._AC_SL1500_.jpg 1500w, https:\/\/www.campinglemontana.fr\/wp-content\/uploads\/2022\/07\/814P4PPn9qL._AC_SL1500_-300x300.jpg 300w, https:\/\/www.campinglemontana.fr\/wp-content\/uploads\/2022\/07\/814P4PPn9qL._AC_SL1500_-1024x1024.jpg 1024w, https:\/\/www.campinglemontana.fr\/wp-content\/uploads\/2022\/07\/814P4PPn9qL._AC_SL1500_-150x150.jpg 150w, https:\/\/www.campinglemontana.fr\/wp-content\/uploads\/2022\/07\/814P4PPn9qL._AC_SL1500_-768x768.jpg 768w\" sizes=\"auto, (max-width: 1500px) 100vw, 1500px\" \/><\/a><\/figure>\n<\/div>\n<\/div>\n\n\r\n    <\/div>\r\n<\/section>\n\n<section id=\"ls-section-block_6508556469c1544da91f61355fe2a258\" class=\"ls-section  icones-services has-background has-color-white-background-color has-text-color has-color-5-color has-p-b p-b-18\" >\r\n        <div class=\"container container--wide\">\r\n        \n\n<h2 class=\"ls__heading wp-block-heading has-text-align-center m-b-10 has-color-5-color has-text-color\">The advantages of our services<\/h2>\n\n\n\n<div class=\"wp-block-columns m-t-10 has-color-black-color has-text-color is-layout-flex wp-container-core-columns-is-layout-9d6595d7 wp-block-columns-is-layout-flex\">\n<div class=\"wp-block-column animated fadeInUp has-color-black-color has-text-color is-layout-flow wp-block-column-is-layout-flow\">\n<span class=\"montana_four-chien\"><\/span>\n\n\n\n<p class=\"ls-paragraph has-text-align-center\">Pets<br>accepted<\/p>\n<\/div>\n\n\n\n<div class=\"wp-block-column animated fadeInUp delay-100ms is-layout-flow wp-block-column-is-layout-flow\">\n<span class=\"montana_four-pain\"><\/span>\n\n\n\n<p class=\"ls-paragraph has-text-align-center\">Bakery service \/<br>Breakfast service<\/p>\n<\/div>\n\n\n\n<div class=\"wp-block-column animated fadeInUp delay-200ms is-layout-flow wp-block-column-is-layout-flow\">\n<span class=\"montana_four-pizza\"><\/span>\n\n\n\n<p class=\"ls-paragraph has-text-align-center\">Snack bar on site or to take away every day<\/p>\n<\/div>\n\n\n\n<div class=\"wp-block-column animated fadeInUp delay-500ms is-layout-flow wp-block-column-is-layout-flow\">\n<span class=\"montana_four-snack-bar\"><\/span>\n\n\n\n<p class=\"ls-paragraph has-text-align-center\">Essential shops only 5 km from the campsite<\/p>\n<\/div>\n<\/div>\n\n\r\n    <\/div>\r\n<\/section>\n\n<section id=\"ls-section-block_3fd407aa93748480153d3373013084b2\" class=\"ls-section  page-avis has-background has-color-3-background-color has-p-t p-t-14 has-p-b p-b-20\" >\r\n        <div class=\"container container--wide\">\r\n        \n\n<div id=\"ls-heading ls-titre-div-block_ac3a440054cd8b906a99532517c91b2a\" class=\"ls-titre-div h2-like\" >\n    CAMPERS&#8217; OPINIONS <\/br><strong>ON OUR SERVICES<\/strong><\/div>\n\n\n<div class=\"avis-container-pages\"><div class=\"avis\"><div class=\"avis-contenu\"><p>Very pleasant campsite, family friendly, quiet and very well situated for exploring the region. The manager is very attentive to the holidaymakers and always ready to give information. The fresh bread service in the morning is EXTRA! And the small grocery shop is very helpful. We had a wonderful week.<\/p>\n<\/div><div class=\"avis-user\"><div class=\"avis-user__box-two\"><div class=\"avis-name\"><\/div><div class=\"avis-note\">\n                        <span><i class=\"icon-stars\"><\/i><\/span><span><i class=\"icon-stars\"><\/i><\/span><span><i class=\"icon-stars\"><\/i><\/span><span><i class=\"icon-stars\"><\/i><\/span><span><i class=\"icon-stars\"><\/i><\/span>\n                    <\/div><\/div><\/div><\/div><div class=\"avis\"><div class=\"avis-contenu\"><p>Friendly and helpful managers, clean and spacious toilets, welcome on-site services, quiet, swimming pool. We will certainly return.<\/p>\n<\/div><div class=\"avis-user\"><div class=\"avis-user__box-two\"><div class=\"avis-name\"><\/div><div class=\"avis-note\">\n                        <span><i class=\"icon-stars\"><\/i><\/span><span><i class=\"icon-stars\"><\/i><\/span><span><i class=\"icon-stars\"><\/i><\/span><span><i class=\"icon-stars\"><\/i><\/span><span><i class=\"icon-stars\"><\/i><\/span>\n                    <\/div><\/div><\/div><\/div><div class=\"avis\"><div class=\"avis-contenu\"><p>We had a wonderful stay. The manager is available and provides good service.<\/p>\n<\/div><div class=\"avis-user\"><div class=\"avis-user__box-two\"><div class=\"avis-name\"><\/div><div class=\"avis-note\">\n                        <span><i class=\"icon-stars\"><\/i><\/span><span><i class=\"icon-stars\"><\/i><\/span><span><i class=\"icon-stars\"><\/i><\/span><span><i class=\"icon-stars\"><\/i><\/span><span><i class=\"icon-stars\"><\/i><\/span>\n                    <\/div><\/div><\/div><\/div><\/div>\n\n\r\n    <\/div>\r\n<\/section>\n\n<section id=\"ls-section-block_9bf64244c0d4f1af83de51a178927c99\" class=\"ls-section  page-maillage has-background has-color-4-background-color has-p-t p-t-14 has-p-b p-b-14\" >\r\n        <div class=\"container container--wide\">\r\n        \n\n<div id=\"ls-heading ls-titre-div-block_aaa69f500be8fe86a7e5d5f180880ac5\" class=\"ls-titre-div h2-like\" >\n    DISCOVER THE SWIMMING POOL, THE ANIMATIONS AND <br\/><strong>THE MOBILE HOMES OF OUR CAMPSITE<\/strong><\/div>\n\n\n<div id=\"ls-maillage-block_b8c148c6a44da4ccf198105d212e10aa\" class=\"ls-maillage cta-style-normal\" data-rows=\"3\">\r\n    <div class=\"wp-block-columns\"><div class=\"wp-block-column\">\n\n<a href=\"https:\/\/www.campinglemontana.fr\/en\/rental-bungalow-val-des-pres\/\" target=\"\" rel=\"noopener\" class=\"ls-cta__link\">\n\n\t<div class=\"ls-cta__image\"><img decoding=\"async\" src=\"https:\/\/www.campinglemontana.fr\/wp-content\/uploads\/2022\/08\/hebergement-insolite-briancon.jpg\" alt=\"hebergement insolite briancon\"><\/div>\n\t<div class=\"ls-cta__title\">\n\t\tRentals<span>+<\/span>\n\t<\/div>\n\n\t\t\n<\/a><\/div><div class=\"wp-block-column\">\n\n<a href=\"https:\/\/www.campinglemontana.fr\/en\/camping-activites-val-des-pres\/\" target=\"\" rel=\"noopener\" class=\"ls-cta__link\">\n\n\t<div class=\"ls-cta__image\"><img decoding=\"async\" src=\"https:\/\/www.campinglemontana.fr\/wp-content\/uploads\/2022\/08\/activite-sportive-hautes-alpes.jpg\" alt=\"activite sportive hautes alpes\"><\/div>\n\t<div class=\"ls-cta__title\">\n\t\tActivities<span>+<\/span>\n\t<\/div>\n\n\t\t\n<\/a><\/div><div class=\"wp-block-column\">\n\n<a href=\"https:\/\/www.campinglemontana.fr\/en\/camping-swimming-pool-val-des-pres\/\" target=\"\" rel=\"noopener\" class=\"ls-cta__link\">\n\n\t<div class=\"ls-cta__image\"><img decoding=\"async\" src=\"https:\/\/www.campinglemontana.fr\/wp-content\/uploads\/2022\/07\/piscine-chauffee-hautes-alpes.jpg\" alt=\"piscine chauffee hautes alpes\"><\/div>\n\t<div class=\"ls-cta__title\">\n\t\tAround water<span>+<\/span>\n\t<\/div>\n\n\t\t\n<\/a><\/div><\/div><\/div>\n\r\n    <\/div>\r\n<\/section>","protected":false},"excerpt":{"rendered":"","protected":false},"author":1,"featured_media":2033,"parent":0,"menu_order":0,"comment_status":"closed","ping_status":"closed","template":"","meta":{"_acf_changed":false,"footnotes":""},"sujet":[],"class_list":["post-2606","page","type-page","status-publish","has-post-thumbnail","hentry"],"acf":[],"yoast_head":"<!-- This site is optimized with the Yoast SEO plugin v23.4 - https:\/\/yoast.com\/wordpress\/plugins\/seo\/ -->\n<title>Family campsite Val-des-Pr\u00e9s | 3 star campsite Hautes-Alpes<\/title>\n<meta name=\"robots\" content=\"index, follow, max-snippet:-1, max-image-preview:large, max-video-preview:-1\" \/>\n<link rel=\"canonical\" href=\"https:\/\/www.campinglemontana.fr\/en\/family-campsite-val-des-pres\/\" \/>\n<meta property=\"og:locale\" content=\"en_US\" \/>\n<meta property=\"og:type\" content=\"article\" \/>\n<meta property=\"og:title\" content=\"Family campsite Val-des-Pr\u00e9s | 3 star campsite Hautes-Alpes\" \/>\n<meta property=\"og:url\" content=\"https:\/\/www.campinglemontana.fr\/en\/family-campsite-val-des-pres\/\" \/>\n<meta property=\"og:site_name\" content=\"Camping Le Montana\" \/>\n<meta property=\"article:modified_time\" content=\"2024-04-21T08:40:47+00:00\" \/>\n<meta property=\"og:image\" content=\"https:\/\/www.campinglemontana.fr\/wp-content\/uploads\/2022\/09\/camping-snack-hautes-alpes-1.jpg\" \/>\n\t<meta property=\"og:image:width\" content=\"1663\" \/>\n\t<meta property=\"og:image:height\" content=\"650\" \/>\n\t<meta property=\"og:image:type\" content=\"image\/jpeg\" \/>\n<meta name=\"twitter:card\" content=\"summary_large_image\" \/>\n<meta name=\"twitter:label1\" content=\"Est. reading time\" \/>\n\t<meta name=\"twitter:data1\" content=\"7 minutes\" \/>\n<script type=\"application\/ld+json\" class=\"yoast-schema-graph\">{\"@context\":\"https:\/\/schema.org\",\"@graph\":[{\"@type\":\"WebPage\",\"@id\":\"https:\/\/www.campinglemontana.fr\/en\/family-campsite-val-des-pres\/\",\"url\":\"https:\/\/www.campinglemontana.fr\/en\/family-campsite-val-des-pres\/\",\"name\":\"Family campsite Val-des-Pr\u00e9s | 3 star campsite Hautes-Alpes\",\"isPartOf\":{\"@id\":\"https:\/\/www.campinglemontana.fr\/en\/#website\"},\"primaryImageOfPage\":{\"@id\":\"https:\/\/www.campinglemontana.fr\/en\/family-campsite-val-des-pres\/#primaryimage\"},\"image\":{\"@id\":\"https:\/\/www.campinglemontana.fr\/en\/family-campsite-val-des-pres\/#primaryimage\"},\"thumbnailUrl\":\"https:\/\/www.campinglemontana.fr\/wp-content\/uploads\/2022\/09\/camping-snack-hautes-alpes-1.jpg\",\"datePublished\":\"2022-07-12T09:09:29+00:00\",\"dateModified\":\"2024-04-21T08:40:47+00:00\",\"breadcrumb\":{\"@id\":\"https:\/\/www.campinglemontana.fr\/en\/family-campsite-val-des-pres\/#breadcrumb\"},\"inLanguage\":\"en-US\",\"potentialAction\":[{\"@type\":\"ReadAction\",\"target\":[\"https:\/\/www.campinglemontana.fr\/en\/family-campsite-val-des-pres\/\"]}]},{\"@type\":\"ImageObject\",\"inLanguage\":\"en-US\",\"@id\":\"https:\/\/www.campinglemontana.fr\/en\/family-campsite-val-des-pres\/#primaryimage\",\"url\":\"https:\/\/www.campinglemontana.fr\/wp-content\/uploads\/2022\/09\/camping-snack-hautes-alpes-1.jpg\",\"contentUrl\":\"https:\/\/www.campinglemontana.fr\/wp-content\/uploads\/2022\/09\/camping-snack-hautes-alpes-1.jpg\",\"width\":1663,\"height\":650,\"caption\":\"camping snack hautes alpes\"},{\"@type\":\"BreadcrumbList\",\"@id\":\"https:\/\/www.campinglemontana.fr\/en\/family-campsite-val-des-pres\/#breadcrumb\",\"itemListElement\":[{\"@type\":\"ListItem\",\"position\":1,\"name\":\"Campsite Hautes-Alpes\",\"item\":\"https:\/\/www.campinglemontana.fr\/en\/\"},{\"@type\":\"ListItem\",\"position\":2,\"name\":\"3 star campsite in the Hautes-Alpes\"}]},{\"@type\":\"WebSite\",\"@id\":\"https:\/\/www.campinglemontana.fr\/en\/#website\",\"url\":\"https:\/\/www.campinglemontana.fr\/en\/\",\"name\":\"Camping Le Montana\",\"description\":\"\",\"publisher\":{\"@id\":\"https:\/\/www.campinglemontana.fr\/en\/#organization\"},\"potentialAction\":[{\"@type\":\"SearchAction\",\"target\":{\"@type\":\"EntryPoint\",\"urlTemplate\":\"https:\/\/www.campinglemontana.fr\/en\/?s={search_term_string}\"},\"query-input\":{\"@type\":\"PropertyValueSpecification\",\"valueRequired\":true,\"valueName\":\"search_term_string\"}}],\"inLanguage\":\"en-US\"},{\"@type\":\"Organization\",\"@id\":\"https:\/\/www.campinglemontana.fr\/en\/#organization\",\"name\":\"Camping Le Montana\",\"url\":\"https:\/\/www.campinglemontana.fr\/en\/\",\"logo\":{\"@type\":\"ImageObject\",\"inLanguage\":\"en-US\",\"@id\":\"https:\/\/www.campinglemontana.fr\/en\/#\/schema\/logo\/image\/\",\"url\":\"http:\/\/campinglemontana.fr\/wp-content\/uploads\/2022\/07\/logo-camping-montana_favicon-1.png\",\"contentUrl\":\"http:\/\/campinglemontana.fr\/wp-content\/uploads\/2022\/07\/logo-camping-montana_favicon-1.png\",\"width\":4052,\"height\":4051,\"caption\":\"Camping Le Montana\"},\"image\":{\"@id\":\"https:\/\/www.campinglemontana.fr\/en\/#\/schema\/logo\/image\/\"}}]}<\/script>\n<!-- \/ Yoast SEO plugin. -->","yoast_head_json":{"title":"Family campsite Val-des-Pr\u00e9s | 3 star campsite Hautes-Alpes","robots":{"index":"index","follow":"follow","max-snippet":"max-snippet:-1","max-image-preview":"max-image-preview:large","max-video-preview":"max-video-preview:-1"},"canonical":"https:\/\/www.campinglemontana.fr\/en\/family-campsite-val-des-pres\/","og_locale":"en_US","og_type":"article","og_title":"Family campsite Val-des-Pr\u00e9s | 3 star campsite Hautes-Alpes","og_url":"https:\/\/www.campinglemontana.fr\/en\/family-campsite-val-des-pres\/","og_site_name":"Camping Le Montana","article_modified_time":"2024-04-21T08:40:47+00:00","og_image":[{"width":1663,"height":650,"url":"https:\/\/www.campinglemontana.fr\/wp-content\/uploads\/2022\/09\/camping-snack-hautes-alpes-1.jpg","type":"image\/jpeg"}],"twitter_card":"summary_large_image","twitter_misc":{"Est. reading time":"7 minutes"},"schema":{"@context":"https:\/\/schema.org","@graph":[{"@type":"WebPage","@id":"https:\/\/www.campinglemontana.fr\/en\/family-campsite-val-des-pres\/","url":"https:\/\/www.campinglemontana.fr\/en\/family-campsite-val-des-pres\/","name":"Family campsite Val-des-Pr\u00e9s | 3 star campsite Hautes-Alpes","isPartOf":{"@id":"https:\/\/www.campinglemontana.fr\/en\/#website"},"primaryImageOfPage":{"@id":"https:\/\/www.campinglemontana.fr\/en\/family-campsite-val-des-pres\/#primaryimage"},"image":{"@id":"https:\/\/www.campinglemontana.fr\/en\/family-campsite-val-des-pres\/#primaryimage"},"thumbnailUrl":"https:\/\/www.campinglemontana.fr\/wp-content\/uploads\/2022\/09\/camping-snack-hautes-alpes-1.jpg","datePublished":"2022-07-12T09:09:29+00:00","dateModified":"2024-04-21T08:40:47+00:00","breadcrumb":{"@id":"https:\/\/www.campinglemontana.fr\/en\/family-campsite-val-des-pres\/#breadcrumb"},"inLanguage":"en-US","potentialAction":[{"@type":"ReadAction","target":["https:\/\/www.campinglemontana.fr\/en\/family-campsite-val-des-pres\/"]}]},{"@type":"ImageObject","inLanguage":"en-US","@id":"https:\/\/www.campinglemontana.fr\/en\/family-campsite-val-des-pres\/#primaryimage","url":"https:\/\/www.campinglemontana.fr\/wp-content\/uploads\/2022\/09\/camping-snack-hautes-alpes-1.jpg","contentUrl":"https:\/\/www.campinglemontana.fr\/wp-content\/uploads\/2022\/09\/camping-snack-hautes-alpes-1.jpg","width":1663,"height":650,"caption":"camping snack hautes alpes"},{"@type":"BreadcrumbList","@id":"https:\/\/www.campinglemontana.fr\/en\/family-campsite-val-des-pres\/#breadcrumb","itemListElement":[{"@type":"ListItem","position":1,"name":"Campsite Hautes-Alpes","item":"https:\/\/www.campinglemontana.fr\/en\/"},{"@type":"ListItem","position":2,"name":"3 star campsite in the Hautes-Alpes"}]},{"@type":"WebSite","@id":"https:\/\/www.campinglemontana.fr\/en\/#website","url":"https:\/\/www.campinglemontana.fr\/en\/","name":"Camping Le Montana","description":"","publisher":{"@id":"https:\/\/www.campinglemontana.fr\/en\/#organization"},"potentialAction":[{"@type":"SearchAction","target":{"@type":"EntryPoint","urlTemplate":"https:\/\/www.campinglemontana.fr\/en\/?s={search_term_string}"},"query-input":{"@type":"PropertyValueSpecification","valueRequired":true,"valueName":"search_term_string"}}],"inLanguage":"en-US"},{"@type":"Organization","@id":"https:\/\/www.campinglemontana.fr\/en\/#organization","name":"Camping Le Montana","url":"https:\/\/www.campinglemontana.fr\/en\/","logo":{"@type":"ImageObject","inLanguage":"en-US","@id":"https:\/\/www.campinglemontana.fr\/en\/#\/schema\/logo\/image\/","url":"http:\/\/campinglemontana.fr\/wp-content\/uploads\/2022\/07\/logo-camping-montana_favicon-1.png","contentUrl":"http:\/\/campinglemontana.fr\/wp-content\/uploads\/2022\/07\/logo-camping-montana_favicon-1.png","width":4052,"height":4051,"caption":"Camping Le Montana"},"image":{"@id":"https:\/\/www.campinglemontana.fr\/en\/#\/schema\/logo\/image\/"}}]}},"_links":{"self":[{"href":"https:\/\/www.campinglemontana.fr\/en\/wp-json\/wp\/v2\/pages\/2606","targetHints":{"allow":["GET"]}}],"collection":[{"href":"https:\/\/www.campinglemontana.fr\/en\/wp-json\/wp\/v2\/pages"}],"about":[{"href":"https:\/\/www.campinglemontana.fr\/en\/wp-json\/wp\/v2\/types\/page"}],"author":[{"embeddable":true,"href":"https:\/\/www.campinglemontana.fr\/en\/wp-json\/wp\/v2\/users\/1"}],"replies":[{"embeddable":true,"href":"https:\/\/www.campinglemontana.fr\/en\/wp-json\/wp\/v2\/comments?post=2606"}],"version-history":[{"count":33,"href":"https:\/\/www.campinglemontana.fr\/en\/wp-json\/wp\/v2\/pages\/2606\/revisions"}],"predecessor-version":[{"id":3387,"href":"https:\/\/www.campinglemontana.fr\/en\/wp-json\/wp\/v2\/pages\/2606\/revisions\/3387"}],"wp:featuredmedia":[{"embeddable":true,"href":"https:\/\/www.campinglemontana.fr\/en\/wp-json\/wp\/v2\/media\/2033"}],"wp:attachment":[{"href":"https:\/\/www.campinglemontana.fr\/en\/wp-json\/wp\/v2\/media?parent=2606"}],"wp:term":[{"taxonomy":"sujet","embeddable":true,"href":"https:\/\/www.campinglemontana.fr\/en\/wp-json\/wp\/v2\/sujet?post=2606"}],"curies":[{"name":"wp","href":"https:\/\/api.w.org\/{rel}","templated":true}]}}