{"id":2561,"date":"2022-07-12T11:10:15","date_gmt":"2022-07-12T09:10:15","guid":{"rendered":"http:\/\/campinglemontana.fr\/tourisme-provence-alpes-cote-azur\/"},"modified":"2024-05-01T20:21:43","modified_gmt":"2024-05-01T18:21:43","slug":"turismo-provence-alpes-cote-azur","status":"publish","type":"page","link":"https:\/\/www.campinglemontana.fr\/it\/turismo-provence-alpes-cote-azur\/","title":{"rendered":"Dintorni"},"content":{"rendered":"<section id=\"ls-section-block_2877f4b572d0365c9e9b7223f2fb4e92\" class=\"ls-section  page-chapeau\" >\r\n        <div class=\"container \">\r\n        \n\n<h1 class=\"ls__heading wp-block-heading animated fadeInUp delay-200ms\">Provenza-Alpi-Costa Azzurra,<br><strong>paesaggi unici da scoprire<\/strong><\/h1>\n\n\r\n    <\/div>\r\n<\/section>\n\n<section id=\"ls-section-block_6fc49135879c04bf55acc2a1ca4c7051\" class=\"ls-section  galerie-trois-photos has-p-t p-t-0 has-p-b p-b-14\" >\r\n        <div class=\"container container--wide\">\r\n        \n\n<figure class=\"wp-block-gallery has-nested-images columns-default is-cropped wp-block-gallery-1 is-layout-flex wp-block-gallery-is-layout-flex\">\n<figure class=\"wp-block-image size-full animated fadeInUp delay-200ms\"><a href=\"https:\/\/www.campinglemontana.fr\/wp-content\/uploads\/2022\/08\/lac-serre-poncon.jpg\"><img loading=\"lazy\" decoding=\"async\" width=\"960\" height=\"541\" data-id=\"1009\" src=\"https:\/\/www.campinglemontana.fr\/wp-content\/uploads\/2022\/08\/lac-serre-poncon.jpg\" alt=\"lac serre poncon\" class=\"wp-image-1009\" srcset=\"https:\/\/www.campinglemontana.fr\/wp-content\/uploads\/2022\/08\/lac-serre-poncon.jpg 960w, https:\/\/www.campinglemontana.fr\/wp-content\/uploads\/2022\/08\/lac-serre-poncon-300x169.jpg 300w, https:\/\/www.campinglemontana.fr\/wp-content\/uploads\/2022\/08\/lac-serre-poncon-768x433.jpg 768w\" sizes=\"auto, (max-width: 960px) 100vw, 960px\" \/><\/a><\/figure>\n\n\n\n<figure class=\"wp-block-image size-full animated fadeInUp delay-100ms\"><a href=\"https:\/\/www.campinglemontana.fr\/wp-content\/uploads\/2022\/08\/visiter-briancon.jpg\"><img loading=\"lazy\" decoding=\"async\" width=\"960\" height=\"541\" data-id=\"1005\" src=\"https:\/\/www.campinglemontana.fr\/wp-content\/uploads\/2022\/08\/visiter-briancon.jpg\" alt=\"visiter briancon\" class=\"wp-image-1005\" srcset=\"https:\/\/www.campinglemontana.fr\/wp-content\/uploads\/2022\/08\/visiter-briancon.jpg 960w, https:\/\/www.campinglemontana.fr\/wp-content\/uploads\/2022\/08\/visiter-briancon-300x169.jpg 300w, https:\/\/www.campinglemontana.fr\/wp-content\/uploads\/2022\/08\/visiter-briancon-768x433.jpg 768w\" sizes=\"auto, (max-width: 960px) 100vw, 960px\" \/><\/a><\/figure>\n\n\n\n<figure class=\"wp-block-image size-full animated fadeInUp delay-500ms\"><a href=\"https:\/\/www.campinglemontana.fr\/wp-content\/uploads\/2022\/08\/visiter-queyras.jpg\"><img loading=\"lazy\" decoding=\"async\" width=\"960\" height=\"541\" data-id=\"1013\" src=\"https:\/\/www.campinglemontana.fr\/wp-content\/uploads\/2022\/08\/visiter-queyras.jpg\" alt=\"visiter queyras\" class=\"wp-image-1013\" srcset=\"https:\/\/www.campinglemontana.fr\/wp-content\/uploads\/2022\/08\/visiter-queyras.jpg 960w, https:\/\/www.campinglemontana.fr\/wp-content\/uploads\/2022\/08\/visiter-queyras-300x169.jpg 300w, https:\/\/www.campinglemontana.fr\/wp-content\/uploads\/2022\/08\/visiter-queyras-768x433.jpg 768w\" sizes=\"auto, (max-width: 960px) 100vw, 960px\" \/><\/a><\/figure>\n<\/figure>\n\n\n\n<h2 class=\"ls__heading wp-block-heading\">Le pi\u00f9 belle citt\u00e0 della Provenza<br>ai confini dell&#8217;Italia<\/h2>\n\n\n\n<div class=\"wp-block-columns is-layout-flex wp-container-core-columns-is-layout-9d6595d7 wp-block-columns-is-layout-flex\">\n<div class=\"wp-block-column is-layout-flow wp-block-column-is-layout-flow\">\n<p class=\"ls-paragraph\">Volete <a href=\"https:\/\/provence-alpes-cotedazur.com\/\">scoprire la regione Provenza-Alpi-Costa Azzurra<\/a> e siete alla ricerca di un alloggio ben posizionato? Il <a href=\"\/it\/\">campeggio Le Montana vi accoglie a Val-des-Pr\u00e9s<\/a>, nel sud della valle della Clar\u00e9e, in Provenza-Alpi-Costa Azzurra.<\/p>\n\n\n\n<p class=\"ls-paragraph\">Potrete beneficiare di una posizione ideale per visitare la regione e <strong>scoprire l&#8217;Italia<\/strong>. Sarete a meno di 2 ore di auto da Torino, la citt\u00e0 italiana dall&#8217;architettura raffinata.<\/p>\n<\/div>\n\n\n\n<div class=\"wp-block-column is-layout-flow wp-block-column-is-layout-flow\">\n<p class=\"ls-paragraph\">Nelle vicinanze del campeggio \u00e8 possibile <strong>visitare la citt\u00e0 di Brian\u00e7on<\/strong>, famosa per le sue fortificazioni tutelate dall&#8217;UNESCO, il <strong>lago di Serre Pon\u00e7on<\/strong>, <strong>Cervi\u00e8res <\/strong>e il <strong>parco naturale regionale del Queyras<\/strong>. Ci sono anche diverse altre citt\u00e0 e villaggi da scoprire nella zona.<\/p>\n<\/div>\n<\/div>\n\n\r\n    <\/div>\r\n<\/section>\n\n<section id=\"ls-section-block_46dbe33e3d8e25456cd48c31c737cb9c\" class=\"ls-section  trois-colonnes has-background has-color-4-background-color has-p-t p-t-14 has-p-b p-b-14\" >\r\n        <div class=\"container container--wide\">\r\n        \n\n<div class=\"wp-block-columns is-layout-flex wp-container-core-columns-is-layout-9d6595d7 wp-block-columns-is-layout-flex\">\n<div class=\"wp-block-column is-layout-flow wp-block-column-is-layout-flow\" style=\"flex-basis:40%\">\n<h2 class=\"ls__heading wp-block-heading\">Una regione culturalmente ricca<\/h2>\n\n\n\n<p class=\"ls-paragraph\">Con la sua forte identit\u00e0 culturale, la regione Provenza-Alpi-Costa Azzurra \u00e8 ricca di <strong>siti culturali da visitare<\/strong> con la famiglia o gli amici. Castelli, fortificazioni, musei, tour a tema\u2026 c&#8217;\u00e8 solo l&#8217;imbarazzo della scelta!<\/p>\n\n\n\n<p class=\"ls-paragraph\">Tuttavia, abbiamo selezionato una serie di <strong>attivit\u00e0 da non perdere<\/strong> nelle vicinanze del campeggio Le Montana:<\/p>\n\n\n\n<ul class=\"ls-list wp-block-list\">\n<li>la <strong>citt\u00e0 vaubiana di Brian\u00e7on<\/strong> con la possibilit\u00e0 di una visita guidata <\/li>\n\n\n\n<li>il <strong>museo della miniera di Brian\u00e7on<\/strong><\/li>\n\n\n\n<li>le <strong>miniere di Vallon d&#8217;argent de Fournel<\/strong> a L&#8217;Argenti\u00e8re-la-Bess\u00e9e<\/li>\n\n\n\n<li>l&#8217;<strong>abbazia di Boscodon<\/strong><\/li>\n\n\n\n<li>il <strong>Museo dipartimentale delle Hautes-Alpes<\/strong> di Gap, con le sue numerose collezioni storiche;<\/li>\n\n\n\n<li>il <strong>castello di Montmaur<\/strong><\/li>\n\n\n\n<li>il <strong>dominio di Charance<\/strong><\/li>\n\n\n\n<li>il <strong>forte di Mont Chaberton<\/strong><\/li>\n\n\n\n<li>la <strong>chiesa di Notre-Dame-du-R\u00e9a<\/strong>l e la <strong>chiesa di Saint-Marcellin<\/strong>.<\/li>\n<\/ul>\n<\/div>\n\n\n\n<div class=\"wp-block-column is-vertically-aligned-center image is-layout-flow wp-block-column-is-layout-flow\" style=\"flex-basis:30%\">\n<figure class=\"wp-block-image size-full animated fadeInRight delay-100ms\"><a href=\"https:\/\/www.campinglemontana.fr\/wp-content\/uploads\/2022\/08\/visiter-chateau-de-montmaur.jpg\"><img loading=\"lazy\" decoding=\"async\" width=\"960\" height=\"541\" src=\"https:\/\/www.campinglemontana.fr\/wp-content\/uploads\/2022\/08\/visiter-chateau-de-montmaur.jpg\" alt=\"visiter chateau de montmaur\" class=\"wp-image-1019\" srcset=\"https:\/\/www.campinglemontana.fr\/wp-content\/uploads\/2022\/08\/visiter-chateau-de-montmaur.jpg 960w, https:\/\/www.campinglemontana.fr\/wp-content\/uploads\/2022\/08\/visiter-chateau-de-montmaur-300x169.jpg 300w, https:\/\/www.campinglemontana.fr\/wp-content\/uploads\/2022\/08\/visiter-chateau-de-montmaur-768x433.jpg 768w\" sizes=\"auto, (max-width: 960px) 100vw, 960px\" \/><\/a><\/figure>\n<\/div>\n\n\n\n<div class=\"wp-block-column is-vertically-aligned-center image is-layout-flow wp-block-column-is-layout-flow\" style=\"flex-basis:30%\">\n<figure class=\"wp-block-image size-full animated fadeInRight delay-200ms\"><a href=\"https:\/\/www.campinglemontana.fr\/wp-content\/uploads\/2022\/08\/abbaye-de-boscodon.jpg\"><img loading=\"lazy\" decoding=\"async\" width=\"960\" height=\"541\" src=\"https:\/\/www.campinglemontana.fr\/wp-content\/uploads\/2022\/08\/abbaye-de-boscodon.jpg\" alt=\"abbaye de boscodon\" class=\"wp-image-1023\" srcset=\"https:\/\/www.campinglemontana.fr\/wp-content\/uploads\/2022\/08\/abbaye-de-boscodon.jpg 960w, https:\/\/www.campinglemontana.fr\/wp-content\/uploads\/2022\/08\/abbaye-de-boscodon-300x169.jpg 300w, https:\/\/www.campinglemontana.fr\/wp-content\/uploads\/2022\/08\/abbaye-de-boscodon-768x433.jpg 768w\" sizes=\"auto, (max-width: 960px) 100vw, 960px\" \/><\/a><\/figure>\n<\/div>\n<\/div>\n\n\r\n    <\/div>\r\n<\/section>\n\n<section id=\"ls-section-block_a27269c429bb919ebdf9549ee5f8db88\" class=\"ls-section  background-avec-image has-background-image has-parallax has-background has-color-5-background-color has-p-t p-t-14 has-p-b p-b-14\" >\r\n    <div class=\"ls-section__background-image opacity-39\"><img decoding=\"async\" src=\"https:\/\/www.campinglemontana.fr\/wp-content\/uploads\/2022\/08\/visiter-mercantour.jpg\" alt=\"visiter mercantour\"><\/div>    <div class=\"container container--wide\">\r\n        \n\n<h2 class=\"ls__heading wp-block-heading\">Parchi naturali e attrazioni<br>per le attivit\u00e0 di famiglia<\/h2>\n\n\n\n<div class=\"wp-block-columns is-layout-flex wp-container-core-columns-is-layout-9d6595d7 wp-block-columns-is-layout-flex\">\n<div class=\"wp-block-column is-layout-flow wp-block-column-is-layout-flow\">\n<p class=\"ls-paragraph\">Non lontano dal campeggio Le Montana, potrete divertirvi con la famiglia e gli amici con <strong>attivit\u00e0 memorabili<\/strong> nella regione Provenza-Alpi-Costa Azzurra.<\/p>\n\n\n\n<p class=\"ls-paragraph\">A pochi minuti d&#8217;auto si trovano diversi parchi naturali: il parco naturale regionale del Queyras, il parco nazionale degli Ecrins e il <strong>parco nazionale del Mercantour<\/strong>.<\/p>\n\n\n\n<p class=\"ls-paragraph\">Ci sono molti <strong>percorsi a piedi accessibili sia ai bambini <\/strong>che agli <strong>adulti<\/strong>.&nbsp;<\/p>\n<\/div>\n\n\n\n<div class=\"wp-block-column is-layout-flow wp-block-column-is-layout-flow\">\n<p class=\"ls-paragraph\">Anche le <strong>splendide montagne<\/strong> e i <strong>passi <\/strong>aspettano di essere esplorati.<\/p>\n\n\n\n<p class=\"ls-paragraph\">In inverno, gli abitanti si precipitano nelle <strong>stazioni sciistiche<\/strong> pi\u00f9 famose della Provenza-Alpi-Costa Azzurra nelle immediate vicinanze del campeggio (Serre Chevalier, Monginevro, Puy Saint-Vincent, ecc.).<\/p>\n\n\n\n<p class=\"ls-paragraph\">In estate, i <strong>laghi naturali<\/strong> di <strong>Serre-Pon\u00e7on<\/strong> offrono <strong>attivit\u00e0 <\/strong>e attrazioni <strong>sensazionali.<\/strong><\/p>\n<\/div>\n<\/div>\n\n\r\n    <\/div>\r\n<\/section>\n\n<section id=\"ls-section-block_36d2a3c62b7d1cf400501191bdf984bc\" class=\"ls-section  page-maillage has-p-t p-t-14 has-p-b p-b-14\" >\r\n        <div class=\"container container--wide\">\r\n        \n\n<div id=\"ls-heading ls-titre-div-block_534589aa8bf9d12bd462fea40c5bffc6\" class=\"ls-titre-div h2-like\" >\n    SCOPRIRE  LE ATTIVIT\u00c0, LE PISCINE E <br\/><strong>GLI AFFITTI DEL NOSTRO CAMPEGGIO<\/strong><\/div>\n\n\n<div id=\"ls-maillage-block_951fba499f3aa5501b12f076f2c06095\" class=\"ls-maillage cta-style-normal\" data-rows=\"3\">\r\n    <div class=\"wp-block-columns\"><div class=\"wp-block-column\">\n\n<a href=\"https:\/\/www.campinglemontana.fr\/it\/campeggio-attivita-val-des-pres\/\" target=\"\" rel=\"noopener\" class=\"ls-cta__link\">\n\n\t<div class=\"ls-cta__image\"><img decoding=\"async\" src=\"https:\/\/www.campinglemontana.fr\/wp-content\/uploads\/2022\/08\/activite-sportive-hautes-alpes.jpg\" alt=\"activite sportive hautes alpes\"><\/div>\n\t<div class=\"ls-cta__title\">\n\t\tAttivit\u00e0<span>+<\/span>\n\t<\/div>\n\n\t\t\n<\/a><\/div><div class=\"wp-block-column\">\n\n<a href=\"https:\/\/www.campinglemontana.fr\/it\/campeggio-piscina-val-des-pres\/\" target=\"\" rel=\"noopener\" class=\"ls-cta__link\">\n\n\t<div class=\"ls-cta__image\"><img decoding=\"async\" src=\"https:\/\/www.campinglemontana.fr\/wp-content\/uploads\/2022\/07\/piscine-chauffee-hautes-alpes.jpg\" alt=\"piscine chauffee hautes alpes\"><\/div>\n\t<div class=\"ls-cta__title\">\n\t\tIntorno all&#8217;acqua<span>+<\/span>\n\t<\/div>\n\n\t\t\n<\/a><\/div><div class=\"wp-block-column\">\n\n<a href=\"https:\/\/www.campinglemontana.fr\/it\/affito-bungalow-val-des-pres\/\" target=\"\" rel=\"noopener\" class=\"ls-cta__link\">\n\n\t<div class=\"ls-cta__image\"><img decoding=\"async\" src=\"https:\/\/www.campinglemontana.fr\/wp-content\/uploads\/2022\/08\/hebergement-insolite-briancon.jpg\" alt=\"hebergement insolite briancon\"><\/div>\n\t<div class=\"ls-cta__title\">\n\t\tAffitti<span>+<\/span>\n\t<\/div>\n\n\t\t\n<\/a><\/div><\/div><\/div>\n\r\n    <\/div>\r\n<\/section>","protected":false},"excerpt":{"rendered":"","protected":false},"author":1,"featured_media":1033,"parent":0,"menu_order":0,"comment_status":"closed","ping_status":"closed","template":"","meta":{"_acf_changed":false,"footnotes":""},"sujet":[],"class_list":["post-2561","page","type-page","status-publish","has-post-thumbnail","hentry"],"acf":[],"yoast_head":"<!-- This site is optimized with the Yoast SEO plugin v23.4 - https:\/\/yoast.com\/wordpress\/plugins\/seo\/ -->\n<title>Visitare la Provenza-Alpi-Costa Azzurra | Turismo in Provenza-Alpi<\/title>\n<meta name=\"robots\" content=\"index, follow, max-snippet:-1, max-image-preview:large, max-video-preview:-1\" \/>\n<link rel=\"canonical\" href=\"https:\/\/www.campinglemontana.fr\/it\/turismo-provence-alpes-cote-azur\/\" \/>\n<meta property=\"og:locale\" content=\"it_IT\" \/>\n<meta property=\"og:type\" content=\"article\" \/>\n<meta property=\"og:title\" content=\"Visitare la Provenza-Alpi-Costa Azzurra | Turismo in Provenza-Alpi\" \/>\n<meta property=\"og:url\" content=\"https:\/\/www.campinglemontana.fr\/it\/turismo-provence-alpes-cote-azur\/\" \/>\n<meta property=\"og:site_name\" content=\"Camping Le Montana\" \/>\n<meta property=\"article:modified_time\" content=\"2024-05-01T18:21:43+00:00\" \/>\n<meta property=\"og:image\" content=\"https:\/\/www.campinglemontana.fr\/wp-content\/uploads\/2022\/08\/vacances-mercantour.jpg\" \/>\n\t<meta property=\"og:image:width\" content=\"1904\" \/>\n\t<meta property=\"og:image:height\" content=\"682\" \/>\n\t<meta property=\"og:image:type\" content=\"image\/jpeg\" \/>\n<meta name=\"twitter:card\" content=\"summary_large_image\" \/>\n<meta name=\"twitter:label1\" content=\"Tempo di lettura stimato\" \/>\n\t<meta name=\"twitter:data1\" content=\"4 minuti\" \/>\n<script type=\"application\/ld+json\" class=\"yoast-schema-graph\">{\"@context\":\"https:\/\/schema.org\",\"@graph\":[{\"@type\":\"WebPage\",\"@id\":\"https:\/\/www.campinglemontana.fr\/it\/turismo-provence-alpes-cote-azur\/\",\"url\":\"https:\/\/www.campinglemontana.fr\/it\/turismo-provence-alpes-cote-azur\/\",\"name\":\"Visitare la Provenza-Alpi-Costa Azzurra | Turismo in Provenza-Alpi\",\"isPartOf\":{\"@id\":\"https:\/\/www.campinglemontana.fr\/it\/#website\"},\"primaryImageOfPage\":{\"@id\":\"https:\/\/www.campinglemontana.fr\/it\/turismo-provence-alpes-cote-azur\/#primaryimage\"},\"image\":{\"@id\":\"https:\/\/www.campinglemontana.fr\/it\/turismo-provence-alpes-cote-azur\/#primaryimage\"},\"thumbnailUrl\":\"https:\/\/www.campinglemontana.fr\/wp-content\/uploads\/2022\/08\/vacances-mercantour.jpg\",\"datePublished\":\"2022-07-12T09:10:15+00:00\",\"dateModified\":\"2024-05-01T18:21:43+00:00\",\"breadcrumb\":{\"@id\":\"https:\/\/www.campinglemontana.fr\/it\/turismo-provence-alpes-cote-azur\/#breadcrumb\"},\"inLanguage\":\"it-IT\",\"potentialAction\":[{\"@type\":\"ReadAction\",\"target\":[\"https:\/\/www.campinglemontana.fr\/it\/turismo-provence-alpes-cote-azur\/\"]}]},{\"@type\":\"ImageObject\",\"inLanguage\":\"it-IT\",\"@id\":\"https:\/\/www.campinglemontana.fr\/it\/turismo-provence-alpes-cote-azur\/#primaryimage\",\"url\":\"https:\/\/www.campinglemontana.fr\/wp-content\/uploads\/2022\/08\/vacances-mercantour.jpg\",\"contentUrl\":\"https:\/\/www.campinglemontana.fr\/wp-content\/uploads\/2022\/08\/vacances-mercantour.jpg\",\"width\":1904,\"height\":682,\"caption\":\"vacances mercantour\"},{\"@type\":\"BreadcrumbList\",\"@id\":\"https:\/\/www.campinglemontana.fr\/it\/turismo-provence-alpes-cote-azur\/#breadcrumb\",\"itemListElement\":[{\"@type\":\"ListItem\",\"position\":1,\"name\":\"Campeggio Hautes-Alpes\",\"item\":\"https:\/\/www.campinglemontana.fr\/it\/\"},{\"@type\":\"ListItem\",\"position\":2,\"name\":\"Turismo Provenza-Alpi-Costa Azzurra\"}]},{\"@type\":\"WebSite\",\"@id\":\"https:\/\/www.campinglemontana.fr\/it\/#website\",\"url\":\"https:\/\/www.campinglemontana.fr\/it\/\",\"name\":\"Camping Le Montana\",\"description\":\"\",\"publisher\":{\"@id\":\"https:\/\/www.campinglemontana.fr\/it\/#organization\"},\"potentialAction\":[{\"@type\":\"SearchAction\",\"target\":{\"@type\":\"EntryPoint\",\"urlTemplate\":\"https:\/\/www.campinglemontana.fr\/it\/?s={search_term_string}\"},\"query-input\":{\"@type\":\"PropertyValueSpecification\",\"valueRequired\":true,\"valueName\":\"search_term_string\"}}],\"inLanguage\":\"it-IT\"},{\"@type\":\"Organization\",\"@id\":\"https:\/\/www.campinglemontana.fr\/it\/#organization\",\"name\":\"Camping Le Montana\",\"url\":\"https:\/\/www.campinglemontana.fr\/it\/\",\"logo\":{\"@type\":\"ImageObject\",\"inLanguage\":\"it-IT\",\"@id\":\"https:\/\/www.campinglemontana.fr\/it\/#\/schema\/logo\/image\/\",\"url\":\"http:\/\/campinglemontana.fr\/wp-content\/uploads\/2022\/07\/logo-camping-montana_favicon-1.png\",\"contentUrl\":\"http:\/\/campinglemontana.fr\/wp-content\/uploads\/2022\/07\/logo-camping-montana_favicon-1.png\",\"width\":4052,\"height\":4051,\"caption\":\"Camping Le Montana\"},\"image\":{\"@id\":\"https:\/\/www.campinglemontana.fr\/it\/#\/schema\/logo\/image\/\"}}]}<\/script>\n<!-- \/ Yoast SEO plugin. -->","yoast_head_json":{"title":"Visitare la Provenza-Alpi-Costa Azzurra | Turismo in Provenza-Alpi","robots":{"index":"index","follow":"follow","max-snippet":"max-snippet:-1","max-image-preview":"max-image-preview:large","max-video-preview":"max-video-preview:-1"},"canonical":"https:\/\/www.campinglemontana.fr\/it\/turismo-provence-alpes-cote-azur\/","og_locale":"it_IT","og_type":"article","og_title":"Visitare la Provenza-Alpi-Costa Azzurra | Turismo in Provenza-Alpi","og_url":"https:\/\/www.campinglemontana.fr\/it\/turismo-provence-alpes-cote-azur\/","og_site_name":"Camping Le Montana","article_modified_time":"2024-05-01T18:21:43+00:00","og_image":[{"width":1904,"height":682,"url":"https:\/\/www.campinglemontana.fr\/wp-content\/uploads\/2022\/08\/vacances-mercantour.jpg","type":"image\/jpeg"}],"twitter_card":"summary_large_image","twitter_misc":{"Tempo di lettura stimato":"4 minuti"},"schema":{"@context":"https:\/\/schema.org","@graph":[{"@type":"WebPage","@id":"https:\/\/www.campinglemontana.fr\/it\/turismo-provence-alpes-cote-azur\/","url":"https:\/\/www.campinglemontana.fr\/it\/turismo-provence-alpes-cote-azur\/","name":"Visitare la Provenza-Alpi-Costa Azzurra | Turismo in Provenza-Alpi","isPartOf":{"@id":"https:\/\/www.campinglemontana.fr\/it\/#website"},"primaryImageOfPage":{"@id":"https:\/\/www.campinglemontana.fr\/it\/turismo-provence-alpes-cote-azur\/#primaryimage"},"image":{"@id":"https:\/\/www.campinglemontana.fr\/it\/turismo-provence-alpes-cote-azur\/#primaryimage"},"thumbnailUrl":"https:\/\/www.campinglemontana.fr\/wp-content\/uploads\/2022\/08\/vacances-mercantour.jpg","datePublished":"2022-07-12T09:10:15+00:00","dateModified":"2024-05-01T18:21:43+00:00","breadcrumb":{"@id":"https:\/\/www.campinglemontana.fr\/it\/turismo-provence-alpes-cote-azur\/#breadcrumb"},"inLanguage":"it-IT","potentialAction":[{"@type":"ReadAction","target":["https:\/\/www.campinglemontana.fr\/it\/turismo-provence-alpes-cote-azur\/"]}]},{"@type":"ImageObject","inLanguage":"it-IT","@id":"https:\/\/www.campinglemontana.fr\/it\/turismo-provence-alpes-cote-azur\/#primaryimage","url":"https:\/\/www.campinglemontana.fr\/wp-content\/uploads\/2022\/08\/vacances-mercantour.jpg","contentUrl":"https:\/\/www.campinglemontana.fr\/wp-content\/uploads\/2022\/08\/vacances-mercantour.jpg","width":1904,"height":682,"caption":"vacances mercantour"},{"@type":"BreadcrumbList","@id":"https:\/\/www.campinglemontana.fr\/it\/turismo-provence-alpes-cote-azur\/#breadcrumb","itemListElement":[{"@type":"ListItem","position":1,"name":"Campeggio Hautes-Alpes","item":"https:\/\/www.campinglemontana.fr\/it\/"},{"@type":"ListItem","position":2,"name":"Turismo Provenza-Alpi-Costa Azzurra"}]},{"@type":"WebSite","@id":"https:\/\/www.campinglemontana.fr\/it\/#website","url":"https:\/\/www.campinglemontana.fr\/it\/","name":"Camping Le Montana","description":"","publisher":{"@id":"https:\/\/www.campinglemontana.fr\/it\/#organization"},"potentialAction":[{"@type":"SearchAction","target":{"@type":"EntryPoint","urlTemplate":"https:\/\/www.campinglemontana.fr\/it\/?s={search_term_string}"},"query-input":{"@type":"PropertyValueSpecification","valueRequired":true,"valueName":"search_term_string"}}],"inLanguage":"it-IT"},{"@type":"Organization","@id":"https:\/\/www.campinglemontana.fr\/it\/#organization","name":"Camping Le Montana","url":"https:\/\/www.campinglemontana.fr\/it\/","logo":{"@type":"ImageObject","inLanguage":"it-IT","@id":"https:\/\/www.campinglemontana.fr\/it\/#\/schema\/logo\/image\/","url":"http:\/\/campinglemontana.fr\/wp-content\/uploads\/2022\/07\/logo-camping-montana_favicon-1.png","contentUrl":"http:\/\/campinglemontana.fr\/wp-content\/uploads\/2022\/07\/logo-camping-montana_favicon-1.png","width":4052,"height":4051,"caption":"Camping Le Montana"},"image":{"@id":"https:\/\/www.campinglemontana.fr\/it\/#\/schema\/logo\/image\/"}}]}},"_links":{"self":[{"href":"https:\/\/www.campinglemontana.fr\/it\/wp-json\/wp\/v2\/pages\/2561","targetHints":{"allow":["GET"]}}],"collection":[{"href":"https:\/\/www.campinglemontana.fr\/it\/wp-json\/wp\/v2\/pages"}],"about":[{"href":"https:\/\/www.campinglemontana.fr\/it\/wp-json\/wp\/v2\/types\/page"}],"author":[{"embeddable":true,"href":"https:\/\/www.campinglemontana.fr\/it\/wp-json\/wp\/v2\/users\/1"}],"replies":[{"embeddable":true,"href":"https:\/\/www.campinglemontana.fr\/it\/wp-json\/wp\/v2\/comments?post=2561"}],"version-history":[{"count":16,"href":"https:\/\/www.campinglemontana.fr\/it\/wp-json\/wp\/v2\/pages\/2561\/revisions"}],"predecessor-version":[{"id":3475,"href":"https:\/\/www.campinglemontana.fr\/it\/wp-json\/wp\/v2\/pages\/2561\/revisions\/3475"}],"wp:featuredmedia":[{"embeddable":true,"href":"https:\/\/www.campinglemontana.fr\/it\/wp-json\/wp\/v2\/media\/1033"}],"wp:attachment":[{"href":"https:\/\/www.campinglemontana.fr\/it\/wp-json\/wp\/v2\/media?parent=2561"}],"wp:term":[{"taxonomy":"sujet","embeddable":true,"href":"https:\/\/www.campinglemontana.fr\/it\/wp-json\/wp\/v2\/sujet?post=2561"}],"curies":[{"name":"wp","href":"https:\/\/api.w.org\/{rel}","templated":true}]}}