{"id":2601,"date":"2022-07-12T11:14:43","date_gmt":"2022-07-12T09:14:43","guid":{"rendered":"http:\/\/campinglemontana.fr\/location-mobil-home-val-des-pres\/"},"modified":"2024-04-21T12:06:44","modified_gmt":"2024-04-21T10:06:44","slug":"affito-bungalow-val-des-pres","status":"publish","type":"page","link":"https:\/\/www.campinglemontana.fr\/it\/affito-bungalow-val-des-pres\/","title":{"rendered":"Affitti"},"content":{"rendered":"<section id=\"ls-section-block_d86e4e6553359563d0c9547aeb7a8d36\" class=\"ls-section  page-chapeau\" >\r\n        <div class=\"container \">\r\n        \n\n<h1 class=\"ls-heading wp-block-heading\">Bungalow o alloggio insolito?<\/h1>\n\n\r\n    <\/div>\r\n<\/section>\n\n<section id=\"bungalows\" class=\"ls-section  has-p-t p-t-0\" >\r\n        <div class=\"container container--wide\">\r\n        \n\n<div id=\"ls-heading ls-titre-div-block_61d94a03c75f99b912a0e3b13db30fb1\" class=\"ls-titre-div p-b-0 h2-like\" >\n    NOSTRO <br> <strong>CASE MOBILI<\/strong><\/div>\n\n\n\n<div id=\"ls-hebergements-block_7e372b7044b9e74b1357a89442f38210\" class=\"ls-hebergements\" >\n    \n    <div class=\"ls-customizer\">\n\n    <div class=\"ls-customizer__filters\">\n\n\t\t<div class=\"ls-customizer__filters__title\">\n\t\t\t<b>Filtri<\/b><span class=\"ls-customizer__filters__clear\"><i class=\"fas fa-times\"><\/i> Eliminare i filtri<\/span>\n\t\t<\/div>\n\n\t\t<div class=\"filter__container\">\n\n\n\t\t\t\t\t\t\n\t\t\t<!-- Filtres ACF fields -->\n\t\t\t\n\t\t\t\t\t\t\t\t\t\t\t<!-- Filtre nombre_de_personnes -->\n\t\t\t\t\t\t\t\t<div class=\"filter\" id=\"filter-nombre_de_personnes\">\n\t\t\t\t\t<div class=\"filter__title\">Capacit\u00e0 massima<i class=\"fas fa-angle-down\"><\/i><\/div>\n\t\t\t\t\t<fieldset data-filter=\"nombre_de_personnes\" data-operator=\"==\" class=\"input\">\n\t\t\t\t\t\t\n\t\t\t\t\t\t<div><input type=\"radio\" name=\"nombre_de_personnes\" id=\"nombre_de_personnes-all\"  class=\"checkbox\" \/><label for='nombre_de_personnes-all'>Tutti<\/label><\/div><div><input type=\"radio\" name=\"nombre_de_personnes\" id=\"nombre_de_personnes-2\" value=\"2\" class=\"checkbox\"  \/><label for='nombre_de_personnes-2'>2 pers.<\/label><\/div><div><input type=\"radio\" name=\"nombre_de_personnes\" id=\"nombre_de_personnes-4\" value=\"4\" class=\"checkbox\"  \/><label for='nombre_de_personnes-4'>4 pers.<\/label><\/div><div><input type=\"radio\" name=\"nombre_de_personnes\" id=\"nombre_de_personnes-4-5\" value=\"4-5\" class=\"checkbox\"  \/><label for='nombre_de_personnes-4-5'>4-5 pers.<\/label><\/div><div><input type=\"radio\" name=\"nombre_de_personnes\" id=\"nombre_de_personnes-4-6\" value=\"4-6\" class=\"checkbox\"  \/><label for='nombre_de_personnes-4-6'>4-6 pers.<\/label><\/div><div><input type=\"radio\" name=\"nombre_de_personnes\" id=\"nombre_de_personnes-6\" value=\"6\" class=\"checkbox\"  \/><label for='nombre_de_personnes-6'>6 pers.<\/label><\/div><div><input type=\"radio\" name=\"nombre_de_personnes\" id=\"nombre_de_personnes-6-8\" value=\"6-8\" class=\"checkbox\"  \/><label for='nombre_de_personnes-6-8'>6-8 pers.<\/label><\/div>\t\t\t\t\t<\/fieldset>\n\t\t\t\t<\/div>\n\t\t\t\t\t\t\t\t\t\t\t<!-- Filtre nombre_de_chambres -->\n\t\t\t\t\t\t\t\t<div class=\"filter\" id=\"filter-nombre_de_chambres\">\n\t\t\t\t\t<div class=\"filter__title\">Numero di camere<i class=\"fas fa-angle-down\"><\/i><\/div>\n\t\t\t\t\t<fieldset data-filter=\"nombre_de_chambres\" data-operator=\"==\" class=\"input\">\n\t\t\t\t\t\t\n\t\t\t\t\t\t<div><input type=\"radio\" name=\"nombre_de_chambres\" id=\"nombre_de_chambres-all\"  class=\"checkbox\" \/><label for='nombre_de_chambres-all'>Tutti<\/label><\/div><div><input type=\"radio\" name=\"nombre_de_chambres\" id=\"nombre_de_chambres-1\" value=\"1\" class=\"checkbox\"  \/><label for='nombre_de_chambres-1'>1<\/label><\/div><div><input type=\"radio\" name=\"nombre_de_chambres\" id=\"nombre_de_chambres-2\" value=\"2\" class=\"checkbox\"  \/><label for='nombre_de_chambres-2'>2<\/label><\/div><div><input type=\"radio\" name=\"nombre_de_chambres\" id=\"nombre_de_chambres-3\" value=\"3\" class=\"checkbox\"  \/><label for='nombre_de_chambres-3'>3<\/label><\/div><div><input type=\"radio\" name=\"nombre_de_chambres\" id=\"nombre_de_chambres-4-5\" value=\"4-5\" class=\"checkbox\"  \/><label for='nombre_de_chambres-4-5'>4-5<\/label><\/div>\t\t\t\t\t<\/fieldset>\n\t\t\t\t<\/div>\n\t\t\t\t\t\t\t\n\t\t\t<div id=\"validate-filters\" class=\"ls-button\">Valider la s\u00e9lection<\/div>\n\n\t\t\t\n\t\t<\/div>\n\n\t<\/div>\n\n<\/div><div class=\"ls-hebergements__results\" data-row=\"3\" data-campings=\"false\" data-types=\"[17]\"><div class=\"ls-hebergement\" data-postid='3217' data-id-reservation='0' data-id-site='' data-id1='' data-nombre_de_personnes='6' data-nombre_de_chambres='3' data-type='mobil-homes'>\n\t<div class=\"ls-hebergement__thumb\">\n\t\t\t\t<img decoding=\"async\" src=\"https:\/\/www.campinglemontana.fr\/wp-content\/uploads\/2022\/11\/mobil-home-trigano.jpg\" alt=\"Bungalow Comfort &#8211; 3 camere da letto + TV\" \/>\n\t<\/div>\n\n\t<div class=\"ls-hebergement__details\">\n\n\t\t<div class=\"ls-hebergement__icons\">\n\n\t\t\t\t\t\t<span class=\"ls-hebergement__icon\">\n\t\t\t\t<i class=\"montana_three-famille\"><\/i>\n\t\t\t\t6\t\t\t<\/span>\n\t\t\t\n\t\t\t<!-- \t\t\t<span class=\"ls-hebergement__icon\">\n\t\t\t\t<i class=\"montana_three-shower\"><\/i>\n\t\t\t\t\t\t\t\t1\t\t\t\t\t\t\t<\/span>\n\t\t\t -->\n\n\t\t\t\t\t\t<span class=\"ls-hebergement__icon\">\n\t\t\t\t<i class=\"montana_three-area\"><\/i>\n\t\t\t\t33m\u00b2\n\t\t\t<\/span>\n\t\t\t\n\t\t\t\t\t\t<span class=\"ls-hebergement__icon\">\n\t\t\t\t<i class=\"montana_three-door\"><\/i>\n\t\t\t\t\t\t\t\t3 stanze\t\t\t\t\t\t\t<\/span>\n\t\t\t\n\t\t\t\n\t\t\t<!--  -->\n\n\t\t\t\t\t<\/div>\n\t<\/div>\n\n\t<div class=\"ls-hebergement__title\">\n\t\tBungalow Comfort &#8211; 3 camere da letto + TV\t<\/div>\n\t<div class=\"ls-hebergement__disponibilites\">\n\t\tScoprire<span>+<\/span>\t<\/div>\n<\/div><div class=\"ls-hebergement\" data-postid='2929' data-id-reservation='88133' data-id-site='' data-id1='' data-nombre_de_personnes='4-6' data-nombre_de_chambres='2' data-type='mobil-homes'>\n\t<div class=\"ls-hebergement__thumb\">\n\t\t\t\t<img decoding=\"async\" src=\"https:\/\/www.campinglemontana.fr\/wp-content\/uploads\/2022\/09\/location-mobil-home-6-personnes-val-des-pres.jpg\" alt=\"Bungalow Confort 2 camere da letto + TV\" \/>\n\t<\/div>\n\n\t<div class=\"ls-hebergement__details\">\n\n\t\t<div class=\"ls-hebergement__icons\">\n\n\t\t\t\t\t\t<span class=\"ls-hebergement__icon\">\n\t\t\t\t<i class=\"montana_three-famille\"><\/i>\n\t\t\t\t4-6\t\t\t<\/span>\n\t\t\t\n\t\t\t<!-- \t\t\t<span class=\"ls-hebergement__icon\">\n\t\t\t\t<i class=\"montana_three-shower\"><\/i>\n\t\t\t\t\t\t\t\t1\t\t\t\t\t\t\t<\/span>\n\t\t\t -->\n\n\t\t\t\t\t\t<span class=\"ls-hebergement__icon\">\n\t\t\t\t<i class=\"montana_three-area\"><\/i>\n\t\t\t\t32m\u00b2\n\t\t\t<\/span>\n\t\t\t\n\t\t\t\t\t\t<span class=\"ls-hebergement__icon\">\n\t\t\t\t<i class=\"montana_three-door\"><\/i>\n\t\t\t\t\t\t\t\t2 stanze\t\t\t\t\t\t\t<\/span>\n\t\t\t\n\t\t\t\n\t\t\t<!--  -->\n\n\t\t\t\t\t<\/div>\n\t<\/div>\n\n\t<div class=\"ls-hebergement__title\">\n\t\tBungalow Confort 2 camere da letto + TV\t<\/div>\n\t<div class=\"ls-hebergement__disponibilites\">\n\t\tScoprire<span>+<\/span>\t<\/div>\n<\/div><div class=\"ls-hebergement\" data-postid='2933' data-id-reservation='88136' data-id-site='' data-id1='' data-nombre_de_personnes='6-8' data-nombre_de_chambres='3' data-type='mobil-homes'>\n\t<div class=\"ls-hebergement__thumb\">\n\t\t\t\t<img decoding=\"async\" src=\"https:\/\/www.campinglemontana.fr\/wp-content\/uploads\/2022\/09\/location-mobil-home-3-chambres.jpg\" alt=\"Bungalow Premium 40m\u00b2 &#8211; 3 camere da letto +TV\" \/>\n\t<\/div>\n\n\t<div class=\"ls-hebergement__details\">\n\n\t\t<div class=\"ls-hebergement__icons\">\n\n\t\t\t\t\t\t<span class=\"ls-hebergement__icon\">\n\t\t\t\t<i class=\"montana_three-famille\"><\/i>\n\t\t\t\t6-8\t\t\t<\/span>\n\t\t\t\n\t\t\t<!-- \t\t\t<span class=\"ls-hebergement__icon\">\n\t\t\t\t<i class=\"montana_three-shower\"><\/i>\n\t\t\t\t\t\t\t\t1\t\t\t\t\t\t\t<\/span>\n\t\t\t -->\n\n\t\t\t\t\t\t<span class=\"ls-hebergement__icon\">\n\t\t\t\t<i class=\"montana_three-area\"><\/i>\n\t\t\t\t40m\u00b2\n\t\t\t<\/span>\n\t\t\t\n\t\t\t\t\t\t<span class=\"ls-hebergement__icon\">\n\t\t\t\t<i class=\"montana_three-door\"><\/i>\n\t\t\t\t\t\t\t\t3 stanze\t\t\t\t\t\t\t<\/span>\n\t\t\t\n\t\t\t\n\t\t\t<!--  -->\n\n\t\t\t\t\t<\/div>\n\t<\/div>\n\n\t<div class=\"ls-hebergement__title\">\n\t\tBungalow Premium 40m\u00b2 &#8211; 3 camere da letto +TV\t<\/div>\n\t<div class=\"ls-hebergement__disponibilites\">\n\t\tScoprire<span>+<\/span>\t<\/div>\n<\/div><div class=\"ls-hebergement\" data-postid='2935' data-id-reservation='' data-id-site='' data-id1='' data-nombre_de_personnes='4' data-nombre_de_chambres='2' data-type='mobil-homes'>\n\t<div class=\"ls-hebergement__thumb\">\n\t\t\t\t<img decoding=\"async\" src=\"https:\/\/www.campinglemontana.fr\/wp-content\/uploads\/2022\/09\/exterieur-mobil-home-lousiane-1.jpg\" alt=\"Bungalow Comfort 2 camere da letto\" \/>\n\t<\/div>\n\n\t<div class=\"ls-hebergement__details\">\n\n\t\t<div class=\"ls-hebergement__icons\">\n\n\t\t\t\t\t\t<span class=\"ls-hebergement__icon\">\n\t\t\t\t<i class=\"montana_three-famille\"><\/i>\n\t\t\t\t4\t\t\t<\/span>\n\t\t\t\n\t\t\t<!-- \t\t\t<span class=\"ls-hebergement__icon\">\n\t\t\t\t<i class=\"montana_three-shower\"><\/i>\n\t\t\t\t\t\t\t\t1\t\t\t\t\t\t\t<\/span>\n\t\t\t -->\n\n\t\t\t\t\t\t<span class=\"ls-hebergement__icon\">\n\t\t\t\t<i class=\"montana_three-area\"><\/i>\n\t\t\t\t32m\u00b2\n\t\t\t<\/span>\n\t\t\t\n\t\t\t\t\t\t<span class=\"ls-hebergement__icon\">\n\t\t\t\t<i class=\"montana_three-door\"><\/i>\n\t\t\t\t\t\t\t\t2 stanze\t\t\t\t\t\t\t<\/span>\n\t\t\t\n\t\t\t\n\t\t\t<!--  -->\n\n\t\t\t\t\t<\/div>\n\t<\/div>\n\n\t<div class=\"ls-hebergement__title\">\n\t\tBungalow Comfort 2 camere da letto\t<\/div>\n\t<div class=\"ls-hebergement__disponibilites\">\n\t\tScoprire<span>+<\/span>\t<\/div>\n<\/div><div class=\"ls-hebergement\" data-postid='2948' data-id-reservation='88133' data-id-site='' data-id1='' data-nombre_de_personnes='4' data-nombre_de_chambres='2' data-type='mobil-homes'>\n\t<div class=\"ls-hebergement__thumb\">\n\t\t\t\t<img decoding=\"async\" src=\"https:\/\/www.campinglemontana.fr\/wp-content\/uploads\/2022\/07\/mobil-home-confort-32m-8-1.jpg\" alt=\"Bungalow comfort con 2 camere da letto\" \/>\n\t<\/div>\n\n\t<div class=\"ls-hebergement__details\">\n\n\t\t<div class=\"ls-hebergement__icons\">\n\n\t\t\t\t\t\t<span class=\"ls-hebergement__icon\">\n\t\t\t\t<i class=\"montana_three-famille\"><\/i>\n\t\t\t\t4\t\t\t<\/span>\n\t\t\t\n\t\t\t<!-- \t\t\t<span class=\"ls-hebergement__icon\">\n\t\t\t\t<i class=\"montana_three-shower\"><\/i>\n\t\t\t\t\t\t\t\t1\t\t\t\t\t\t\t<\/span>\n\t\t\t -->\n\n\t\t\t\t\t\t<span class=\"ls-hebergement__icon\">\n\t\t\t\t<i class=\"montana_three-area\"><\/i>\n\t\t\t\t32m\u00b2\n\t\t\t<\/span>\n\t\t\t\n\t\t\t\t\t\t<span class=\"ls-hebergement__icon\">\n\t\t\t\t<i class=\"montana_three-door\"><\/i>\n\t\t\t\t\t\t\t\t2 stanze\t\t\t\t\t\t\t<\/span>\n\t\t\t\n\t\t\t\n\t\t\t<!--  -->\n\n\t\t\t\t\t<\/div>\n\t<\/div>\n\n\t<div class=\"ls-hebergement__title\">\n\t\tBungalow comfort con 2 camere da letto\t<\/div>\n\t<div class=\"ls-hebergement__disponibilites\">\n\t\tScoprire<span>+<\/span>\t<\/div>\n<\/div><div class=\"ls-hebergement\" data-postid='2950' data-id-reservation='103632' data-id-site='' data-id1='' data-nombre_de_personnes='6-8' data-nombre_de_chambres='3' data-type='mobil-homes'>\n\t<div class=\"ls-hebergement__thumb\">\n\t\t\t\t<img decoding=\"async\" src=\"https:\/\/www.campinglemontana.fr\/wp-content\/uploads\/2022\/07\/WhatsApp-Image-2021-08-09-at-15.jpg\" alt=\"Bungalow Comfort 32m\u00b2 &#8211; 3 Camere da letto + TV\" \/>\n\t<\/div>\n\n\t<div class=\"ls-hebergement__details\">\n\n\t\t<div class=\"ls-hebergement__icons\">\n\n\t\t\t\t\t\t<span class=\"ls-hebergement__icon\">\n\t\t\t\t<i class=\"montana_three-famille\"><\/i>\n\t\t\t\t6-8\t\t\t<\/span>\n\t\t\t\n\t\t\t<!-- \t\t\t<span class=\"ls-hebergement__icon\">\n\t\t\t\t<i class=\"montana_three-shower\"><\/i>\n\t\t\t\t\t\t\t\t1\t\t\t\t\t\t\t<\/span>\n\t\t\t -->\n\n\t\t\t\t\t\t<span class=\"ls-hebergement__icon\">\n\t\t\t\t<i class=\"montana_three-area\"><\/i>\n\t\t\t\t32m\u00b2\n\t\t\t<\/span>\n\t\t\t\n\t\t\t\t\t\t<span class=\"ls-hebergement__icon\">\n\t\t\t\t<i class=\"montana_three-door\"><\/i>\n\t\t\t\t\t\t\t\t3 stanze\t\t\t\t\t\t\t<\/span>\n\t\t\t\n\t\t\t\n\t\t\t<!--  -->\n\n\t\t\t\t\t<\/div>\n\t<\/div>\n\n\t<div class=\"ls-hebergement__title\">\n\t\tBungalow Comfort 32m\u00b2 &#8211; 3 Camere da letto + TV\t<\/div>\n\t<div class=\"ls-hebergement__disponibilites\">\n\t\tScoprire<span>+<\/span>\t<\/div>\n<\/div><div class=\"ls-hebergement\" data-postid='2952' data-id-reservation='83146' data-id-site='' data-id1='' data-nombre_de_personnes='4-6' data-nombre_de_chambres='2' data-type='mobil-homes'>\n\t<div class=\"ls-hebergement__thumb\">\n\t\t\t\t<img decoding=\"async\" src=\"https:\/\/www.campinglemontana.fr\/wp-content\/uploads\/2022\/07\/bungalow.jpg\" alt=\"Bungalow Comfort 28m\u00b2 &#8211; 2 camere da letto + TV\" \/>\n\t<\/div>\n\n\t<div class=\"ls-hebergement__details\">\n\n\t\t<div class=\"ls-hebergement__icons\">\n\n\t\t\t\t\t\t<span class=\"ls-hebergement__icon\">\n\t\t\t\t<i class=\"montana_three-famille\"><\/i>\n\t\t\t\t4-6\t\t\t<\/span>\n\t\t\t\n\t\t\t<!--  -->\n\n\t\t\t\t\t\t<span class=\"ls-hebergement__icon\">\n\t\t\t\t<i class=\"montana_three-area\"><\/i>\n\t\t\t\t28m\u00b2\n\t\t\t<\/span>\n\t\t\t\n\t\t\t\t\t\t<span class=\"ls-hebergement__icon\">\n\t\t\t\t<i class=\"montana_three-door\"><\/i>\n\t\t\t\t\t\t\t\t2 stanze\t\t\t\t\t\t\t<\/span>\n\t\t\t\n\t\t\t\n\t\t\t<!--  -->\n\n\t\t\t\t\t<\/div>\n\t<\/div>\n\n\t<div class=\"ls-hebergement__title\">\n\t\tBungalow Comfort 28m\u00b2 &#8211; 2 camere da letto + TV\t<\/div>\n\t<div class=\"ls-hebergement__disponibilites\">\n\t\tScoprire<span>+<\/span>\t<\/div>\n<\/div><\/div><\/div>\n\r\n    <\/div>\r\n<\/section>\n\n<section id=\"tende\" class=\"ls-section  has-p-t p-t-0\" >\r\n        <div class=\"container container--wide\">\r\n        \n\n<div id=\"ls-heading ls-titre-div-block_0a7a784cc8fed0dfa64a95019d34530a\" class=\"ls-titre-div p-b-0 h2-like\" >\n    NOSTRO <br> <strong>TENDE<\/strong><\/div>\n\n\n\n<div id=\"ls-hebergements-block_a68160e8433eb46d30a38fc94e34b676\" class=\"ls-hebergements\" >\n    \n    <div class=\"ls-customizer\">\n\n    <div class=\"ls-customizer__filters\">\n\n\t\t<div class=\"ls-customizer__filters__title\">\n\t\t\t<b>Filtri<\/b><span class=\"ls-customizer__filters__clear\"><i class=\"fas fa-times\"><\/i> Eliminare i filtri<\/span>\n\t\t<\/div>\n\n\t\t<div class=\"filter__container\">\n\n\n\t\t\t\t\t\t\n\t\t\t<!-- Filtres ACF fields -->\n\t\t\t\n\t\t\t\t\t\t\t\t\t\t\t<!-- Filtre nombre_de_personnes -->\n\t\t\t\t\t\t\t\t<div class=\"filter\" id=\"filter-nombre_de_personnes\">\n\t\t\t\t\t<div class=\"filter__title\">Capacit\u00e0 massima<i class=\"fas fa-angle-down\"><\/i><\/div>\n\t\t\t\t\t<fieldset data-filter=\"nombre_de_personnes\" data-operator=\"==\" class=\"input\">\n\t\t\t\t\t\t\n\t\t\t\t\t\t<div><input type=\"radio\" name=\"nombre_de_personnes\" id=\"nombre_de_personnes-all\"  class=\"checkbox\" \/><label for='nombre_de_personnes-all'>Tutti<\/label><\/div><div><input type=\"radio\" name=\"nombre_de_personnes\" id=\"nombre_de_personnes-2\" value=\"2\" class=\"checkbox\"  \/><label for='nombre_de_personnes-2'>2 pers.<\/label><\/div><div><input type=\"radio\" name=\"nombre_de_personnes\" id=\"nombre_de_personnes-4\" value=\"4\" class=\"checkbox\"  \/><label for='nombre_de_personnes-4'>4 pers.<\/label><\/div><div><input type=\"radio\" name=\"nombre_de_personnes\" id=\"nombre_de_personnes-4-5\" value=\"4-5\" class=\"checkbox\"  \/><label for='nombre_de_personnes-4-5'>4-5 pers.<\/label><\/div><div><input type=\"radio\" name=\"nombre_de_personnes\" id=\"nombre_de_personnes-4-6\" value=\"4-6\" class=\"checkbox\"  \/><label for='nombre_de_personnes-4-6'>4-6 pers.<\/label><\/div><div><input type=\"radio\" name=\"nombre_de_personnes\" id=\"nombre_de_personnes-6\" value=\"6\" class=\"checkbox\"  \/><label for='nombre_de_personnes-6'>6 pers.<\/label><\/div><div><input type=\"radio\" name=\"nombre_de_personnes\" id=\"nombre_de_personnes-6-8\" value=\"6-8\" class=\"checkbox\"  \/><label for='nombre_de_personnes-6-8'>6-8 pers.<\/label><\/div>\t\t\t\t\t<\/fieldset>\n\t\t\t\t<\/div>\n\t\t\t\t\t\t\t\t\t\t\t<!-- Filtre nombre_de_chambres -->\n\t\t\t\t\t\t\t\t<div class=\"filter\" id=\"filter-nombre_de_chambres\">\n\t\t\t\t\t<div class=\"filter__title\">Numero di camere<i class=\"fas fa-angle-down\"><\/i><\/div>\n\t\t\t\t\t<fieldset data-filter=\"nombre_de_chambres\" data-operator=\"==\" class=\"input\">\n\t\t\t\t\t\t\n\t\t\t\t\t\t<div><input type=\"radio\" name=\"nombre_de_chambres\" id=\"nombre_de_chambres-all\"  class=\"checkbox\" \/><label for='nombre_de_chambres-all'>Tutti<\/label><\/div><div><input type=\"radio\" name=\"nombre_de_chambres\" id=\"nombre_de_chambres-1\" value=\"1\" class=\"checkbox\"  \/><label for='nombre_de_chambres-1'>1<\/label><\/div><div><input type=\"radio\" name=\"nombre_de_chambres\" id=\"nombre_de_chambres-2\" value=\"2\" class=\"checkbox\"  \/><label for='nombre_de_chambres-2'>2<\/label><\/div><div><input type=\"radio\" name=\"nombre_de_chambres\" id=\"nombre_de_chambres-3\" value=\"3\" class=\"checkbox\"  \/><label for='nombre_de_chambres-3'>3<\/label><\/div><div><input type=\"radio\" name=\"nombre_de_chambres\" id=\"nombre_de_chambres-4-5\" value=\"4-5\" class=\"checkbox\"  \/><label for='nombre_de_chambres-4-5'>4-5<\/label><\/div>\t\t\t\t\t<\/fieldset>\n\t\t\t\t<\/div>\n\t\t\t\t\t\t\t\n\t\t\t<div id=\"validate-filters\" class=\"ls-button\">Valider la s\u00e9lection<\/div>\n\n\t\t\t\n\t\t<\/div>\n\n\t<\/div>\n\n<\/div><div class=\"ls-hebergements__results\" data-row=\"3\" data-campings=\"false\" data-types=\"[18]\"><div class=\"ls-hebergement\" data-postid='2937' data-id-reservation='95043' data-id-site='' data-id1='' data-nombre_de_personnes='4-5' data-nombre_de_chambres='2' data-type='tentes'>\n\t<div class=\"ls-hebergement__thumb\">\n\t\t\t\t<img decoding=\"async\" src=\"https:\/\/www.campinglemontana.fr\/wp-content\/uploads\/2022\/08\/location-tente-4-personnes.jpg\" alt=\"Caba tenda 25m\u00b2 &#8211; 2 camere da letto &#8211; bagni privati\" \/>\n\t<\/div>\n\n\t<div class=\"ls-hebergement__details\">\n\n\t\t<div class=\"ls-hebergement__icons\">\n\n\t\t\t\t\t\t<span class=\"ls-hebergement__icon\">\n\t\t\t\t<i class=\"montana_three-famille\"><\/i>\n\t\t\t\t4-5\t\t\t<\/span>\n\t\t\t\n\t\t\t<!-- \t\t\t<span class=\"ls-hebergement__icon\">\n\t\t\t\t<i class=\"montana_three-shower\"><\/i>\n\t\t\t\t\t\t\t\t1\t\t\t\t\t\t\t<\/span>\n\t\t\t -->\n\n\t\t\t\t\t\t<span class=\"ls-hebergement__icon\">\n\t\t\t\t<i class=\"montana_three-area\"><\/i>\n\t\t\t\t25m\u00b2\n\t\t\t<\/span>\n\t\t\t\n\t\t\t\t\t\t<span class=\"ls-hebergement__icon\">\n\t\t\t\t<i class=\"montana_three-door\"><\/i>\n\t\t\t\t\t\t\t\t2 stanze\t\t\t\t\t\t\t<\/span>\n\t\t\t\n\t\t\t\n\t\t\t<!--  -->\n\n\t\t\t\t\t<\/div>\n\t<\/div>\n\n\t<div class=\"ls-hebergement__title\">\n\t\tCaba tenda 25m\u00b2 &#8211; 2 camere da letto &#8211; bagni privati\t<\/div>\n\t<div class=\"ls-hebergement__disponibilites\">\n\t\tScoprire<span>+<\/span>\t<\/div>\n<\/div><div class=\"ls-hebergement\" data-postid='2944' data-id-reservation='80345' data-id-site='' data-id1='' data-nombre_de_personnes='4-5' data-nombre_de_chambres='1' data-type='tentes'>\n\t<div class=\"ls-hebergement__thumb\">\n\t\t\t\t<img decoding=\"async\" src=\"https:\/\/www.campinglemontana.fr\/wp-content\/uploads\/2022\/07\/montana-21.jpg\" alt=\"Tenda Premium 21m\u00b2 &#8211; bagni condivisi\" \/>\n\t<\/div>\n\n\t<div class=\"ls-hebergement__details\">\n\n\t\t<div class=\"ls-hebergement__icons\">\n\n\t\t\t\t\t\t<span class=\"ls-hebergement__icon\">\n\t\t\t\t<i class=\"montana_three-famille\"><\/i>\n\t\t\t\t4-5\t\t\t<\/span>\n\t\t\t\n\t\t\t<!--  -->\n\n\t\t\t\t\t\t<span class=\"ls-hebergement__icon\">\n\t\t\t\t<i class=\"montana_three-area\"><\/i>\n\t\t\t\t21m\u00b2\n\t\t\t<\/span>\n\t\t\t\n\t\t\t\t\t\t<span class=\"ls-hebergement__icon\">\n\t\t\t\t<i class=\"montana_three-door\"><\/i>\n\t\t\t\t\t\t\t\t1 camera\t\t\t\t\t\t\t<\/span>\n\t\t\t\n\t\t\t\n\t\t\t<!--  -->\n\n\t\t\t\t\t<\/div>\n\t<\/div>\n\n\t<div class=\"ls-hebergement__title\">\n\t\tTenda Premium 21m\u00b2 &#8211; bagni condivisi\t<\/div>\n\t<div class=\"ls-hebergement__disponibilites\">\n\t\tScoprire<span>+<\/span>\t<\/div>\n<\/div><div class=\"ls-hebergement\" data-postid='2946' data-id-reservation='80346' data-id-site='' data-id1='' data-nombre_de_personnes='2' data-nombre_de_chambres='1' data-type='tentes'>\n\t<div class=\"ls-hebergement__thumb\">\n\t\t\t\t<img decoding=\"async\" src=\"https:\/\/www.campinglemontana.fr\/wp-content\/uploads\/2022\/07\/montana-35.jpg\" alt=\"Tenda Bivouac 10m\u00b2 &#8211; bagni condivisi\" \/>\n\t<\/div>\n\n\t<div class=\"ls-hebergement__details\">\n\n\t\t<div class=\"ls-hebergement__icons\">\n\n\t\t\t\t\t\t<span class=\"ls-hebergement__icon\">\n\t\t\t\t<i class=\"montana_three-famille\"><\/i>\n\t\t\t\t2\t\t\t<\/span>\n\t\t\t\n\t\t\t<!--  -->\n\n\t\t\t\t\t\t<span class=\"ls-hebergement__icon\">\n\t\t\t\t<i class=\"montana_three-area\"><\/i>\n\t\t\t\t10m\u00b2\n\t\t\t<\/span>\n\t\t\t\n\t\t\t\t\t\t<span class=\"ls-hebergement__icon\">\n\t\t\t\t<i class=\"montana_three-door\"><\/i>\n\t\t\t\t\t\t\t\t1 camera\t\t\t\t\t\t\t<\/span>\n\t\t\t\n\t\t\t\t\t\t<span class=\"ls-hebergement__icon\">\n\t\t\t\t<i class=\"montana_three-bed\"><\/i>\n\t\t\t\t\t\t\t\t<span>1 letto<\/span>\n\t\t\t\t\t\t\t<\/span>\n\t\t\t\n\t\t\t<!--  -->\n\n\t\t\t\t\t<\/div>\n\t<\/div>\n\n\t<div class=\"ls-hebergement__title\">\n\t\tTenda Bivouac 10m\u00b2 &#8211; bagni condivisi\t<\/div>\n\t<div class=\"ls-hebergement__disponibilites\">\n\t\tScoprire<span>+<\/span>\t<\/div>\n<\/div><\/div><\/div>\n\r\n    <\/div>\r\n<\/section>\n\n<section id=\"insolito\" class=\"ls-section  has-p-t p-t-0\" >\r\n        <div class=\"container container--wide\">\r\n        \n\n<div id=\"ls-heading ls-titre-div-block_159d6b68c67a87e49bececb7a4e46efd\" class=\"ls-titre-div p-b-0 h2-like\" >\n    LE NOSTRE STRUTTURE RICETTIVE <br> <strong>INSOLITI<\/strong><\/div>\n\n\n\n<div id=\"insolites\" class=\"ls-hebergements\" >\n    \n    <div class=\"ls-customizer\">\n\n    <div class=\"ls-customizer__filters\">\n\n\t\t<div class=\"ls-customizer__filters__title\">\n\t\t\t<b>Filtri<\/b><span class=\"ls-customizer__filters__clear\"><i class=\"fas fa-times\"><\/i> Eliminare i filtri<\/span>\n\t\t<\/div>\n\n\t\t<div class=\"filter__container\">\n\n\n\t\t\t\t\t\t\n\t\t\t<!-- Filtres ACF fields -->\n\t\t\t\n\t\t\t\t\t\t\t\t\t\t\t<!-- Filtre nombre_de_personnes -->\n\t\t\t\t\t\t\t\t<div class=\"filter\" id=\"filter-nombre_de_personnes\">\n\t\t\t\t\t<div class=\"filter__title\">Capacit\u00e0 massima<i class=\"fas fa-angle-down\"><\/i><\/div>\n\t\t\t\t\t<fieldset data-filter=\"nombre_de_personnes\" data-operator=\"==\" class=\"input\">\n\t\t\t\t\t\t\n\t\t\t\t\t\t<div><input type=\"radio\" name=\"nombre_de_personnes\" id=\"nombre_de_personnes-all\"  class=\"checkbox\" \/><label for='nombre_de_personnes-all'>Tutti<\/label><\/div><div><input type=\"radio\" name=\"nombre_de_personnes\" id=\"nombre_de_personnes-2\" value=\"2\" class=\"checkbox\"  \/><label for='nombre_de_personnes-2'>2 pers.<\/label><\/div><div><input type=\"radio\" name=\"nombre_de_personnes\" id=\"nombre_de_personnes-4\" value=\"4\" class=\"checkbox\"  \/><label for='nombre_de_personnes-4'>4 pers.<\/label><\/div><div><input type=\"radio\" name=\"nombre_de_personnes\" id=\"nombre_de_personnes-4-5\" value=\"4-5\" class=\"checkbox\"  \/><label for='nombre_de_personnes-4-5'>4-5 pers.<\/label><\/div><div><input type=\"radio\" name=\"nombre_de_personnes\" id=\"nombre_de_personnes-4-6\" value=\"4-6\" class=\"checkbox\"  \/><label for='nombre_de_personnes-4-6'>4-6 pers.<\/label><\/div><div><input type=\"radio\" name=\"nombre_de_personnes\" id=\"nombre_de_personnes-6\" value=\"6\" class=\"checkbox\"  \/><label for='nombre_de_personnes-6'>6 pers.<\/label><\/div><div><input type=\"radio\" name=\"nombre_de_personnes\" id=\"nombre_de_personnes-6-8\" value=\"6-8\" class=\"checkbox\"  \/><label for='nombre_de_personnes-6-8'>6-8 pers.<\/label><\/div>\t\t\t\t\t<\/fieldset>\n\t\t\t\t<\/div>\n\t\t\t\t\t\t\t\t\t\t\t<!-- Filtre nombre_de_chambres -->\n\t\t\t\t\t\t\t\t<div class=\"filter\" id=\"filter-nombre_de_chambres\">\n\t\t\t\t\t<div class=\"filter__title\">Numero di camere<i class=\"fas fa-angle-down\"><\/i><\/div>\n\t\t\t\t\t<fieldset data-filter=\"nombre_de_chambres\" data-operator=\"==\" class=\"input\">\n\t\t\t\t\t\t\n\t\t\t\t\t\t<div><input type=\"radio\" name=\"nombre_de_chambres\" id=\"nombre_de_chambres-all\"  class=\"checkbox\" \/><label for='nombre_de_chambres-all'>Tutti<\/label><\/div><div><input type=\"radio\" name=\"nombre_de_chambres\" id=\"nombre_de_chambres-1\" value=\"1\" class=\"checkbox\"  \/><label for='nombre_de_chambres-1'>1<\/label><\/div><div><input type=\"radio\" name=\"nombre_de_chambres\" id=\"nombre_de_chambres-2\" value=\"2\" class=\"checkbox\"  \/><label for='nombre_de_chambres-2'>2<\/label><\/div><div><input type=\"radio\" name=\"nombre_de_chambres\" id=\"nombre_de_chambres-3\" value=\"3\" class=\"checkbox\"  \/><label for='nombre_de_chambres-3'>3<\/label><\/div><div><input type=\"radio\" name=\"nombre_de_chambres\" id=\"nombre_de_chambres-4-5\" value=\"4-5\" class=\"checkbox\"  \/><label for='nombre_de_chambres-4-5'>4-5<\/label><\/div>\t\t\t\t\t<\/fieldset>\n\t\t\t\t<\/div>\n\t\t\t\t\t\t\t\n\t\t\t<div id=\"validate-filters\" class=\"ls-button\">Valider la s\u00e9lection<\/div>\n\n\t\t\t\n\t\t<\/div>\n\n\t<\/div>\n\n<\/div><div class=\"ls-hebergements__results\" data-row=\"3\" data-campings=\"false\" data-types=\"[19]\"><div class=\"ls-hebergement\" data-postid='2939' data-id-reservation='95042' data-id-site='' data-id1='' data-nombre_de_personnes='2' data-nombre_de_chambres='1' data-type='insolites'>\n\t<div class=\"ls-hebergement__thumb\">\n\t\t\t\t<img decoding=\"async\" src=\"https:\/\/www.campinglemontana.fr\/wp-content\/uploads\/2022\/08\/montana-96.jpg\" alt=\"Casetta nel bosco &#8211; bagni condivisi\" \/>\n\t<\/div>\n\n\t<div class=\"ls-hebergement__details\">\n\n\t\t<div class=\"ls-hebergement__icons\">\n\n\t\t\t\t\t\t<span class=\"ls-hebergement__icon\">\n\t\t\t\t<i class=\"montana_three-famille\"><\/i>\n\t\t\t\t2\t\t\t<\/span>\n\t\t\t\n\t\t\t<!--  -->\n\n\t\t\t\t\t\t<span class=\"ls-hebergement__icon\">\n\t\t\t\t<i class=\"montana_three-area\"><\/i>\n\t\t\t\t6m\u00b2\n\t\t\t<\/span>\n\t\t\t\n\t\t\t\t\t\t<span class=\"ls-hebergement__icon\">\n\t\t\t\t<i class=\"montana_three-door\"><\/i>\n\t\t\t\t\t\t\t\t1 camera\t\t\t\t\t\t\t<\/span>\n\t\t\t\n\t\t\t\n\t\t\t<!--  -->\n\n\t\t\t\t\t<\/div>\n\t<\/div>\n\n\t<div class=\"ls-hebergement__title\">\n\t\tCasetta nel bosco &#8211; bagni condivisi\t<\/div>\n\t<div class=\"ls-hebergement__disponibilites\">\n\t\tScoprire<span>+<\/span>\t<\/div>\n<\/div><div class=\"ls-hebergement\" data-postid='2941' data-id-reservation='95080' data-id-site='' data-id1='' data-nombre_de_personnes='2' data-nombre_de_chambres='1' data-type='insolites'>\n\t<div class=\"ls-hebergement__thumb\">\n\t\t\t\t<img decoding=\"async\" src=\"https:\/\/www.campinglemontana.fr\/wp-content\/uploads\/2022\/07\/montana-19.jpg\" alt=\"Igloo nella natura &#8211; bagni condivisi\" \/>\n\t<\/div>\n\n\t<div class=\"ls-hebergement__details\">\n\n\t\t<div class=\"ls-hebergement__icons\">\n\n\t\t\t\t\t\t<span class=\"ls-hebergement__icon\">\n\t\t\t\t<i class=\"montana_three-famille\"><\/i>\n\t\t\t\t2\t\t\t<\/span>\n\t\t\t\n\t\t\t<!--  -->\n\n\t\t\t\t\t\t<span class=\"ls-hebergement__icon\">\n\t\t\t\t<i class=\"montana_three-area\"><\/i>\n\t\t\t\t12m\u00b2\n\t\t\t<\/span>\n\t\t\t\n\t\t\t\t\t\t<span class=\"ls-hebergement__icon\">\n\t\t\t\t<i class=\"montana_three-door\"><\/i>\n\t\t\t\t\t\t\t\t1 camera\t\t\t\t\t\t\t<\/span>\n\t\t\t\n\t\t\t\t\t\t<span class=\"ls-hebergement__icon\">\n\t\t\t\t<i class=\"montana_three-bed\"><\/i>\n\t\t\t\t\t\t\t\t<span>1 letto<\/span>\n\t\t\t\t\t\t\t<\/span>\n\t\t\t\n\t\t\t<!--  -->\n\n\t\t\t\t\t<\/div>\n\t<\/div>\n\n\t<div class=\"ls-hebergement__title\">\n\t\tIgloo nella natura &#8211; bagni condivisi\t<\/div>\n\t<div class=\"ls-hebergement__disponibilites\">\n\t\tScoprire<span>+<\/span>\t<\/div>\n<\/div><div class=\"ls-hebergement\" data-postid='2942' data-id-reservation='83151' data-id-site='' data-id1='' data-nombre_de_personnes='4' data-nombre_de_chambres='1' data-type='insolites'>\n\t<div class=\"ls-hebergement__thumb\">\n\t\t\t\t<img decoding=\"async\" src=\"https:\/\/www.campinglemontana.fr\/wp-content\/uploads\/2022\/07\/montana-11.jpg\" alt=\"Chalet Montana &#8211; bagni condivisi\" \/>\n\t<\/div>\n\n\t<div class=\"ls-hebergement__details\">\n\n\t\t<div class=\"ls-hebergement__icons\">\n\n\t\t\t\t\t\t<span class=\"ls-hebergement__icon\">\n\t\t\t\t<i class=\"montana_three-famille\"><\/i>\n\t\t\t\t4\t\t\t<\/span>\n\t\t\t\n\t\t\t<!--  -->\n\n\t\t\t\t\t\t<span class=\"ls-hebergement__icon\">\n\t\t\t\t<i class=\"montana_three-area\"><\/i>\n\t\t\t\t24m\u00b2\n\t\t\t<\/span>\n\t\t\t\n\t\t\t\t\t\t<span class=\"ls-hebergement__icon\">\n\t\t\t\t<i class=\"montana_three-door\"><\/i>\n\t\t\t\t\t\t\t\t1 camera\t\t\t\t\t\t\t<\/span>\n\t\t\t\n\t\t\t\n\t\t\t<!--  -->\n\n\t\t\t\t\t<\/div>\n\t<\/div>\n\n\t<div class=\"ls-hebergement__title\">\n\t\tChalet Montana &#8211; bagni condivisi\t<\/div>\n\t<div class=\"ls-hebergement__disponibilites\">\n\t\tScoprire<span>+<\/span>\t<\/div>\n<\/div><\/div><\/div>\n\r\n    <\/div>\r\n<\/section>\n\n\n<h2 class=\"ls__heading has-text-align-center wp-block-heading\">Tutti i nostri noleggi<br>nelle Hautes-Alpes<\/h2>\n\n\n<section id=\"ls-section-block_014725900a902270ce2b1b2ed2271912\" class=\"ls-section \" >\r\n        <div class=\"container container--wide\">\r\n        \n\n<div class=\"wp-block-columns is-layout-flex wp-container-core-columns-is-layout-9d6595d7 wp-block-columns-is-layout-flex\">\n<div class=\"wp-block-column is-layout-flow wp-block-column-is-layout-flow\">\n<h3 class=\"ls-heading wp-block-heading\">Vi sentirete<br>a casa<\/h3>\n\n\n\n<p class=\"ls-paragraph\">Una <strong>piccola terrazza<\/strong> per le giornate di sole<\/p>\n\n\n\n<p class=\"ls-paragraph\">Siete alla ricerca di un bungalow in affitto nelle Hautes-Alpes? Il campeggio Le Montana, situato nel comune di <strong>Val-des-Pr\u00e9s<\/strong>, vi accoglie nei suoi alloggi economici e confortevoli nel cuore della natura.&nbsp;<\/p>\n\n\n\n<p class=\"ls-paragraph\">Scegliendo un <strong>bungalow con terrazza<\/strong>, sarete sicuri di passare dei <strong>bei momenti<\/strong> in famiglia o con gli amici. Durante un buon pasto o un pomeriggio di giochi da tavolo, potrete respirare l&#8217;aria fresca di montagna sotto il sole delle Hautes-Alpes.<\/p>\n<\/div>\n\n\n\n<div class=\"wp-block-column is-layout-flow wp-block-column-is-layout-flow\">\n<h3 class=\"ls-heading wp-block-heading\">Siete un gruppo numeroso?<br><strong>Possiamo ospitare fino a 8 persone<\/strong><\/h3>\n\n\n\n<p class=\"ls-paragraph\">Volete trascorrere una vacanza con pi\u00f9 persone e condividere un <strong>alloggio in affitto<\/strong>? Possiamo ospitare fino a <strong>8 persone<\/strong> nello stesso bungalow per il vostro soggiorno in famiglia o con gli amici.<\/p>\n\n\n\n<p class=\"ls-paragraph\">Il <strong>cottage Montana<\/strong> con 3 camere da letto \u00e8 particolarmente confortevole per 6-8 persone. \u00c8 inoltre possibile prenotare piazzole scoperte per roulotte, camper e tende da 2 a 6 persone.<\/p>\n<\/div>\n<\/div>\n\n\r\n    <\/div>\r\n<\/section>\n\n\n<h2 class=\"ls__heading has-text-align-center wp-block-heading\">Il vostro soggiorno nella natura nelle nostre tende di legno<br>in Val-des-Pr\u00e9s<\/h2>\n\n\n<section id=\"ls-section-block_014725900a902270ce2b1b2ed2271912\" class=\"ls-section \" >\r\n        <div class=\"container container--wide\">\r\n        \n\n<div class=\"wp-block-columns is-layout-flex wp-container-core-columns-is-layout-9d6595d7 wp-block-columns-is-layout-flex\">\n<div class=\"wp-block-column is-layout-flow wp-block-column-is-layout-flow\">\n<h3 class=\"ls-heading wp-block-heading\">Questo noleggio vi lascer\u00e0 con<br>un ricordo indimenticabile<\/h3>\n\n\n\n<p class=\"ls-paragraph\">Provate l&#8217;<strong>esperienza del glamping<\/strong> affittando una <strong>comoda tenda<\/strong> a Val-des-Pr\u00e9s! Vi lascer\u00e0 un ricordo meraviglioso della vostra vacanza nelle Hautes-Alpes. Le nostre tende preinstallate possono <strong>ospitare da 2 a 5<\/strong> <strong>persone<\/strong> a seconda della sistemazione scelta.<\/p>\n\n\n<div class=\"wp-block-image\">\n<figure class=\"aligncenter size-full is-resized\"><img loading=\"lazy\" decoding=\"async\" src=\"https:\/\/www.campinglemontana.fr\/wp-content\/uploads\/2022\/08\/chien.png\" alt=\"animaux accepte camping\" class=\"wp-image-1780\" width=\"45\" height=\"45\"\/><\/figure>\n<\/div>\n\n\n<p class=\"ls-paragraph has-text-align-center m-t-0\"><mark style=\"background-color:rgba(0, 0, 0, 0)\" class=\"has-inline-color has-color-5-color\">Anche gli animali domestici sono i benvenuti a un costo aggiuntivo.<\/mark><\/p>\n\n\n\n<p class=\"ls-paragraph\">Il <a href=\"\/it\/\">Camping Le Montana<\/a> vi offre la possibilit\u00e0 di soggiornare in una comoda tenda in uno dei <strong>tre diversi tipi di alloggio<\/strong>. La scelta dipende dalla stagione in cui decidete di venire a Val-des-Pr\u00e9s. La <strong>Cabatente <\/strong> con servizi igienici e struttura in legno \u00e8 adatta alle temperature invernali, cos\u00ec come le <strong>tende Prospecteur<\/strong> con stufa a legna. La <strong>tenda da bivacco<\/strong>, invece, \u00e8 pi\u00f9 adatta alle stagioni pi\u00f9 calde.<\/p>\n<\/div>\n\n\n\n<div class=\"wp-block-column is-layout-flow wp-block-column-is-layout-flow\">\n<h3 class=\"ls-heading wp-block-heading\">Un&#8217;esperienza unica<br>in una sistemazione insolita<\/h3>\n\n\n\n<h4 class=\"ls-heading wp-block-heading\">Un bellissimo alloggio glamping per voi!<\/h4>\n\n\n\n<p class=\"ls-paragraph\">Se volete godervi il campeggio in modo diverso, con tutti i comfort necessari, il <strong>glamping <\/strong>\u00e8 la soluzione ideale! Trascorrerete sicuramente delle vacanze atipiche e piene di fascino nelle Hautes-Alpes con i nostri <strong>alloggi insoliti<\/strong>.<\/p>\n\n\n\n<p class=\"ls-paragraph\">Capanna di legno, cupola, bungalow, tenda premium\u2026 gli alloggi pi\u00f9 belli vi aspettano a Val-des-Pr\u00e9s.<\/p>\n\n\n\n<h4 class=\"ls-heading wp-block-heading\">Atmosfera accogliente o testa tra le stelle?<\/h4>\n\n\n\n<p class=\"ls-paragraph\">Volete trascorrere una <strong>vacanza indimenticabile in un ambiente insolito<\/strong>?<\/p>\n\n\n\n<p class=\"ls-paragraph\">Il nostro <strong>insolito alloggio<\/strong> a Val-des-Pr\u00e9s garantisce un soggiorno sensazionale a contatto con la natura. Con la sua apertura panoramica, il Dome far\u00e0 la gioia delle coppie che vogliono avere le stelle negli occhi.<\/p>\n\n\n\n<p class=\"ls-paragraph\">Offrendo un&#8217;<strong>atmosfera pi\u00f9 accogliente<\/strong>, il r<strong>ifugio in legno Pod<\/strong>, i bungalow in affitto e le <a href=\"\/it\/noleggio-piazzole-val-des-pres\/\">piazzole<\/a> vi accolgono in tutte le stagioni in un ambiente verde.<\/p>\n<\/div>\n<\/div>\n\n\r\n    <\/div>\r\n<\/section>\n\n<section id=\"ls-section-block_e98947008c5f9ff5b47c681b60493ede\" class=\"ls-section  icones-services has-background has-color-white-background-color has-text-color has-color-5-color has-p-b p-b-18\" >\r\n        <div class=\"container container--wide\">\r\n        \n\n<h2 class=\"ls__heading has-text-align-center m-b-10 has-color-5-color has-text-color wp-block-heading\">I vantaggi del nostro alloggio<\/h2>\n\n\n\n<div class=\"wp-block-columns m-t-10 has-color-black-color has-text-color is-layout-flex wp-container-core-columns-is-layout-9d6595d7 wp-block-columns-is-layout-flex\">\n<div class=\"wp-block-column animated fadeInUp has-color-black-color has-text-color is-layout-flow wp-block-column-is-layout-flow\">\n<span class=\"montana_four-mobile-house\"><\/span>\n\n\n\n<p class=\"ls-paragraph has-text-align-center\">Una variet\u00e0 di alloggi per tutte le esigenze (bungalows, tende)<\/p>\n<\/div>\n\n\n\n<div class=\"wp-block-column animated fadeInUp delay-100ms is-layout-flow wp-block-column-is-layout-flow\">\n<span class=\"montana_four-tente\"><\/span>\n\n\n\n<p class=\"ls-paragraph has-text-align-center\">Una sistemazione insolita per un cambio totale di scenario<\/p>\n<\/div>\n\n\n\n<div class=\"wp-block-column animated fadeInUp delay-200ms is-layout-flow wp-block-column-is-layout-flow\">\n<span class=\"montana_four-dome\"><\/span>\n\n\n\n<p class=\"ls-paragraph has-text-align-center\">Alloggio per biker, escursionisti e ciclisti nelle serate di pioggia (tende da bivacco, POD)<\/p>\n<\/div>\n\n\n\n<div class=\"wp-block-column animated fadeInUp delay-500ms is-layout-flow wp-block-column-is-layout-flow\">\n<span class=\"montana_four-montagne\"><\/span>\n\n\n\n<p class=\"ls-paragraph has-text-align-center\">Vista sulle montagne da qualsiasi posizione<\/p>\n<\/div>\n<\/div>\n\n\r\n    <\/div>\r\n<\/section>\n\n<section id=\"ls-section-block_14d7c96d515ea2b93757861f0ada3dce\" class=\"ls-section  page-avis has-background has-color-3-background-color has-p-t p-t-14 has-p-b p-b-20\" >\r\n        <div class=\"container container--wide\">\r\n        \n\n<div id=\"ls-heading ls-titre-div-block_9b5c773a9e8b2c6a4e1a1db4d62c85db\" class=\"ls-titre-div h2-like\" >\n    OPINIONI DEI CAMPEGGIATORI <\/br><strong>SUI NOSTRI AFFITTI<\/strong><\/div>\n\n\n<div class=\"avis-container-pages\"><div class=\"avis\"><div class=\"avis-contenu\"><p>Campeggio molto piacevole, ottima accoglienza, ottimi servizi igienici, tende alte molto belle, piscina pulita e calda.<br \/>\nColazione in cima! Pane e generi alimentari venduti in loco.<br \/>\nPossibilit\u00e0 di andare a mangiare a 3 minuti a piedi.<br \/>\nDa consigliare e non esitate a venire a dormire l\u00ec!<\/p>\n<\/div><div class=\"avis-user\"><div class=\"avis-user__box-two\"><div class=\"avis-name\"><\/div><div class=\"avis-note\">\n                        <span><i class=\"icon-stars\"><\/i><\/span><span><i class=\"icon-stars\"><\/i><\/span><span><i class=\"icon-stars\"><\/i><\/span><span><i class=\"icon-stars\"><\/i><\/span><span><i class=\"icon-stars\"><\/i><\/span>\n                    <\/div><\/div><\/div><\/div><div class=\"avis\"><div class=\"avis-contenu\"><p>Campeggio molto ben posizionato tra Brian\u00e7on e N\u00e9vache.<br \/>\nAlloggio molto pulito e ben tenuto.<br \/>\nPersonale molto accogliente con un direttore che si prende cura dei suoi clienti.<br \/>\nConsiglio vivamente questo campeggio e probabilmente ci torner\u00f2 la prossima volta che sar\u00f2 in zona.<br \/>\nVi auguro il meglio.<\/p>\n<\/div><div class=\"avis-user\"><div class=\"avis-user__box-two\"><div class=\"avis-name\"><\/div><div class=\"avis-note\">\n                        <span><i class=\"icon-stars\"><\/i><\/span><span><i class=\"icon-stars\"><\/i><\/span><span><i class=\"icon-stars\"><\/i><\/span><span><i class=\"icon-stars\"><\/i><\/span><span><i class=\"icon-stars\"><\/i><\/span>\n                    <\/div><\/div><\/div><\/div><div class=\"avis\"><div class=\"avis-contenu\"><p>Un ottimo campeggio con una fresca accoglienza da parte di Christophe, che ascolta, \u00e8 disponibile e ha una grande casa mobile, molto pulita, e un ambiente splendido. C&#8217;\u00e8 tutto il necessario per un buon prezzo, niente da dire. Brian\u00e7on \u00e8 vicina. Grazie a Christophe per questo breve soggiorno, torneremo.<\/p>\n<\/div><div class=\"avis-user\"><div class=\"avis-user__box-two\"><div class=\"avis-name\"><\/div><div class=\"avis-note\">\n                        <span><i class=\"icon-stars\"><\/i><\/span><span><i class=\"icon-stars\"><\/i><\/span><span><i class=\"icon-stars\"><\/i><\/span><span><i class=\"icon-stars\"><\/i><\/span><span><i class=\"icon-stars\"><\/i><\/span>\n                    <\/div><\/div><\/div><\/div><\/div>\n\n\r\n    <\/div>\r\n<\/section>\n\n<section id=\"ls-section-block_c5dcd455ee3156106ef6ec55406f1765\" class=\"ls-section  page-maillage has-p-t p-t-14 has-p-b p-b-14\" >\r\n        <div class=\"container container--wide\">\r\n        \n\n<div id=\"ls-heading ls-titre-div-block_334bb13763a4ef1f1cc7e526492b00f5\" class=\"ls-titre-div h2-like\" >\n    SCOPRIRE LA PISCINA, LE PIAZZOLE E <br\/><strong>LE TARIFFE DEL NOSTRO CAMPEGGIO<\/strong><\/div>\n\n\n<div id=\"ls-maillage-block_f73595d516334e337a886e5b33c81906\" class=\"ls-maillage cta-style-normal\" data-rows=\"3\">\r\n    <div class=\"wp-block-columns\"><div class=\"wp-block-column\">\n\n<a href=\"https:\/\/www.campinglemontana.fr\/it\/campeggio-piscina-val-des-pres\/\" target=\"\" rel=\"noopener\" class=\"ls-cta__link\">\n\n\t<div class=\"ls-cta__image\"><img decoding=\"async\" src=\"https:\/\/www.campinglemontana.fr\/wp-content\/uploads\/2022\/07\/piscine-chauffee-hautes-alpes.jpg\" alt=\"piscine chauffee hautes alpes\"><\/div>\n\t<div class=\"ls-cta__title\">\n\t\tIntorno all&#8217;acqua<span>+<\/span>\n\t<\/div>\n\n\t\t\n<\/a><\/div><div class=\"wp-block-column\">\n\n<a href=\"https:\/\/www.campinglemontana.fr\/it\/noleggio-piazzole-val-des-pres\/\" target=\"\" rel=\"noopener\" class=\"ls-cta__link\">\n\n\t<div class=\"ls-cta__image\"><img decoding=\"async\" src=\"https:\/\/www.campinglemontana.fr\/wp-content\/uploads\/2022\/08\/camping-caravaning-val-de-pres.jpg\" alt=\"camping caravaning val de pres\"><\/div>\n\t<div class=\"ls-cta__title\">\n\t\tPiazzole<span>+<\/span>\n\t<\/div>\n\n\t\t\n<\/a><\/div><div class=\"wp-block-column\">\n\n<a href=\"https:\/\/www.campinglemontana.fr\/it\/campeggio-piccolo-prezzo-val-des-pres\/\" target=\"\" rel=\"noopener\" class=\"ls-cta__link\">\n\n\t<div class=\"ls-cta__image\"><img decoding=\"async\" src=\"https:\/\/www.campinglemontana.fr\/wp-content\/uploads\/2022\/08\/camping-caravaniing-pas-cher-hautes-alpes.jpg\" alt=\"camping-caravaniing pas cher hautes alpes\"><\/div>\n\t<div class=\"ls-cta__title\">\n\t\tTariffe<span>+<\/span>\n\t<\/div>\n\n\t\t\n<\/a><\/div><\/div><\/div>\n\r\n    <\/div>\r\n<\/section>","protected":false},"excerpt":{"rendered":"<p>Tutti i nostri nolegginelle Hautes-Alpes Il vostro soggiorno nella natura nelle nostre tende di legnoin Val-des-Pr\u00e9s<\/p>\n","protected":false},"author":1,"featured_media":1270,"parent":0,"menu_order":0,"comment_status":"closed","ping_status":"closed","template":"","meta":{"_acf_changed":false,"footnotes":""},"sujet":[],"class_list":["post-2601","page","type-page","status-publish","has-post-thumbnail","hentry"],"acf":[],"yoast_head":"<!-- This site is optimized with the Yoast SEO plugin v23.4 - https:\/\/yoast.com\/wordpress\/plugins\/seo\/ -->\n<title>Affitto bungalow Val-des-Pr\u00e9s | Affitto bungalow Hautes-Alpes<\/title>\n<meta name=\"robots\" content=\"index, follow, max-snippet:-1, max-image-preview:large, max-video-preview:-1\" \/>\n<link rel=\"canonical\" href=\"https:\/\/www.campinglemontana.fr\/it\/affito-bungalow-val-des-pres\/\" \/>\n<meta property=\"og:locale\" content=\"it_IT\" \/>\n<meta property=\"og:type\" content=\"article\" \/>\n<meta property=\"og:title\" content=\"Affitto bungalow Val-des-Pr\u00e9s | Affitto bungalow Hautes-Alpes\" \/>\n<meta property=\"og:description\" content=\"Tutti i nostri nolegginelle Hautes-Alpes Il vostro soggiorno nella natura nelle nostre tende di legnoin Val-des-Pr\u00e9s\" \/>\n<meta property=\"og:url\" content=\"https:\/\/www.campinglemontana.fr\/it\/affito-bungalow-val-des-pres\/\" \/>\n<meta property=\"og:site_name\" content=\"Camping Le Montana\" \/>\n<meta property=\"article:modified_time\" content=\"2024-04-21T10:06:44+00:00\" \/>\n<meta property=\"og:image\" content=\"https:\/\/www.campinglemontana.fr\/wp-content\/uploads\/2022\/08\/location-atypique-val-des-pres.jpg\" \/>\n\t<meta property=\"og:image:width\" content=\"1903\" \/>\n\t<meta property=\"og:image:height\" content=\"682\" \/>\n\t<meta property=\"og:image:type\" content=\"image\/jpeg\" \/>\n<meta name=\"twitter:card\" content=\"summary_large_image\" \/>\n<meta name=\"twitter:label1\" content=\"Tempo di lettura stimato\" \/>\n\t<meta name=\"twitter:data1\" content=\"3 minuti\" \/>\n<script type=\"application\/ld+json\" class=\"yoast-schema-graph\">{\"@context\":\"https:\/\/schema.org\",\"@graph\":[{\"@type\":\"WebPage\",\"@id\":\"https:\/\/www.campinglemontana.fr\/it\/affito-bungalow-val-des-pres\/\",\"url\":\"https:\/\/www.campinglemontana.fr\/it\/affito-bungalow-val-des-pres\/\",\"name\":\"Affitto bungalow Val-des-Pr\u00e9s | Affitto bungalow Hautes-Alpes\",\"isPartOf\":{\"@id\":\"https:\/\/www.campinglemontana.fr\/it\/#website\"},\"primaryImageOfPage\":{\"@id\":\"https:\/\/www.campinglemontana.fr\/it\/affito-bungalow-val-des-pres\/#primaryimage\"},\"image\":{\"@id\":\"https:\/\/www.campinglemontana.fr\/it\/affito-bungalow-val-des-pres\/#primaryimage\"},\"thumbnailUrl\":\"https:\/\/www.campinglemontana.fr\/wp-content\/uploads\/2022\/08\/location-atypique-val-des-pres.jpg\",\"datePublished\":\"2022-07-12T09:14:43+00:00\",\"dateModified\":\"2024-04-21T10:06:44+00:00\",\"breadcrumb\":{\"@id\":\"https:\/\/www.campinglemontana.fr\/it\/affito-bungalow-val-des-pres\/#breadcrumb\"},\"inLanguage\":\"it-IT\",\"potentialAction\":[{\"@type\":\"ReadAction\",\"target\":[\"https:\/\/www.campinglemontana.fr\/it\/affito-bungalow-val-des-pres\/\"]}]},{\"@type\":\"ImageObject\",\"inLanguage\":\"it-IT\",\"@id\":\"https:\/\/www.campinglemontana.fr\/it\/affito-bungalow-val-des-pres\/#primaryimage\",\"url\":\"https:\/\/www.campinglemontana.fr\/wp-content\/uploads\/2022\/08\/location-atypique-val-des-pres.jpg\",\"contentUrl\":\"https:\/\/www.campinglemontana.fr\/wp-content\/uploads\/2022\/08\/location-atypique-val-des-pres.jpg\",\"width\":1903,\"height\":682,\"caption\":\"location atypique val des pres\"},{\"@type\":\"BreadcrumbList\",\"@id\":\"https:\/\/www.campinglemontana.fr\/it\/affito-bungalow-val-des-pres\/#breadcrumb\",\"itemListElement\":[{\"@type\":\"ListItem\",\"position\":1,\"name\":\"Campeggio Hautes-Alpes\",\"item\":\"https:\/\/www.campinglemontana.fr\/it\/\"},{\"@type\":\"ListItem\",\"position\":2,\"name\":\"Affittare una casa mobile nelle Hautes-Alpesa\"}]},{\"@type\":\"WebSite\",\"@id\":\"https:\/\/www.campinglemontana.fr\/it\/#website\",\"url\":\"https:\/\/www.campinglemontana.fr\/it\/\",\"name\":\"Camping Le Montana\",\"description\":\"\",\"publisher\":{\"@id\":\"https:\/\/www.campinglemontana.fr\/it\/#organization\"},\"potentialAction\":[{\"@type\":\"SearchAction\",\"target\":{\"@type\":\"EntryPoint\",\"urlTemplate\":\"https:\/\/www.campinglemontana.fr\/it\/?s={search_term_string}\"},\"query-input\":{\"@type\":\"PropertyValueSpecification\",\"valueRequired\":true,\"valueName\":\"search_term_string\"}}],\"inLanguage\":\"it-IT\"},{\"@type\":\"Organization\",\"@id\":\"https:\/\/www.campinglemontana.fr\/it\/#organization\",\"name\":\"Camping Le Montana\",\"url\":\"https:\/\/www.campinglemontana.fr\/it\/\",\"logo\":{\"@type\":\"ImageObject\",\"inLanguage\":\"it-IT\",\"@id\":\"https:\/\/www.campinglemontana.fr\/it\/#\/schema\/logo\/image\/\",\"url\":\"http:\/\/campinglemontana.fr\/wp-content\/uploads\/2022\/07\/logo-camping-montana_favicon-1.png\",\"contentUrl\":\"http:\/\/campinglemontana.fr\/wp-content\/uploads\/2022\/07\/logo-camping-montana_favicon-1.png\",\"width\":4052,\"height\":4051,\"caption\":\"Camping Le Montana\"},\"image\":{\"@id\":\"https:\/\/www.campinglemontana.fr\/it\/#\/schema\/logo\/image\/\"}}]}<\/script>\n<!-- \/ Yoast SEO plugin. -->","yoast_head_json":{"title":"Affitto bungalow Val-des-Pr\u00e9s | Affitto bungalow Hautes-Alpes","robots":{"index":"index","follow":"follow","max-snippet":"max-snippet:-1","max-image-preview":"max-image-preview:large","max-video-preview":"max-video-preview:-1"},"canonical":"https:\/\/www.campinglemontana.fr\/it\/affito-bungalow-val-des-pres\/","og_locale":"it_IT","og_type":"article","og_title":"Affitto bungalow Val-des-Pr\u00e9s | Affitto bungalow Hautes-Alpes","og_description":"Tutti i nostri nolegginelle Hautes-Alpes Il vostro soggiorno nella natura nelle nostre tende di legnoin Val-des-Pr\u00e9s","og_url":"https:\/\/www.campinglemontana.fr\/it\/affito-bungalow-val-des-pres\/","og_site_name":"Camping Le Montana","article_modified_time":"2024-04-21T10:06:44+00:00","og_image":[{"width":1903,"height":682,"url":"https:\/\/www.campinglemontana.fr\/wp-content\/uploads\/2022\/08\/location-atypique-val-des-pres.jpg","type":"image\/jpeg"}],"twitter_card":"summary_large_image","twitter_misc":{"Tempo di lettura stimato":"3 minuti"},"schema":{"@context":"https:\/\/schema.org","@graph":[{"@type":"WebPage","@id":"https:\/\/www.campinglemontana.fr\/it\/affito-bungalow-val-des-pres\/","url":"https:\/\/www.campinglemontana.fr\/it\/affito-bungalow-val-des-pres\/","name":"Affitto bungalow Val-des-Pr\u00e9s | Affitto bungalow Hautes-Alpes","isPartOf":{"@id":"https:\/\/www.campinglemontana.fr\/it\/#website"},"primaryImageOfPage":{"@id":"https:\/\/www.campinglemontana.fr\/it\/affito-bungalow-val-des-pres\/#primaryimage"},"image":{"@id":"https:\/\/www.campinglemontana.fr\/it\/affito-bungalow-val-des-pres\/#primaryimage"},"thumbnailUrl":"https:\/\/www.campinglemontana.fr\/wp-content\/uploads\/2022\/08\/location-atypique-val-des-pres.jpg","datePublished":"2022-07-12T09:14:43+00:00","dateModified":"2024-04-21T10:06:44+00:00","breadcrumb":{"@id":"https:\/\/www.campinglemontana.fr\/it\/affito-bungalow-val-des-pres\/#breadcrumb"},"inLanguage":"it-IT","potentialAction":[{"@type":"ReadAction","target":["https:\/\/www.campinglemontana.fr\/it\/affito-bungalow-val-des-pres\/"]}]},{"@type":"ImageObject","inLanguage":"it-IT","@id":"https:\/\/www.campinglemontana.fr\/it\/affito-bungalow-val-des-pres\/#primaryimage","url":"https:\/\/www.campinglemontana.fr\/wp-content\/uploads\/2022\/08\/location-atypique-val-des-pres.jpg","contentUrl":"https:\/\/www.campinglemontana.fr\/wp-content\/uploads\/2022\/08\/location-atypique-val-des-pres.jpg","width":1903,"height":682,"caption":"location atypique val des pres"},{"@type":"BreadcrumbList","@id":"https:\/\/www.campinglemontana.fr\/it\/affito-bungalow-val-des-pres\/#breadcrumb","itemListElement":[{"@type":"ListItem","position":1,"name":"Campeggio Hautes-Alpes","item":"https:\/\/www.campinglemontana.fr\/it\/"},{"@type":"ListItem","position":2,"name":"Affittare una casa mobile nelle Hautes-Alpesa"}]},{"@type":"WebSite","@id":"https:\/\/www.campinglemontana.fr\/it\/#website","url":"https:\/\/www.campinglemontana.fr\/it\/","name":"Camping Le Montana","description":"","publisher":{"@id":"https:\/\/www.campinglemontana.fr\/it\/#organization"},"potentialAction":[{"@type":"SearchAction","target":{"@type":"EntryPoint","urlTemplate":"https:\/\/www.campinglemontana.fr\/it\/?s={search_term_string}"},"query-input":{"@type":"PropertyValueSpecification","valueRequired":true,"valueName":"search_term_string"}}],"inLanguage":"it-IT"},{"@type":"Organization","@id":"https:\/\/www.campinglemontana.fr\/it\/#organization","name":"Camping Le Montana","url":"https:\/\/www.campinglemontana.fr\/it\/","logo":{"@type":"ImageObject","inLanguage":"it-IT","@id":"https:\/\/www.campinglemontana.fr\/it\/#\/schema\/logo\/image\/","url":"http:\/\/campinglemontana.fr\/wp-content\/uploads\/2022\/07\/logo-camping-montana_favicon-1.png","contentUrl":"http:\/\/campinglemontana.fr\/wp-content\/uploads\/2022\/07\/logo-camping-montana_favicon-1.png","width":4052,"height":4051,"caption":"Camping Le Montana"},"image":{"@id":"https:\/\/www.campinglemontana.fr\/it\/#\/schema\/logo\/image\/"}}]}},"_links":{"self":[{"href":"https:\/\/www.campinglemontana.fr\/it\/wp-json\/wp\/v2\/pages\/2601","targetHints":{"allow":["GET"]}}],"collection":[{"href":"https:\/\/www.campinglemontana.fr\/it\/wp-json\/wp\/v2\/pages"}],"about":[{"href":"https:\/\/www.campinglemontana.fr\/it\/wp-json\/wp\/v2\/types\/page"}],"author":[{"embeddable":true,"href":"https:\/\/www.campinglemontana.fr\/it\/wp-json\/wp\/v2\/users\/1"}],"replies":[{"embeddable":true,"href":"https:\/\/www.campinglemontana.fr\/it\/wp-json\/wp\/v2\/comments?post=2601"}],"version-history":[{"count":23,"href":"https:\/\/www.campinglemontana.fr\/it\/wp-json\/wp\/v2\/pages\/2601\/revisions"}],"predecessor-version":[{"id":3403,"href":"https:\/\/www.campinglemontana.fr\/it\/wp-json\/wp\/v2\/pages\/2601\/revisions\/3403"}],"wp:featuredmedia":[{"embeddable":true,"href":"https:\/\/www.campinglemontana.fr\/it\/wp-json\/wp\/v2\/media\/1270"}],"wp:attachment":[{"href":"https:\/\/www.campinglemontana.fr\/it\/wp-json\/wp\/v2\/media?parent=2601"}],"wp:term":[{"taxonomy":"sujet","embeddable":true,"href":"https:\/\/www.campinglemontana.fr\/it\/wp-json\/wp\/v2\/sujet?post=2601"}],"curies":[{"name":"wp","href":"https:\/\/api.w.org\/{rel}","templated":true}]}}