{"id":2610,"date":"2022-07-12T11:09:29","date_gmt":"2022-07-12T09:09:29","guid":{"rendered":"http:\/\/campinglemontana.fr\/camping-familial-val-des-pres\/"},"modified":"2024-05-01T19:56:41","modified_gmt":"2024-05-01T17:56:41","slug":"campeggio-per-famiglie-val-des-pres","status":"publish","type":"page","link":"https:\/\/www.campinglemontana.fr\/it\/campeggio-per-famiglie-val-des-pres\/","title":{"rendered":"Servizi e animazioni"},"content":{"rendered":"<section id=\"ls-section-block_10994974e7007899f0c3a9f30ce12a42\" class=\"ls-section  page-chapeau\" >\r\n        <div class=\"container \">\r\n        \n\n<h1 class=\"ls__heading wp-block-heading animated fadeInUp delay-200ms\">La vostra vacanza in un<br><strong>Campeggio a 3 stelle<\/strong><\/h1>\n\n\r\n    <\/div>\r\n<\/section>\n\n<section id=\"ls-section-block_2165644dadaf9821dc2ad7b0df13dee1\" class=\"ls-section  galerie-trois-photos has-p-t p-t-0 has-p-b p-b-14\" >\r\n        <div class=\"container container--wide\">\r\n        \n\n<figure class=\"wp-block-gallery has-nested-images columns-default is-cropped wp-block-gallery-1 is-layout-flex wp-block-gallery-is-layout-flex\">\n<figure class=\"wp-block-image size-full animated fadeInUp delay-100ms\"><a href=\"https:\/\/www.campinglemontana.fr\/wp-content\/uploads\/2022\/09\/accueil-camping-le-montana.jpg\"><img loading=\"lazy\" decoding=\"async\" width=\"990\" height=\"541\" data-id=\"1986\" src=\"https:\/\/www.campinglemontana.fr\/wp-content\/uploads\/2022\/09\/accueil-camping-le-montana.jpg\" alt=\"accueil camping\" class=\"wp-image-1986\" srcset=\"https:\/\/www.campinglemontana.fr\/wp-content\/uploads\/2022\/09\/accueil-camping-le-montana.jpg 990w, https:\/\/www.campinglemontana.fr\/wp-content\/uploads\/2022\/09\/accueil-camping-le-montana-300x164.jpg 300w, https:\/\/www.campinglemontana.fr\/wp-content\/uploads\/2022\/09\/accueil-camping-le-montana-768x420.jpg 768w\" sizes=\"auto, (max-width: 990px) 100vw, 990px\" \/><\/a><\/figure>\n\n\n\n<figure class=\"wp-block-image size-full animated fadeInUp delay-200ms\"><a href=\"https:\/\/www.campinglemontana.fr\/wp-content\/uploads\/2022\/09\/camping-snack-val-des-pres.jpg\"><img loading=\"lazy\" decoding=\"async\" width=\"990\" height=\"541\" data-id=\"2018\" src=\"https:\/\/www.campinglemontana.fr\/wp-content\/uploads\/2022\/09\/camping-snack-val-des-pres.jpg\" alt=\"camping snack val des pres\" class=\"wp-image-2018\" srcset=\"https:\/\/www.campinglemontana.fr\/wp-content\/uploads\/2022\/09\/camping-snack-val-des-pres.jpg 990w, https:\/\/www.campinglemontana.fr\/wp-content\/uploads\/2022\/09\/camping-snack-val-des-pres-300x164.jpg 300w, https:\/\/www.campinglemontana.fr\/wp-content\/uploads\/2022\/09\/camping-snack-val-des-pres-768x420.jpg 768w\" sizes=\"auto, (max-width: 990px) 100vw, 990px\" \/><\/a><\/figure>\n\n\n\n<figure class=\"wp-block-image size-full animated fadeInUp delay-500ms\"><a href=\"https:\/\/www.campinglemontana.fr\/wp-content\/uploads\/2022\/09\/pizza-val-des-pres.jpg\"><img loading=\"lazy\" decoding=\"async\" width=\"990\" height=\"541\" data-id=\"2015\" src=\"https:\/\/www.campinglemontana.fr\/wp-content\/uploads\/2022\/09\/pizza-val-des-pres.jpg\" alt=\"pizza val des pres\" class=\"wp-image-2015\" srcset=\"https:\/\/www.campinglemontana.fr\/wp-content\/uploads\/2022\/09\/pizza-val-des-pres.jpg 990w, https:\/\/www.campinglemontana.fr\/wp-content\/uploads\/2022\/09\/pizza-val-des-pres-300x164.jpg 300w, https:\/\/www.campinglemontana.fr\/wp-content\/uploads\/2022\/09\/pizza-val-des-pres-768x420.jpg 768w\" sizes=\"auto, (max-width: 990px) 100vw, 990px\" \/><\/a><\/figure>\n<\/figure>\n\n\n\n<div class=\"wp-block-columns is-layout-flex wp-container-core-columns-is-layout-9d6595d7 wp-block-columns-is-layout-flex\">\n<div class=\"wp-block-column is-layout-flow wp-block-column-is-layout-flow\">\n<h2 class=\"ls__heading wp-block-heading\">I nostri orari di apertura<\/h2>\n\n\n\n<p class=\"ls-paragraph\">Siamo lieti di darvi il benvenuto al <a href=\"\/it\/\">campeggio Le Montana nelle Hautes-Alpes<\/a>. Da aprile a ottobre: la nostra reception \u00e8 aperta:<\/p>\n\n\n\n<ul class=\"ls-list wp-block-list\"><li>in alta stagione dalle 7.30 alle 12.00 e dalle 14.00 alle 20.00<\/li><li>in bassa stagione dalle 7.30 alle 12.00 e dalle 14.00 alle 18.00.<\/li><\/ul>\n\n\n\n<p class=\"ls-paragraph\">Situato alle porte della valle della Clar\u00e9e e a 4 km da Brian\u00e7on, il nostro campeggio si estende su una <strong>superficie alberata di 2,4 ettari<\/strong>. Il nostro stabilimento all&#8217;aperto \u00e8 immerso alla natura, perfetto per gli sport all&#8217;aria aperta. Risiederete in un ambiente tranquillo, familiare e molto rilassante.<\/p>\n<\/div>\n\n\n\n<div class=\"wp-block-column is-layout-flow wp-block-column-is-layout-flow\">\n<h2 class=\"ls__heading wp-block-heading\">Lo snack bar Montana<\/h2>\n\n\n\n<p class=\"ls-paragraph\">Da giugno a settembre, durante l&#8217;alta stagione: <strong>mangiate <\/strong>o <strong>portate <\/strong>via <strong>uno dei nostri prodotti snack<\/strong>.<\/p>\n\n\n\n<p class=\"ls-paragraph\"><strong>Fatti in casa<\/strong>, <strong>dolci <\/strong>o <strong>salati<\/strong>, ce n&#8217;\u00e8 per tutti i gusti.<\/p>\n\n\n\n<p class=\"ls-paragraph\">Alla carta, tutti i giorni della settimana dalle 18.00 alle 21.00: pizze, hamburger, fish &amp; chips, patatine fritte, waffle, gelati, bevande fredde, birra alla spina<em>, birra locale<\/em>, vino delle Hautes Alpes*.<\/p>\n\n\n\n<p class=\"ls-paragraph\">Nel menu sono disponibili anche <strong>pizza e hamburger vegetariani<\/strong>.<br>*Da consumare con moderazione<\/p>\n<\/div>\n<\/div>\n\n\r\n    <\/div>\r\n<\/section>\n\n<section id=\"ls-section-block_df96defd51975f66030aa5ccf2d7b23c\" class=\"ls-section  trois-colonnes has-background has-color-4-background-color has-p-t p-t-14 has-p-b p-b-14\" >\r\n        <div class=\"container container--wide\">\r\n        \n\n<div class=\"wp-block-columns is-layout-flex wp-container-core-columns-is-layout-9d6595d7 wp-block-columns-is-layout-flex\">\n<div class=\"wp-block-column is-vertically-aligned-center is-layout-flow wp-block-column-is-layout-flow\" style=\"flex-basis:40%\">\n<h2 class=\"ls__heading wp-block-heading\">Fare la spesa e altro ancora<\/h2>\n\n\n\n<p class=\"ls-paragraph\">Aperto tutti i giorni agli stessi orari della reception, troverete tutti i generi di prima necessit\u00e0 nel nostro negozio di alimentari, oltre a prodotti locali come i vini* del Domaine de Tresbaudon, in vendita o da servire al bar.<\/p>\n\n\n\n<p class=\"ls-paragraph\">Siete pi\u00f9 amanti della birra? Abbiamo quello che fa per voi! Scoprite la nostra birra locale* &#8220;La Tourmente&#8221; prodotta a Brian\u00e7on, disponibile in 4 diverse variet\u00e0: bionda, bianca, ambrata o g\u00e9n\u00e9pi.<\/p>\n\n\n\n<p class=\"ls-paragraph\">Per facilitare il vostro soggiorno, avrete a disposizione anche:<\/p>\n\n\n\n<ul class=\"ls-list wp-block-list\">\n<li>un congelatore situato accanto alla reception<\/li>\n\n\n\n<li>un armadietto protetto da codice per ricaricare i vari dispositivi elettrici, come telefoni e tablet, situato nella reception<\/li>\n<\/ul>\n\n\n\n<p class=\"ls-paragraph\">Tutti i negozi di prima necessit\u00e0 sono facilmente raggiungibili a Brian\u00e7on, a soli 5 km dal campeggio.<br><em>*Da consumare con moderazione<\/em><\/p>\n<\/div>\n\n\n\n<div class=\"wp-block-column is-vertically-aligned-center image is-layout-flow wp-block-column-is-layout-flow\" style=\"flex-basis:30%\">\n<figure class=\"wp-block-image size-full animated fadeInUp delay-100ms\"><a href=\"https:\/\/www.campinglemontana.fr\/wp-content\/uploads\/2022\/09\/epicerie-camping.jpg\"><img loading=\"lazy\" decoding=\"async\" width=\"990\" height=\"541\" src=\"https:\/\/www.campinglemontana.fr\/wp-content\/uploads\/2022\/09\/epicerie-camping.jpg\" alt=\"epicerie camping\" class=\"wp-image-2153\" srcset=\"https:\/\/www.campinglemontana.fr\/wp-content\/uploads\/2022\/09\/epicerie-camping.jpg 990w, https:\/\/www.campinglemontana.fr\/wp-content\/uploads\/2022\/09\/epicerie-camping-300x164.jpg 300w, https:\/\/www.campinglemontana.fr\/wp-content\/uploads\/2022\/09\/epicerie-camping-768x420.jpg 768w\" sizes=\"auto, (max-width: 990px) 100vw, 990px\" \/><\/a><\/figure>\n<\/div>\n\n\n\n<div class=\"wp-block-column is-vertically-aligned-center image is-layout-flow wp-block-column-is-layout-flow\" style=\"flex-basis:30%\">\n<figure class=\"wp-block-image size-full animated fadeInUp delay-200ms\"><a href=\"https:\/\/www.campinglemontana.fr\/wp-content\/uploads\/2022\/09\/commerces-briancon.jpg\"><img loading=\"lazy\" decoding=\"async\" width=\"990\" height=\"541\" src=\"https:\/\/www.campinglemontana.fr\/wp-content\/uploads\/2022\/09\/commerces-briancon.jpg\" alt=\"commerces briancon\" class=\"wp-image-2150\" srcset=\"https:\/\/www.campinglemontana.fr\/wp-content\/uploads\/2022\/09\/commerces-briancon.jpg 990w, https:\/\/www.campinglemontana.fr\/wp-content\/uploads\/2022\/09\/commerces-briancon-300x164.jpg 300w, https:\/\/www.campinglemontana.fr\/wp-content\/uploads\/2022\/09\/commerces-briancon-768x420.jpg 768w\" sizes=\"auto, (max-width: 990px) 100vw, 990px\" \/><\/a><\/figure>\n<\/div>\n<\/div>\n\n\r\n    <\/div>\r\n<\/section>\n\n<section id=\"ls-section-block_1ba8d4489278b96e288501929a034f25\" class=\"ls-section  trois-colonnes has-background has-color-white-background-color has-p-t p-t-14 has-p-b p-b-14\" >\r\n        <div class=\"container container--wide\">\r\n        \n\n<div class=\"wp-block-columns is-layout-flex wp-container-core-columns-is-layout-9d6595d7 wp-block-columns-is-layout-flex\">\n<div class=\"wp-block-column is-vertically-aligned-center image is-layout-flow wp-block-column-is-layout-flow\" style=\"flex-basis:30%\">\n<figure class=\"wp-block-image size-full animated fadeInUp delay-100ms\"><a href=\"https:\/\/www.campinglemontana.fr\/wp-content\/uploads\/2022\/09\/bar-terasse.jpg\"><img loading=\"lazy\" decoding=\"async\" width=\"990\" height=\"541\" src=\"https:\/\/www.campinglemontana.fr\/wp-content\/uploads\/2022\/09\/bar-terasse.jpg\" alt=\"bar terasse\" class=\"wp-image-2140\" srcset=\"https:\/\/www.campinglemontana.fr\/wp-content\/uploads\/2022\/09\/bar-terasse.jpg 990w, https:\/\/www.campinglemontana.fr\/wp-content\/uploads\/2022\/09\/bar-terasse-300x164.jpg 300w, https:\/\/www.campinglemontana.fr\/wp-content\/uploads\/2022\/09\/bar-terasse-768x420.jpg 768w\" sizes=\"auto, (max-width: 990px) 100vw, 990px\" \/><\/a><\/figure>\n<\/div>\n\n\n\n<div class=\"wp-block-column is-vertically-aligned-center image is-layout-flow wp-block-column-is-layout-flow\" style=\"flex-basis:30%\">\n<figure class=\"wp-block-image size-full animated fadeInUp delay-200ms\"><a href=\"https:\/\/www.campinglemontana.fr\/wp-content\/uploads\/2022\/09\/terrasse-enfants-glaces.jpg\"><img loading=\"lazy\" decoding=\"async\" width=\"990\" height=\"541\" src=\"https:\/\/www.campinglemontana.fr\/wp-content\/uploads\/2022\/09\/terrasse-enfants-glaces.jpg\" alt=\"terrasse enfants glaces\" class=\"wp-image-2021\" srcset=\"https:\/\/www.campinglemontana.fr\/wp-content\/uploads\/2022\/09\/terrasse-enfants-glaces.jpg 990w, https:\/\/www.campinglemontana.fr\/wp-content\/uploads\/2022\/09\/terrasse-enfants-glaces-300x164.jpg 300w, https:\/\/www.campinglemontana.fr\/wp-content\/uploads\/2022\/09\/terrasse-enfants-glaces-768x420.jpg 768w\" sizes=\"auto, (max-width: 990px) 100vw, 990px\" \/><\/a><\/figure>\n<\/div>\n\n\n\n<div class=\"wp-block-column is-vertically-aligned-center is-layout-flow wp-block-column-is-layout-flow\" style=\"flex-basis:40%\">\n<h2 class=\"ls__heading wp-block-heading\">Il bar\/gelateria<\/h2>\n\n\n\n<p class=\"ls-paragraph\">Trascorrerete del tempo sulla <strong>terrazza della piscina<\/strong> o nell&#8217;area della reception in completo relax. Durante la giornata, serviamo <strong>bevande calde<\/strong> (caff\u00e8, t\u00e8, cioccolata), <strong>bevande fredde<\/strong> e <strong>gelati confezionati<\/strong>.&nbsp;<\/p>\n\n\n\n<p class=\"ls-paragraph\">All&#8217;ora di cena, venite a prendere un aperitivo con una<strong> birra* locale<\/strong> o <strong>alla spina<\/strong>, un bicchiere di <strong>vino* delle Hautes Alpes<\/strong> o una bibita fresca.<\/p>\n\n\n\n<p class=\"ls-paragraph\"><em>*Da consumare con moderazione<\/em><\/p>\n<\/div>\n<\/div>\n\n\r\n    <\/div>\r\n<\/section>\n\n<section id=\"ls-section-block_34f7caa4fe06515301e159fa2b25a2a6\" class=\"ls-section  background-avec-image has-background-image has-parallax has-background has-color-5-background-color has-p-t p-t-14 has-p-b p-b-14\" >\r\n    <div class=\"ls-section__background-image opacity-39\"><img decoding=\"async\" src=\"https:\/\/www.campinglemontana.fr\/wp-content\/uploads\/2022\/09\/boulangerie-vienoiserie.jpg\" alt=\"boulangerie vienoiserie\"><\/div>    <div class=\"container container--wide\">\r\n        \n\n<div class=\"wp-block-columns is-layout-flex wp-container-core-columns-is-layout-9d6595d7 wp-block-columns-is-layout-flex\">\n<div class=\"wp-block-column is-layout-flow wp-block-column-is-layout-flow\">\n<h2 class=\"ls__heading wp-block-heading has-text-align-center has-color-white-color has-text-color\">Panetteria \/ Servizio di prima colazione<\/h2>\n\n\n\n<p class=\"ls-paragraph has-text-align-center\">Ogni mattina da aprile a settembre, a partire dalle 7.30, potrete venire a ritirare il <strong>pane <\/strong>e i <strong>dolci <\/strong>preparati, consegnati dal nostro panettiere locale.<\/p>\n\n\n\n<p class=\"ls-paragraph has-text-align-center\">Potrete scegliere tra <strong>colazione semplice <\/strong>con baguette, croissant e pain au chocolat o <strong>colazione completa<\/strong> con baguette, burro e marmellata, dolci, succo di frutta, bevanda calda e frutta.<\/p>\n\n\n\n<p class=\"ls-paragraph has-text-align-center\">Questi servizi devono essere prenotati in anticipo di un giorno alla reception.&nbsp;&nbsp;<\/p>\n<\/div>\n<\/div>\n\n\r\n    <\/div>\r\n<\/section>\n\n<section id=\"ls-section-block_1ba8d4489278b96e288501929a034f25\" class=\"ls-section  trois-colonnes has-background has-color-white-background-color has-p-t p-t-14 has-p-b p-b-14\" >\r\n        <div class=\"container container--wide\">\r\n        \n\n<div class=\"wp-block-columns is-layout-flex wp-container-core-columns-is-layout-9d6595d7 wp-block-columns-is-layout-flex\">\n<div class=\"wp-block-column is-vertically-aligned-center image is-layout-flow wp-block-column-is-layout-flow\" style=\"flex-basis:30%\">\n<figure class=\"wp-block-image size-full animated fadeInRight delay-100ms\"><a href=\"https:\/\/www.campinglemontana.fr\/wp-content\/uploads\/2022\/08\/camping-laverie-val-des-pres.jpg\"><img loading=\"lazy\" decoding=\"async\" width=\"960\" height=\"541\" src=\"https:\/\/www.campinglemontana.fr\/wp-content\/uploads\/2022\/08\/camping-laverie-val-des-pres.jpg\" alt=\"camping laverie val des pres\" class=\"wp-image-1219\" srcset=\"https:\/\/www.campinglemontana.fr\/wp-content\/uploads\/2022\/08\/camping-laverie-val-des-pres.jpg 960w, https:\/\/www.campinglemontana.fr\/wp-content\/uploads\/2022\/08\/camping-laverie-val-des-pres-300x169.jpg 300w, https:\/\/www.campinglemontana.fr\/wp-content\/uploads\/2022\/08\/camping-laverie-val-des-pres-768x433.jpg 768w\" sizes=\"auto, (max-width: 960px) 100vw, 960px\" \/><\/a><\/figure>\n<\/div>\n\n\n\n<div class=\"wp-block-column is-vertically-aligned-center image is-layout-flow wp-block-column-is-layout-flow\" style=\"flex-basis:30%\">\n<figure class=\"wp-block-image size-full animated fadeInRight delay-200ms\"><a href=\"https:\/\/www.campinglemontana.fr\/wp-content\/uploads\/2022\/08\/camping-wifi-val-des-pres-1.jpg\"><img loading=\"lazy\" decoding=\"async\" width=\"960\" height=\"541\" src=\"https:\/\/www.campinglemontana.fr\/wp-content\/uploads\/2022\/08\/camping-wifi-val-des-pres-1.jpg\" alt=\"wifi camping\" class=\"wp-image-1721\" srcset=\"https:\/\/www.campinglemontana.fr\/wp-content\/uploads\/2022\/08\/camping-wifi-val-des-pres-1.jpg 960w, https:\/\/www.campinglemontana.fr\/wp-content\/uploads\/2022\/08\/camping-wifi-val-des-pres-1-300x169.jpg 300w, https:\/\/www.campinglemontana.fr\/wp-content\/uploads\/2022\/08\/camping-wifi-val-des-pres-1-768x433.jpg 768w\" sizes=\"auto, (max-width: 960px) 100vw, 960px\" \/><\/a><\/figure>\n<\/div>\n\n\n\n<div class=\"wp-block-column is-layout-flow wp-block-column-is-layout-flow\" style=\"flex-basis:40%\">\n<h2 class=\"ls__heading wp-block-heading m-t-6\">La lavanderia a gettoni<\/h2>\n\n\n\n<p class=\"ls-paragraph\">Venite per un lungo soggiorno? Alleggerite il vostro bagaglio portando con voi lo stretto necessario per la vostra vacanza. Grazie al <strong>servizio di lavanderia attivo 24 ore su 24<\/strong> nei <strong>servizi igienici accanto alla reception<\/strong>, avrete a disposizione una lavatrice e un&#8217;asciugatrice.<\/p>\n\n\n\n<p class=\"ls-paragraph\">I gettoni di lavaggio\/asciugatura e le cialde di detersivo sono disponibili a un costo aggiuntivo presso la reception.<\/p>\n\n\n\n<h2 class=\"ls__heading wp-block-heading\">pacchetti wifi<\/h2>\n\n\n\n<p class=\"ls-paragraph\">Rimanete connessi in ogni circostanza grazie al nostro <strong>partner Osmozis<\/strong>. Pacchetti che si adattano alle vostre esigenze e alla durata del vostro soggiorno.<\/p>\n\n\n\n<h2 class=\"ls__heading wp-block-heading\">La ludoteca<\/h2>\n\n\n\n<p class=\"ls-paragraph\">Nel negozio di alimentari, troverete <strong>libri <\/strong>e <strong>giochi da tavolo<\/strong> a vostra disposizione. Condividerete momenti di complicit\u00e0 e risate con i vostri cari.<\/p>\n<\/div>\n<\/div>\n\n\r\n    <\/div>\r\n<\/section>\n\n<section id=\"ls-section-block_df96defd51975f66030aa5ccf2d7b23c\" class=\"ls-section  trois-colonnes has-background has-color-4-background-color has-p-t p-t-14 has-p-b p-b-14\" >\r\n        <div class=\"container container--wide\">\r\n        \n\n<div class=\"wp-block-columns is-layout-flex wp-container-core-columns-is-layout-9d6595d7 wp-block-columns-is-layout-flex\">\n<div class=\"wp-block-column is-vertically-aligned-center is-layout-flow wp-block-column-is-layout-flow\" style=\"flex-basis:40%\">\n<h2 class=\"ls__heading wp-block-heading\">animali domestici<\/h2>\n\n\n\n<p class=\"ls-paragraph\">I vostri animali domestici sono i benvenuti al Camping le Montana, vi preghiamo di comunicarcelo al momento della prenotazione su internet o per telefono.<\/p>\n\n\n\n<p class=\"ls-paragraph\">Per vostra informazione: i cani saranno tenuti al guinzaglio per tutta la durata del soggiorno.<\/p>\n\n\n\n<h2 class=\"ls__heading wp-block-heading\">area di ricarica per <strong>VEICOLI ELETTRICI<\/strong><\/h2>\n\n\n\n<p class=\"ls-paragraph\">L&#8217;<strong>area di ricarica<\/strong> \u00e8 accessibile vicino alla reception. <strong>Due stazioni <\/strong>sono disponibili nel campeggio.<\/p>\n<\/div>\n\n\n\n<div class=\"wp-block-column is-vertically-aligned-center image is-layout-flow wp-block-column-is-layout-flow\" style=\"flex-basis:30%\">\n<figure class=\"wp-block-image size-full animated fadeInUp delay-100ms\"><a href=\"https:\/\/www.campinglemontana.fr\/wp-content\/uploads\/2022\/07\/shutterstock_474899227-1.jpg\"><img loading=\"lazy\" decoding=\"async\" width=\"1000\" height=\"653\" src=\"https:\/\/www.campinglemontana.fr\/wp-content\/uploads\/2022\/07\/shutterstock_474899227-1.jpg\" alt=\"\" class=\"wp-image-3322\" srcset=\"https:\/\/www.campinglemontana.fr\/wp-content\/uploads\/2022\/07\/shutterstock_474899227-1.jpg 1000w, https:\/\/www.campinglemontana.fr\/wp-content\/uploads\/2022\/07\/shutterstock_474899227-1-300x196.jpg 300w, https:\/\/www.campinglemontana.fr\/wp-content\/uploads\/2022\/07\/shutterstock_474899227-1-768x502.jpg 768w\" sizes=\"auto, (max-width: 1000px) 100vw, 1000px\" \/><\/a><\/figure>\n<\/div>\n\n\n\n<div class=\"wp-block-column is-vertically-aligned-center image is-layout-flow wp-block-column-is-layout-flow\" style=\"flex-basis:30%\">\n<figure class=\"wp-block-image size-full animated fadeInUp delay-200ms\"><a href=\"https:\/\/www.campinglemontana.fr\/wp-content\/uploads\/2022\/07\/1920_logo.jpg\"><img loading=\"lazy\" decoding=\"async\" width=\"1800\" height=\"1200\" src=\"https:\/\/www.campinglemontana.fr\/wp-content\/uploads\/2022\/07\/1920_logo.jpg\" alt=\"\" class=\"wp-image-3325\" srcset=\"https:\/\/www.campinglemontana.fr\/wp-content\/uploads\/2022\/07\/1920_logo.jpg 1800w, https:\/\/www.campinglemontana.fr\/wp-content\/uploads\/2022\/07\/1920_logo-300x200.jpg 300w, https:\/\/www.campinglemontana.fr\/wp-content\/uploads\/2022\/07\/1920_logo-1024x683.jpg 1024w, https:\/\/www.campinglemontana.fr\/wp-content\/uploads\/2022\/07\/1920_logo-768x512.jpg 768w, https:\/\/www.campinglemontana.fr\/wp-content\/uploads\/2022\/07\/1920_logo-1536x1024.jpg 1536w\" sizes=\"auto, (max-width: 1800px) 100vw, 1800px\" \/><\/a><\/figure>\n<\/div>\n<\/div>\n\n\r\n    <\/div>\r\n<\/section>\n\n<section id=\"ls-section-block_6da281a6c9d09c6e9445f951fb856867\" class=\"ls-section  background-avec-image has-background-image has-parallax has-background has-color-5-background-color has-p-t p-t-14 has-p-b p-b-14\" >\r\n    <div class=\"ls-section__background-image opacity-39\"><img decoding=\"async\" src=\"https:\/\/www.campinglemontana.fr\/wp-content\/uploads\/2022\/08\/sanitaires-camping.jpg\" alt=\"sanitaires camping\"><\/div>    <div class=\"container container--wide\">\r\n        \n\n<h2 class=\"ls__heading wp-block-heading has-text-align-center has-color-white-color has-text-color\">Pulizia dei servizi igienici: i nostri requisiti<\/h2>\n\n\n\n<p class=\"ls-paragraph has-text-align-center\"><strong>Servizi igienici<\/strong> puliti e ben funzionanti: puliti e controllati almeno due volte al giorno per garantire una buona igiene.&nbsp;<\/p>\n\n\n\n<p class=\"ls-paragraph has-text-align-center\">Per il comfort dell&#8217;intera famiglia:<\/p>\n\n\n\n<ul class=\"ls-list ls-list-undefined center wp-block-list\">\n<li>Accanto alla reception si trova un <strong>blocco sanitario<\/strong> con<strong> accesso per bambini<\/strong> (vasca da bagno, WC adattato) e una zona lavanderia (lavatrice, asciugatrice).<\/li>\n\n\n\n<li>In alta stagione, luglio e agosto: un <strong>secondo blocco<\/strong> sanitario situato nella parte superiore del campeggio.<\/li>\n<\/ul>\n\n\r\n    <\/div>\r\n<\/section>\n\n<section id=\"ls-section-block_df96defd51975f66030aa5ccf2d7b23c\" class=\"ls-section  trois-colonnes has-background has-color-4-background-color has-p-t p-t-14 has-p-b p-b-14\" >\r\n        <div class=\"container container--wide\">\r\n        \n\n<div class=\"wp-block-columns is-layout-flex wp-container-core-columns-is-layout-9d6595d7 wp-block-columns-is-layout-flex\">\n<div class=\"wp-block-column is-vertically-aligned-center is-layout-flow wp-block-column-is-layout-flow\" style=\"flex-basis:40%\">\n<h2 class=\"ls__heading wp-block-heading\">I nostri servizi aggiuntivi<\/h2>\n\n\n\n<p class=\"ls-paragraph\">Per facilitare il vostro soggiorno, vi offriamo una serie di servizi a noleggio e opzionali:<\/p>\n\n\n\n<ul class=\"ls-list wp-block-list\">\n<li>Kit per bambini: seggiolone e letto pieghevole<\/li>\n\n\n\n<li>Frigorifero\u00a0<\/li>\n\n\n\n<li>Kit di lenzuola monouso per 1 o 2 persone\u00a0<\/li>\n\n\n\n<li>Griglia elettrica<\/li>\n\n\n\n<li>Pacchetto pulizia a fine soggiorno<\/li>\n<\/ul>\n\n\n\n<p class=\"ls-paragraph\">Vi preghiamo di comunicarcelo al momento della prenotazione su internet o per telefono o all&#8217;arrivo.<\/p>\n<\/div>\n\n\n\n<div class=\"wp-block-column is-vertically-aligned-center image is-layout-flow wp-block-column-is-layout-flow\" style=\"flex-basis:30%\">\n<figure class=\"wp-block-image size-full animated fadeInUp delay-100ms\"><a href=\"https:\/\/www.campinglemontana.fr\/wp-content\/uploads\/2022\/07\/SYCK-G045_Barbecue_2_en_1-Barbecue-Party-02-center.webp\"><img loading=\"lazy\" decoding=\"async\" width=\"1598\" height=\"1281\" src=\"https:\/\/www.campinglemontana.fr\/wp-content\/uploads\/2022\/07\/SYCK-G045_Barbecue_2_en_1-Barbecue-Party-02-center.webp\" alt=\"\" class=\"wp-image-3357\" srcset=\"https:\/\/www.campinglemontana.fr\/wp-content\/uploads\/2022\/07\/SYCK-G045_Barbecue_2_en_1-Barbecue-Party-02-center.webp 1598w, https:\/\/www.campinglemontana.fr\/wp-content\/uploads\/2022\/07\/SYCK-G045_Barbecue_2_en_1-Barbecue-Party-02-center-300x240.webp 300w, https:\/\/www.campinglemontana.fr\/wp-content\/uploads\/2022\/07\/SYCK-G045_Barbecue_2_en_1-Barbecue-Party-02-center-1024x821.webp 1024w, https:\/\/www.campinglemontana.fr\/wp-content\/uploads\/2022\/07\/SYCK-G045_Barbecue_2_en_1-Barbecue-Party-02-center-768x616.webp 768w, https:\/\/www.campinglemontana.fr\/wp-content\/uploads\/2022\/07\/SYCK-G045_Barbecue_2_en_1-Barbecue-Party-02-center-1536x1231.webp 1536w\" sizes=\"auto, (max-width: 1598px) 100vw, 1598px\" \/><\/a><\/figure>\n<\/div>\n\n\n\n<div class=\"wp-block-column is-vertically-aligned-center image is-layout-flow wp-block-column-is-layout-flow\" style=\"flex-basis:30%\">\n<figure class=\"wp-block-image size-full animated fadeInUp delay-200ms\"><a href=\"https:\/\/www.campinglemontana.fr\/wp-content\/uploads\/2022\/07\/814P4PPn9qL._AC_SL1500_.jpg\"><img loading=\"lazy\" decoding=\"async\" width=\"1500\" height=\"1500\" src=\"https:\/\/www.campinglemontana.fr\/wp-content\/uploads\/2022\/07\/814P4PPn9qL._AC_SL1500_.jpg\" alt=\"\" class=\"wp-image-3367\" srcset=\"https:\/\/www.campinglemontana.fr\/wp-content\/uploads\/2022\/07\/814P4PPn9qL._AC_SL1500_.jpg 1500w, https:\/\/www.campinglemontana.fr\/wp-content\/uploads\/2022\/07\/814P4PPn9qL._AC_SL1500_-300x300.jpg 300w, https:\/\/www.campinglemontana.fr\/wp-content\/uploads\/2022\/07\/814P4PPn9qL._AC_SL1500_-1024x1024.jpg 1024w, https:\/\/www.campinglemontana.fr\/wp-content\/uploads\/2022\/07\/814P4PPn9qL._AC_SL1500_-150x150.jpg 150w, https:\/\/www.campinglemontana.fr\/wp-content\/uploads\/2022\/07\/814P4PPn9qL._AC_SL1500_-768x768.jpg 768w\" sizes=\"auto, (max-width: 1500px) 100vw, 1500px\" \/><\/a><\/figure>\n<\/div>\n<\/div>\n\n\r\n    <\/div>\r\n<\/section>\n\n<section id=\"ls-section-block_63a769736e0e632bfcc8cf9bf4825fc8\" class=\"ls-section  icones-services has-background has-color-white-background-color has-text-color has-color-5-color has-p-b p-b-18\" >\r\n        <div class=\"container container--wide\">\r\n        \n\n<h2 class=\"ls__heading wp-block-heading has-text-align-center m-b-10 has-color-5-color has-text-color\">I vantaggi dei nostri servizi<\/h2>\n\n\n\n<div class=\"wp-block-columns m-t-10 has-color-black-color has-text-color is-layout-flex wp-container-core-columns-is-layout-9d6595d7 wp-block-columns-is-layout-flex\">\n<div class=\"wp-block-column animated fadeInUp has-color-black-color has-text-color is-layout-flow wp-block-column-is-layout-flow\">\n<span class=\"montana_four-chien\"><\/span>\n\n\n\n<p class=\"ls-paragraph has-text-align-center\">Animali domestici<br>accettati<\/p>\n<\/div>\n\n\n\n<div class=\"wp-block-column animated fadeInUp delay-100ms is-layout-flow wp-block-column-is-layout-flow\">\n<span class=\"montana_four-pain\"><\/span>\n\n\n\n<p class=\"ls-paragraph has-text-align-center\">Servizio di panetteria \/<br>Servizio di prima colazione<\/p>\n<\/div>\n\n\n\n<div class=\"wp-block-column animated fadeInUp delay-200ms is-layout-flow wp-block-column-is-layout-flow\">\n<span class=\"montana_four-pizza\"><\/span>\n\n\n\n<p class=\"ls-paragraph has-text-align-center\">Snack bar in loco o da asporto ogni giorno<\/p>\n<\/div>\n\n\n\n<div class=\"wp-block-column animated fadeInUp delay-500ms is-layout-flow wp-block-column-is-layout-flow\">\n<span class=\"montana_four-snack-bar\"><\/span>\n\n\n\n<p class=\"ls-paragraph has-text-align-center\">Negozi essenziali a soli 5 km dal campeggio<\/p>\n<\/div>\n<\/div>\n\n\r\n    <\/div>\r\n<\/section>\n\n<section id=\"ls-section-block_0184aa8c2f13181309e1aba2ad92522b\" class=\"ls-section  page-avis has-background has-color-3-background-color has-p-t p-t-14 has-p-b p-b-20\" >\r\n        <div class=\"container container--wide\">\r\n        \n\n<div id=\"ls-heading ls-titre-div-block_f77399a78e3e8a687f7f8c93d0c5bfe5\" class=\"ls-titre-div h2-like\" >\n    Opinioni dei campeggiatori <\/br><strong>sui nostri servizi<\/strong><\/div>\n\n\n<div class=\"avis-container-pages\"><div class=\"avis\"><div class=\"avis-contenu\"><p>Campeggio molto piacevole, adatto alle famiglie, tranquillo e molto ben posizionato per scoprire la regione. Il gestore \u00e8 molto attento ai vacanzieri e sempre pronto a dare informazioni. Il servizio di pane fresco al mattino \u00e8 EXTRA! E il piccolo negozio di alimentari \u00e8 molto utile. Abbiamo trascorso una settimana meravigliosa.<\/p>\n<\/div><div class=\"avis-user\"><div class=\"avis-user__box-two\"><div class=\"avis-name\"><\/div><div class=\"avis-note\">\n                        <span><i class=\"icon-stars\"><\/i><\/span><span><i class=\"icon-stars\"><\/i><\/span><span><i class=\"icon-stars\"><\/i><\/span><span><i class=\"icon-stars\"><\/i><\/span><span><i class=\"icon-stars\"><\/i><\/span>\n                    <\/div><\/div><\/div><\/div><div class=\"avis\"><div class=\"avis-contenu\"><p>Gestori cordiali e disponibili, servizi igienici puliti e spaziosi, accoglienza dei servizi in loco, tranquillit\u00e0, piscina. Torneremo sicuramente.<\/p>\n<\/div><div class=\"avis-user\"><div class=\"avis-user__box-two\"><div class=\"avis-name\"><\/div><div class=\"avis-note\">\n                        <span><i class=\"icon-stars\"><\/i><\/span><span><i class=\"icon-stars\"><\/i><\/span><span><i class=\"icon-stars\"><\/i><\/span><span><i class=\"icon-stars\"><\/i><\/span><span><i class=\"icon-stars\"><\/i><\/span>\n                    <\/div><\/div><\/div><\/div><div class=\"avis\"><div class=\"avis-contenu\"><p>Abbiamo trascorso un soggiorno meraviglioso. Il direttore \u00e8 disponibile e fornisce un buon servizio.<\/p>\n<\/div><div class=\"avis-user\"><div class=\"avis-user__box-two\"><div class=\"avis-name\"><\/div><div class=\"avis-note\">\n                        <span><i class=\"icon-stars\"><\/i><\/span><span><i class=\"icon-stars\"><\/i><\/span><span><i class=\"icon-stars\"><\/i><\/span><span><i class=\"icon-stars\"><\/i><\/span><span><i class=\"icon-stars\"><\/i><\/span>\n                    <\/div><\/div><\/div><\/div><\/div>\n\n\r\n    <\/div>\r\n<\/section>\n\n<section id=\"ls-section-block_7889d390f59e8a079ae4681b969b07e3\" class=\"ls-section  page-maillage has-background has-color-4-background-color has-p-t p-t-14 has-p-b p-b-14\" >\r\n        <div class=\"container container--wide\">\r\n        \n\n<div id=\"ls-heading ls-titre-div-block_76ad63a970a98c0bd893f9722da0d459\" class=\"ls-titre-div h2-like\" >\n    SCOPRITE GLI AFFITI, LE ATTIVIT\u00c0 E LE PISCINE<\/div>\n\n\n<div id=\"ls-maillage-block_5c76c532e4db3276acd254b695f1dbf3\" class=\"ls-maillage cta-style-normal\" data-rows=\"3\">\r\n    <div class=\"wp-block-columns\"><div class=\"wp-block-column\">\n\n<a href=\"https:\/\/www.campinglemontana.fr\/it\/affito-bungalow-val-des-pres\/\" target=\"\" rel=\"noopener\" class=\"ls-cta__link\">\n\n\t<div class=\"ls-cta__image\"><img decoding=\"async\" src=\"https:\/\/www.campinglemontana.fr\/wp-content\/uploads\/2022\/08\/hebergement-insolite-briancon.jpg\" alt=\"hebergement insolite briancon\"><\/div>\n\t<div class=\"ls-cta__title\">\n\t\tAffitti<span>+<\/span>\n\t<\/div>\n\n\t\t\n<\/a><\/div><div class=\"wp-block-column\">\n\n<a href=\"https:\/\/www.campinglemontana.fr\/it\/campeggio-attivita-val-des-pres\/\" target=\"\" rel=\"noopener\" class=\"ls-cta__link\">\n\n\t<div class=\"ls-cta__image\"><img decoding=\"async\" src=\"https:\/\/www.campinglemontana.fr\/wp-content\/uploads\/2022\/08\/activite-sportive-hautes-alpes.jpg\" alt=\"activite sportive hautes alpes\"><\/div>\n\t<div class=\"ls-cta__title\">\n\t\tAttivit\u00e0<span>+<\/span>\n\t<\/div>\n\n\t\t\n<\/a><\/div><div class=\"wp-block-column\">\n\n<a href=\"https:\/\/www.campinglemontana.fr\/it\/campeggio-piscina-val-des-pres\/\" target=\"\" rel=\"noopener\" class=\"ls-cta__link\">\n\n\t<div class=\"ls-cta__image\"><img decoding=\"async\" src=\"https:\/\/www.campinglemontana.fr\/wp-content\/uploads\/2022\/07\/piscine-chauffee-hautes-alpes.jpg\" alt=\"piscine chauffee hautes alpes\"><\/div>\n\t<div class=\"ls-cta__title\">\n\t\tIntorno all&#8217;acqua<span>+<\/span>\n\t<\/div>\n\n\t\t\n<\/a><\/div><\/div><\/div>\n\r\n    <\/div>\r\n<\/section>","protected":false},"excerpt":{"rendered":"","protected":false},"author":1,"featured_media":2034,"parent":0,"menu_order":0,"comment_status":"closed","ping_status":"closed","template":"","meta":{"_acf_changed":false,"footnotes":""},"sujet":[],"class_list":["post-2610","page","type-page","status-publish","has-post-thumbnail","hentry"],"acf":[],"yoast_head":"<!-- This site is optimized with the Yoast SEO plugin v23.4 - https:\/\/yoast.com\/wordpress\/plugins\/seo\/ -->\n<title>Campeggio per famiglie Val-des-Pr\u00e9s | Campeggio 3 stelle Hautes-Alpes<\/title>\n<meta name=\"robots\" content=\"index, follow, max-snippet:-1, max-image-preview:large, max-video-preview:-1\" \/>\n<link rel=\"canonical\" href=\"https:\/\/www.campinglemontana.fr\/it\/campeggio-per-famiglie-val-des-pres\/\" \/>\n<meta property=\"og:locale\" content=\"it_IT\" \/>\n<meta property=\"og:type\" content=\"article\" \/>\n<meta property=\"og:title\" content=\"Campeggio per famiglie Val-des-Pr\u00e9s | Campeggio 3 stelle Hautes-Alpes\" \/>\n<meta property=\"og:url\" content=\"https:\/\/www.campinglemontana.fr\/it\/campeggio-per-famiglie-val-des-pres\/\" \/>\n<meta property=\"og:site_name\" content=\"Camping Le Montana\" \/>\n<meta property=\"article:modified_time\" content=\"2024-05-01T17:56:41+00:00\" \/>\n<meta property=\"og:image\" content=\"https:\/\/www.campinglemontana.fr\/wp-content\/uploads\/2022\/09\/camping-snack-hautes-alpes-1.jpg\" \/>\n\t<meta property=\"og:image:width\" content=\"1663\" \/>\n\t<meta property=\"og:image:height\" content=\"650\" \/>\n\t<meta property=\"og:image:type\" content=\"image\/jpeg\" \/>\n<meta name=\"twitter:card\" content=\"summary_large_image\" \/>\n<meta name=\"twitter:label1\" content=\"Tempo di lettura stimato\" \/>\n\t<meta name=\"twitter:data1\" content=\"7 minuti\" \/>\n<script type=\"application\/ld+json\" class=\"yoast-schema-graph\">{\"@context\":\"https:\/\/schema.org\",\"@graph\":[{\"@type\":\"WebPage\",\"@id\":\"https:\/\/www.campinglemontana.fr\/it\/campeggio-per-famiglie-val-des-pres\/\",\"url\":\"https:\/\/www.campinglemontana.fr\/it\/campeggio-per-famiglie-val-des-pres\/\",\"name\":\"Campeggio per famiglie Val-des-Pr\u00e9s | Campeggio 3 stelle Hautes-Alpes\",\"isPartOf\":{\"@id\":\"https:\/\/www.campinglemontana.fr\/it\/#website\"},\"primaryImageOfPage\":{\"@id\":\"https:\/\/www.campinglemontana.fr\/it\/campeggio-per-famiglie-val-des-pres\/#primaryimage\"},\"image\":{\"@id\":\"https:\/\/www.campinglemontana.fr\/it\/campeggio-per-famiglie-val-des-pres\/#primaryimage\"},\"thumbnailUrl\":\"https:\/\/www.campinglemontana.fr\/wp-content\/uploads\/2022\/09\/camping-snack-hautes-alpes-1.jpg\",\"datePublished\":\"2022-07-12T09:09:29+00:00\",\"dateModified\":\"2024-05-01T17:56:41+00:00\",\"breadcrumb\":{\"@id\":\"https:\/\/www.campinglemontana.fr\/it\/campeggio-per-famiglie-val-des-pres\/#breadcrumb\"},\"inLanguage\":\"it-IT\",\"potentialAction\":[{\"@type\":\"ReadAction\",\"target\":[\"https:\/\/www.campinglemontana.fr\/it\/campeggio-per-famiglie-val-des-pres\/\"]}]},{\"@type\":\"ImageObject\",\"inLanguage\":\"it-IT\",\"@id\":\"https:\/\/www.campinglemontana.fr\/it\/campeggio-per-famiglie-val-des-pres\/#primaryimage\",\"url\":\"https:\/\/www.campinglemontana.fr\/wp-content\/uploads\/2022\/09\/camping-snack-hautes-alpes-1.jpg\",\"contentUrl\":\"https:\/\/www.campinglemontana.fr\/wp-content\/uploads\/2022\/09\/camping-snack-hautes-alpes-1.jpg\",\"width\":1663,\"height\":650,\"caption\":\"camping snack hautes alpes\"},{\"@type\":\"BreadcrumbList\",\"@id\":\"https:\/\/www.campinglemontana.fr\/it\/campeggio-per-famiglie-val-des-pres\/#breadcrumb\",\"itemListElement\":[{\"@type\":\"ListItem\",\"position\":1,\"name\":\"Campeggio Hautes-Alpes\",\"item\":\"https:\/\/www.campinglemontana.fr\/it\/\"},{\"@type\":\"ListItem\",\"position\":2,\"name\":\"Campeggio 3 stelle nelle Hautes-Alpes\"}]},{\"@type\":\"WebSite\",\"@id\":\"https:\/\/www.campinglemontana.fr\/it\/#website\",\"url\":\"https:\/\/www.campinglemontana.fr\/it\/\",\"name\":\"Camping Le Montana\",\"description\":\"\",\"publisher\":{\"@id\":\"https:\/\/www.campinglemontana.fr\/it\/#organization\"},\"potentialAction\":[{\"@type\":\"SearchAction\",\"target\":{\"@type\":\"EntryPoint\",\"urlTemplate\":\"https:\/\/www.campinglemontana.fr\/it\/?s={search_term_string}\"},\"query-input\":{\"@type\":\"PropertyValueSpecification\",\"valueRequired\":true,\"valueName\":\"search_term_string\"}}],\"inLanguage\":\"it-IT\"},{\"@type\":\"Organization\",\"@id\":\"https:\/\/www.campinglemontana.fr\/it\/#organization\",\"name\":\"Camping Le Montana\",\"url\":\"https:\/\/www.campinglemontana.fr\/it\/\",\"logo\":{\"@type\":\"ImageObject\",\"inLanguage\":\"it-IT\",\"@id\":\"https:\/\/www.campinglemontana.fr\/it\/#\/schema\/logo\/image\/\",\"url\":\"http:\/\/campinglemontana.fr\/wp-content\/uploads\/2022\/07\/logo-camping-montana_favicon-1.png\",\"contentUrl\":\"http:\/\/campinglemontana.fr\/wp-content\/uploads\/2022\/07\/logo-camping-montana_favicon-1.png\",\"width\":4052,\"height\":4051,\"caption\":\"Camping Le Montana\"},\"image\":{\"@id\":\"https:\/\/www.campinglemontana.fr\/it\/#\/schema\/logo\/image\/\"}}]}<\/script>\n<!-- \/ Yoast SEO plugin. -->","yoast_head_json":{"title":"Campeggio per famiglie Val-des-Pr\u00e9s | Campeggio 3 stelle Hautes-Alpes","robots":{"index":"index","follow":"follow","max-snippet":"max-snippet:-1","max-image-preview":"max-image-preview:large","max-video-preview":"max-video-preview:-1"},"canonical":"https:\/\/www.campinglemontana.fr\/it\/campeggio-per-famiglie-val-des-pres\/","og_locale":"it_IT","og_type":"article","og_title":"Campeggio per famiglie Val-des-Pr\u00e9s | Campeggio 3 stelle Hautes-Alpes","og_url":"https:\/\/www.campinglemontana.fr\/it\/campeggio-per-famiglie-val-des-pres\/","og_site_name":"Camping Le Montana","article_modified_time":"2024-05-01T17:56:41+00:00","og_image":[{"width":1663,"height":650,"url":"https:\/\/www.campinglemontana.fr\/wp-content\/uploads\/2022\/09\/camping-snack-hautes-alpes-1.jpg","type":"image\/jpeg"}],"twitter_card":"summary_large_image","twitter_misc":{"Tempo di lettura stimato":"7 minuti"},"schema":{"@context":"https:\/\/schema.org","@graph":[{"@type":"WebPage","@id":"https:\/\/www.campinglemontana.fr\/it\/campeggio-per-famiglie-val-des-pres\/","url":"https:\/\/www.campinglemontana.fr\/it\/campeggio-per-famiglie-val-des-pres\/","name":"Campeggio per famiglie Val-des-Pr\u00e9s | Campeggio 3 stelle Hautes-Alpes","isPartOf":{"@id":"https:\/\/www.campinglemontana.fr\/it\/#website"},"primaryImageOfPage":{"@id":"https:\/\/www.campinglemontana.fr\/it\/campeggio-per-famiglie-val-des-pres\/#primaryimage"},"image":{"@id":"https:\/\/www.campinglemontana.fr\/it\/campeggio-per-famiglie-val-des-pres\/#primaryimage"},"thumbnailUrl":"https:\/\/www.campinglemontana.fr\/wp-content\/uploads\/2022\/09\/camping-snack-hautes-alpes-1.jpg","datePublished":"2022-07-12T09:09:29+00:00","dateModified":"2024-05-01T17:56:41+00:00","breadcrumb":{"@id":"https:\/\/www.campinglemontana.fr\/it\/campeggio-per-famiglie-val-des-pres\/#breadcrumb"},"inLanguage":"it-IT","potentialAction":[{"@type":"ReadAction","target":["https:\/\/www.campinglemontana.fr\/it\/campeggio-per-famiglie-val-des-pres\/"]}]},{"@type":"ImageObject","inLanguage":"it-IT","@id":"https:\/\/www.campinglemontana.fr\/it\/campeggio-per-famiglie-val-des-pres\/#primaryimage","url":"https:\/\/www.campinglemontana.fr\/wp-content\/uploads\/2022\/09\/camping-snack-hautes-alpes-1.jpg","contentUrl":"https:\/\/www.campinglemontana.fr\/wp-content\/uploads\/2022\/09\/camping-snack-hautes-alpes-1.jpg","width":1663,"height":650,"caption":"camping snack hautes alpes"},{"@type":"BreadcrumbList","@id":"https:\/\/www.campinglemontana.fr\/it\/campeggio-per-famiglie-val-des-pres\/#breadcrumb","itemListElement":[{"@type":"ListItem","position":1,"name":"Campeggio Hautes-Alpes","item":"https:\/\/www.campinglemontana.fr\/it\/"},{"@type":"ListItem","position":2,"name":"Campeggio 3 stelle nelle Hautes-Alpes"}]},{"@type":"WebSite","@id":"https:\/\/www.campinglemontana.fr\/it\/#website","url":"https:\/\/www.campinglemontana.fr\/it\/","name":"Camping Le Montana","description":"","publisher":{"@id":"https:\/\/www.campinglemontana.fr\/it\/#organization"},"potentialAction":[{"@type":"SearchAction","target":{"@type":"EntryPoint","urlTemplate":"https:\/\/www.campinglemontana.fr\/it\/?s={search_term_string}"},"query-input":{"@type":"PropertyValueSpecification","valueRequired":true,"valueName":"search_term_string"}}],"inLanguage":"it-IT"},{"@type":"Organization","@id":"https:\/\/www.campinglemontana.fr\/it\/#organization","name":"Camping Le Montana","url":"https:\/\/www.campinglemontana.fr\/it\/","logo":{"@type":"ImageObject","inLanguage":"it-IT","@id":"https:\/\/www.campinglemontana.fr\/it\/#\/schema\/logo\/image\/","url":"http:\/\/campinglemontana.fr\/wp-content\/uploads\/2022\/07\/logo-camping-montana_favicon-1.png","contentUrl":"http:\/\/campinglemontana.fr\/wp-content\/uploads\/2022\/07\/logo-camping-montana_favicon-1.png","width":4052,"height":4051,"caption":"Camping Le Montana"},"image":{"@id":"https:\/\/www.campinglemontana.fr\/it\/#\/schema\/logo\/image\/"}}]}},"_links":{"self":[{"href":"https:\/\/www.campinglemontana.fr\/it\/wp-json\/wp\/v2\/pages\/2610","targetHints":{"allow":["GET"]}}],"collection":[{"href":"https:\/\/www.campinglemontana.fr\/it\/wp-json\/wp\/v2\/pages"}],"about":[{"href":"https:\/\/www.campinglemontana.fr\/it\/wp-json\/wp\/v2\/types\/page"}],"author":[{"embeddable":true,"href":"https:\/\/www.campinglemontana.fr\/it\/wp-json\/wp\/v2\/users\/1"}],"replies":[{"embeddable":true,"href":"https:\/\/www.campinglemontana.fr\/it\/wp-json\/wp\/v2\/comments?post=2610"}],"version-history":[{"count":56,"href":"https:\/\/www.campinglemontana.fr\/it\/wp-json\/wp\/v2\/pages\/2610\/revisions"}],"predecessor-version":[{"id":3462,"href":"https:\/\/www.campinglemontana.fr\/it\/wp-json\/wp\/v2\/pages\/2610\/revisions\/3462"}],"wp:featuredmedia":[{"embeddable":true,"href":"https:\/\/www.campinglemontana.fr\/it\/wp-json\/wp\/v2\/media\/2034"}],"wp:attachment":[{"href":"https:\/\/www.campinglemontana.fr\/it\/wp-json\/wp\/v2\/media?parent=2610"}],"wp:term":[{"taxonomy":"sujet","embeddable":true,"href":"https:\/\/www.campinglemontana.fr\/it\/wp-json\/wp\/v2\/sujet?post=2610"}],"curies":[{"name":"wp","href":"https:\/\/api.w.org\/{rel}","templated":true}]}}