{"id":2619,"date":"2022-08-05T10:57:51","date_gmt":"2022-08-05T08:57:51","guid":{"rendered":"http:\/\/campinglemontana.fr\/camping-pas-cher-val-des-pres\/"},"modified":"2022-11-03T13:46:07","modified_gmt":"2022-11-03T12:46:07","slug":"campeggio-piccolo-prezzo-val-des-pres","status":"publish","type":"page","link":"https:\/\/www.campinglemontana.fr\/it\/campeggio-piccolo-prezzo-val-des-pres\/","title":{"rendered":"Tariffe"},"content":{"rendered":"<section id=\"ls-section-block_7cfd874c4350aafc997266ddf4680f07\" class=\"ls-section  page-chapeau\" >\r\n        <div class=\"container \">\r\n        \n\n<h1 class=\"ls__heading animated fadeInUp delay-200ms wp-block-heading\">Il nostro alloggio per il vostro<br>soggiorno nella valle della Clar\u00e9e<\/h1>\n\n\r\n    <\/div>\r\n<\/section>\n\n<section id=\"ls-section-block_be3682c3a506f54c784833da6e18195a\" class=\"ls-section  page-widget-ctv\" >\r\n        <div class=\"container container--wide\">\r\n        \n\n<ctv-availability data-background-color=\"#FFFFFFFF\"><\/ctv-availability>\n\n\r\n    <\/div>\r\n<\/section>\n\n<section id=\"ls-section-block_4aac0907a9bdda3904115d197f47b78b\" class=\"ls-section  galerie-trois-photos has-p-t p-t-0 has-p-b p-b-14\" >\r\n        <div class=\"container container--wide\">\r\n        \n\n<figure class=\"wp-block-gallery has-nested-images columns-default is-cropped wp-block-gallery-1 is-layout-flex wp-block-gallery-is-layout-flex\">\n<figure class=\"wp-block-image size-full animated fadeInUp delay-100ms\"><a href=\"https:\/\/www.campinglemontana.fr\/wp-content\/uploads\/2022\/08\/camping-promotionsr-hautes-alpes.jpg\"><img loading=\"lazy\" decoding=\"async\" width=\"960\" height=\"541\" data-id=\"1302\" src=\"https:\/\/www.campinglemontana.fr\/wp-content\/uploads\/2022\/08\/camping-promotionsr-hautes-alpes.jpg\" alt=\"camping promotions hautes alpes\" class=\"wp-image-1302\" srcset=\"https:\/\/www.campinglemontana.fr\/wp-content\/uploads\/2022\/08\/camping-promotionsr-hautes-alpes.jpg 960w, https:\/\/www.campinglemontana.fr\/wp-content\/uploads\/2022\/08\/camping-promotionsr-hautes-alpes-300x169.jpg 300w, https:\/\/www.campinglemontana.fr\/wp-content\/uploads\/2022\/08\/camping-promotionsr-hautes-alpes-768x433.jpg 768w\" sizes=\"auto, (max-width: 960px) 100vw, 960px\" \/><\/a><\/figure>\n\n\n\n<figure class=\"wp-block-image size-full animated fadeInUp delay-500ms\"><a href=\"https:\/\/www.campinglemontana.fr\/wp-content\/uploads\/2022\/08\/camping-petit-prix-hautes-alpes.jpg\"><img loading=\"lazy\" decoding=\"async\" width=\"960\" height=\"541\" data-id=\"1299\" src=\"https:\/\/www.campinglemontana.fr\/wp-content\/uploads\/2022\/08\/camping-petit-prix-hautes-alpes.jpg\" alt=\"camping petit prix hautes alpes\" class=\"wp-image-1299\" srcset=\"https:\/\/www.campinglemontana.fr\/wp-content\/uploads\/2022\/08\/camping-petit-prix-hautes-alpes.jpg 960w, https:\/\/www.campinglemontana.fr\/wp-content\/uploads\/2022\/08\/camping-petit-prix-hautes-alpes-300x169.jpg 300w, https:\/\/www.campinglemontana.fr\/wp-content\/uploads\/2022\/08\/camping-petit-prix-hautes-alpes-768x433.jpg 768w\" sizes=\"auto, (max-width: 960px) 100vw, 960px\" \/><\/a><\/figure>\n\n\n\n<figure class=\"wp-block-image size-full animated fadeInUp delay-200ms\"><a href=\"https:\/\/www.campinglemontana.fr\/wp-content\/uploads\/2022\/08\/camping-offre-promotionneller-val-des-pres.jpg\"><img loading=\"lazy\" decoding=\"async\" width=\"960\" height=\"541\" data-id=\"1293\" src=\"https:\/\/www.campinglemontana.fr\/wp-content\/uploads\/2022\/08\/camping-offre-promotionneller-val-des-pres.jpg\" alt=\"camping offre promotionnelle val des pres\" class=\"wp-image-1293\" srcset=\"https:\/\/www.campinglemontana.fr\/wp-content\/uploads\/2022\/08\/camping-offre-promotionneller-val-des-pres.jpg 960w, https:\/\/www.campinglemontana.fr\/wp-content\/uploads\/2022\/08\/camping-offre-promotionneller-val-des-pres-300x169.jpg 300w, https:\/\/www.campinglemontana.fr\/wp-content\/uploads\/2022\/08\/camping-offre-promotionneller-val-des-pres-768x433.jpg 768w\" sizes=\"auto, (max-width: 960px) 100vw, 960px\" \/><\/a><\/figure>\n<\/figure>\n\n\n\n<h2 class=\"ls-heading wp-block-heading\">Sistemazione<br>per tutti i budget<\/h2>\n\n\n\n<div class=\"wp-block-columns is-layout-flex wp-container-core-columns-is-layout-9d6595d7 wp-block-columns-is-layout-flex\">\n<div class=\"wp-block-column is-layout-flow wp-block-column-is-layout-flow\">\n<p class=\"ls-paragraph\">Siete alla ricerca di un <strong>campeggio di qualit\u00e0<\/strong> nelle Hautes-Alpes con un <strong>ottimo rapporto qualit\u00e0-prezzo<\/strong>? Trascorrete le vostre vacanze al <a href=\"\/it\/\">campeggio Le Montana, situato a Val-des-Pr\u00e9s<\/a>, vicino alle cime della valle della Clar\u00e9e.<\/p>\n\n\n\n<p class=\"ls-paragraph\">Le nostre <strong>confortevoli sistemazioni<\/strong> vi accolgono in un&#8217;atmosfera calda e amichevole, a contatto con la natura.<\/p>\n<\/div>\n\n\n\n<div class=\"wp-block-column is-layout-flow wp-block-column-is-layout-flow\">\n<p class=\"ls-paragraph\">Avete la possibilit\u00e0 di <strong>affittare una casa mobile<\/strong> o un <a href=\"\/it\/affito-casa-mobile-val-des-pres\/#insolito\">alloggio insolito<\/a> al miglior prezzo, ma anche una <a href=\"\/it\/noleggio-piazzole-val-des-pres\/\">piazzola gratuita<\/a> con elettricit\u00e0 per tenda, camper o roulotte.<\/p>\n\n\n\n<p class=\"ls-paragraph\">Numerosi servizi sono a disposizione per un soggiorno da sogno in famiglia o con gli amici: piscina riscaldata, snack bar 7 giorni su 7, giochi per bambini e adulti, noleggio barbecue, frigorifero.<\/p>\n<\/div>\n<\/div>\n\n\r\n    <\/div>\r\n<\/section>\n\n<section id=\"ls-section-block_9e42cc270f417b65e8adf5d875aa8859\" class=\"ls-section  trois-colonnes has-background has-color-4-background-color has-p-t p-t-14 has-p-b p-b-14\" >\r\n        <div class=\"container container--wide\">\r\n        \n\n<div class=\"wp-block-columns is-layout-flex wp-container-core-columns-is-layout-9d6595d7 wp-block-columns-is-layout-flex\">\n<div class=\"wp-block-column is-layout-flow wp-block-column-is-layout-flow\" style=\"flex-basis:40%\">\n<h2 class=\"ls-heading wp-block-heading\">Offerte promozionali<br>da non perdere!<\/h2>\n\n\n\n<p class=\"ls-paragraph\">Per prenotare il vostro <strong>soggiorno al miglior prezzo<\/strong>, controllate regolarmente il nostro sito web!<\/p>\n\n\n\n<p class=\"ls-paragraph\">Il nostro campeggio a Val-des-Pr\u00e9s propone spesso <strong>offerte speciali<\/strong> e <strong>promozioni esclusive<\/strong>, anche in alta stagione. Se prenotate prima dell&#8217;estate, potrete sicuramente beneficiare dello<strong> sconto del 25% &#8220;prima dell&#8217;estate&#8221;<\/strong>.<\/p>\n\n\n\n<p class=\"ls-paragraph\">Per risparmiare ancora di pi\u00f9 e godere di una vacanza a basso prezzo, date un&#8217;occhiata alle nostre offerte promozionali fuori stagione:<\/p>\n\n\n\n<ul class=\"ls-list wp-block-list\"><li>dal 30 aprile al 1\u00b0 luglio, offerta di coppia sulle case mobili in affitto a <strong>349 \u20ac a settimana<\/strong> o sulla tenda Prospecteur a <strong>209 \u20ac a settimana<\/strong>;<\/li><li>dal 30 aprile al 1\u00b0 luglio, offerta speciale su affitti atipici a <strong>199 \u20ac a settimana<\/strong>;<\/li><li>dal 27 agosto al 15 ottobre, promozione per <strong>3 persone a 399 \u20ac a settimana.<\/strong><\/li><\/ul>\n<\/div>\n\n\n\n<div class=\"wp-block-column is-vertically-aligned-center image is-layout-flow wp-block-column-is-layout-flow\" style=\"flex-basis:30%\">\n<figure class=\"wp-block-image size-full animated fadeInRight delay-100ms\"><a href=\"https:\/\/www.campinglemontana.fr\/wp-content\/uploads\/2022\/08\/camping-pas-cher-val-des-pres.jpg\"><img loading=\"lazy\" decoding=\"async\" width=\"960\" height=\"541\" src=\"https:\/\/www.campinglemontana.fr\/wp-content\/uploads\/2022\/08\/camping-pas-cher-val-des-pres.jpg\" alt=\"camping pas cher val des pres\" class=\"wp-image-1296\" srcset=\"https:\/\/www.campinglemontana.fr\/wp-content\/uploads\/2022\/08\/camping-pas-cher-val-des-pres.jpg 960w, https:\/\/www.campinglemontana.fr\/wp-content\/uploads\/2022\/08\/camping-pas-cher-val-des-pres-300x169.jpg 300w, https:\/\/www.campinglemontana.fr\/wp-content\/uploads\/2022\/08\/camping-pas-cher-val-des-pres-768x433.jpg 768w\" sizes=\"auto, (max-width: 960px) 100vw, 960px\" \/><\/a><\/figure>\n<\/div>\n\n\n\n<div class=\"wp-block-column is-vertically-aligned-center image is-layout-flow wp-block-column-is-layout-flow\" style=\"flex-basis:30%\">\n<figure class=\"wp-block-image size-full animated fadeInRight delay-200ms\"><a href=\"https:\/\/www.campinglemontana.fr\/wp-content\/uploads\/2022\/08\/location-pas-cher-hautes-alpes.jpg\"><img loading=\"lazy\" decoding=\"async\" width=\"960\" height=\"541\" src=\"https:\/\/www.campinglemontana.fr\/wp-content\/uploads\/2022\/08\/location-pas-cher-hautes-alpes.jpg\" alt=\"location pas cher hautes alpes\" class=\"wp-image-1310\" srcset=\"https:\/\/www.campinglemontana.fr\/wp-content\/uploads\/2022\/08\/location-pas-cher-hautes-alpes.jpg 960w, https:\/\/www.campinglemontana.fr\/wp-content\/uploads\/2022\/08\/location-pas-cher-hautes-alpes-300x169.jpg 300w, https:\/\/www.campinglemontana.fr\/wp-content\/uploads\/2022\/08\/location-pas-cher-hautes-alpes-768x433.jpg 768w\" sizes=\"auto, (max-width: 960px) 100vw, 960px\" \/><\/a><\/figure>\n<\/div>\n<\/div>\n\n\r\n    <\/div>\r\n<\/section>\n\n<section id=\"ls-section-block_94dac0e39296161f05ac411bf0eb5886\" class=\"ls-section  background-avec-image has-background-image has-parallax has-background has-color-5-background-color has-p-t p-t-14 has-p-b p-b-14\" >\r\n    <div class=\"ls-section__background-image opacity-39\"><img decoding=\"async\" src=\"https:\/\/www.campinglemontana.fr\/wp-content\/uploads\/2022\/08\/hebergement-pas-cher-hautes-alpes.jpg\" alt=\"hebergement-pas-cher-hautes-alpes\"><\/div>    <div class=\"container container--wide\">\r\n        \n\n<h2 class=\"ls-heading wp-block-heading\">Volete approfittare di<br>i prezzi migliori?<\/h2>\n\n\n\n<div class=\"wp-block-columns is-layout-flex wp-container-core-columns-is-layout-9d6595d7 wp-block-columns-is-layout-flex\">\n<div class=\"wp-block-column is-layout-flow wp-block-column-is-layout-flow\">\n<p class=\"ls-paragraph\">Se volete <strong>approfittare dei prezzi migliori<\/strong> quando scegliete il nostro campeggio, prenotate direttamente sul nostro sito web per approfittare di tutte le nostre <strong>offerte promozionali<\/strong> e <strong>sconti esclusivi<\/strong>!<\/p>\n\n\n\n<p class=\"ls-paragraph\">Sulla nostra piattaforma di prenotazione, avrete accesso alle tariffe delle diverse strutture ricettive disponibili per le date del vostro soggiorno.<\/p>\n<\/div>\n\n\n\n<div class=\"wp-block-column is-layout-flow wp-block-column-is-layout-flow\">\n<p class=\"ls-paragraph\">\u00c8 anticipando la vacanza che si pu\u00f2 ottenere il <strong>miglior rapporto qualit\u00e0-prezzo!<\/strong><\/p>\n\n\n\n<p class=\"ls-paragraph\">Durante l&#8217;alta stagione si consiglia di prenotare e <strong>di versare un acconto del 30%<\/strong>. Il saldo deve essere effettuato 30 giorni prima dell&#8217;arrivo.<\/p>\n<\/div>\n<\/div>\n\n\r\n    <\/div>\r\n<\/section>\n\n<section id=\"ls-section-block_3490560e2f7b3b1ff69b32c16de192c9\" class=\"ls-section  page-maillage has-p-t p-t-14 has-p-b p-b-14\" >\r\n        <div class=\"container container--wide\">\r\n        \n\n<div id=\"ls-heading ls-titre-div-block_d2e8e5ac2a3d629dec6487011c356f4a\" class=\"ls-titre-div h2-like\" >\n    SCOPRIRE LE ANIMAZIONI, I NOLEGGI E LE <br\/><strong>LE PIAZZOLE DEL NOSTRO CAMPEGGIO<\/strong><\/div>\n\n\n<div id=\"ls-maillage-block_fa19123c8c3f13489b7b4e8865893a98\" class=\"ls-maillage cta-style-normal\" data-rows=\"3\">\r\n    <div class=\"wp-block-columns\"><div class=\"wp-block-column\">\n\n<a href=\"https:\/\/www.campinglemontana.fr\/it\/campeggio-attivita-val-des-pres\/\" target=\"\" rel=\"noopener\" class=\"ls-cta__link\">\n\n\t<div class=\"ls-cta__image\"><img decoding=\"async\" src=\"https:\/\/www.campinglemontana.fr\/wp-content\/uploads\/2022\/08\/activite-sportive-hautes-alpes.jpg\" alt=\"activite sportive hautes alpes\"><\/div>\n\t<div class=\"ls-cta__title\">\n\t\tAttivit\u00e0<span>+<\/span>\n\t<\/div>\n\n\t\t\n<\/a><\/div><div class=\"wp-block-column\">\n\n<a href=\"https:\/\/www.campinglemontana.fr\/it\/noleggio-piazzole-val-des-pres\/\" target=\"\" rel=\"noopener\" class=\"ls-cta__link\">\n\n\t<div class=\"ls-cta__image\"><img decoding=\"async\" src=\"https:\/\/www.campinglemontana.fr\/wp-content\/uploads\/2022\/08\/camping-caravaning-val-de-pres.jpg\" alt=\"camping caravaning val de pres\"><\/div>\n\t<div class=\"ls-cta__title\">\n\t\tPiazzole<span>+<\/span>\n\t<\/div>\n\n\t\t\n<\/a><\/div><div class=\"wp-block-column\">\n\n<a href=\"https:\/\/www.campinglemontana.fr\/it\/affito-bungalow-val-des-pres\/\" target=\"\" rel=\"noopener\" class=\"ls-cta__link\">\n\n\t<div class=\"ls-cta__image\"><img decoding=\"async\" src=\"https:\/\/www.campinglemontana.fr\/wp-content\/uploads\/2022\/08\/hebergement-insolite-briancon.jpg\" alt=\"hebergement insolite briancon\"><\/div>\n\t<div class=\"ls-cta__title\">\n\t\tAffitti<span>+<\/span>\n\t<\/div>\n\n\t\t\n<\/a><\/div><\/div><\/div>\n\r\n    <\/div>\r\n<\/section>","protected":false},"excerpt":{"rendered":"","protected":false},"author":1,"featured_media":1951,"parent":0,"menu_order":0,"comment_status":"closed","ping_status":"closed","template":"","meta":{"_acf_changed":false,"footnotes":""},"sujet":[],"class_list":["post-2619","page","type-page","status-publish","has-post-thumbnail","hentry"],"acf":[],"yoast_head":"<!-- This site is optimized with the Yoast SEO plugin v23.4 - https:\/\/yoast.com\/wordpress\/plugins\/seo\/ -->\n<title>Campeggio piccolo prezzo Val-des-Pr\u00e9s | Campeggio pas cher Hautes-Alpes<\/title>\n<meta name=\"robots\" content=\"index, follow, max-snippet:-1, max-image-preview:large, max-video-preview:-1\" \/>\n<link rel=\"canonical\" href=\"https:\/\/www.campinglemontana.fr\/it\/campeggio-piccolo-prezzo-val-des-pres\/\" \/>\n<meta property=\"og:locale\" content=\"it_IT\" \/>\n<meta property=\"og:type\" content=\"article\" \/>\n<meta property=\"og:title\" content=\"Campeggio piccolo prezzo Val-des-Pr\u00e9s | Campeggio pas cher Hautes-Alpes\" \/>\n<meta property=\"og:url\" content=\"https:\/\/www.campinglemontana.fr\/it\/campeggio-piccolo-prezzo-val-des-pres\/\" \/>\n<meta property=\"og:site_name\" content=\"Camping Le Montana\" \/>\n<meta property=\"article:modified_time\" content=\"2022-11-03T12:46:07+00:00\" \/>\n<meta property=\"og:image\" content=\"https:\/\/www.campinglemontana.fr\/wp-content\/uploads\/2022\/09\/camping-le-montana.jpg\" \/>\n\t<meta property=\"og:image:width\" content=\"1663\" \/>\n\t<meta property=\"og:image:height\" content=\"650\" \/>\n\t<meta property=\"og:image:type\" content=\"image\/jpeg\" \/>\n<meta name=\"twitter:card\" content=\"summary_large_image\" \/>\n<meta name=\"twitter:label1\" content=\"Tempo di lettura stimato\" \/>\n\t<meta name=\"twitter:data1\" content=\"3 minuti\" \/>\n<script type=\"application\/ld+json\" class=\"yoast-schema-graph\">{\"@context\":\"https:\/\/schema.org\",\"@graph\":[{\"@type\":\"WebPage\",\"@id\":\"https:\/\/www.campinglemontana.fr\/it\/campeggio-piccolo-prezzo-val-des-pres\/\",\"url\":\"https:\/\/www.campinglemontana.fr\/it\/campeggio-piccolo-prezzo-val-des-pres\/\",\"name\":\"Campeggio piccolo prezzo Val-des-Pr\u00e9s | Campeggio pas cher Hautes-Alpes\",\"isPartOf\":{\"@id\":\"https:\/\/www.campinglemontana.fr\/it\/#website\"},\"primaryImageOfPage\":{\"@id\":\"https:\/\/www.campinglemontana.fr\/it\/campeggio-piccolo-prezzo-val-des-pres\/#primaryimage\"},\"image\":{\"@id\":\"https:\/\/www.campinglemontana.fr\/it\/campeggio-piccolo-prezzo-val-des-pres\/#primaryimage\"},\"thumbnailUrl\":\"https:\/\/www.campinglemontana.fr\/wp-content\/uploads\/2022\/09\/camping-le-montana.jpg\",\"datePublished\":\"2022-08-05T08:57:51+00:00\",\"dateModified\":\"2022-11-03T12:46:07+00:00\",\"breadcrumb\":{\"@id\":\"https:\/\/www.campinglemontana.fr\/it\/campeggio-piccolo-prezzo-val-des-pres\/#breadcrumb\"},\"inLanguage\":\"it-IT\",\"potentialAction\":[{\"@type\":\"ReadAction\",\"target\":[\"https:\/\/www.campinglemontana.fr\/it\/campeggio-piccolo-prezzo-val-des-pres\/\"]}]},{\"@type\":\"ImageObject\",\"inLanguage\":\"it-IT\",\"@id\":\"https:\/\/www.campinglemontana.fr\/it\/campeggio-piccolo-prezzo-val-des-pres\/#primaryimage\",\"url\":\"https:\/\/www.campinglemontana.fr\/wp-content\/uploads\/2022\/09\/camping-le-montana.jpg\",\"contentUrl\":\"https:\/\/www.campinglemontana.fr\/wp-content\/uploads\/2022\/09\/camping-le-montana.jpg\",\"width\":1663,\"height\":650,\"caption\":\"camping le montana\"},{\"@type\":\"BreadcrumbList\",\"@id\":\"https:\/\/www.campinglemontana.fr\/it\/campeggio-piccolo-prezzo-val-des-pres\/#breadcrumb\",\"itemListElement\":[{\"@type\":\"ListItem\",\"position\":1,\"name\":\"Campeggio Hautes-Alpes\",\"item\":\"https:\/\/www.campinglemontana.fr\/it\/\"},{\"@type\":\"ListItem\",\"position\":2,\"name\":\"Campeggio Hautes-Alpes dal buon rapporto qualit\u00e0\/prezzo\"}]},{\"@type\":\"WebSite\",\"@id\":\"https:\/\/www.campinglemontana.fr\/it\/#website\",\"url\":\"https:\/\/www.campinglemontana.fr\/it\/\",\"name\":\"Camping Le Montana\",\"description\":\"\",\"publisher\":{\"@id\":\"https:\/\/www.campinglemontana.fr\/it\/#organization\"},\"potentialAction\":[{\"@type\":\"SearchAction\",\"target\":{\"@type\":\"EntryPoint\",\"urlTemplate\":\"https:\/\/www.campinglemontana.fr\/it\/?s={search_term_string}\"},\"query-input\":{\"@type\":\"PropertyValueSpecification\",\"valueRequired\":true,\"valueName\":\"search_term_string\"}}],\"inLanguage\":\"it-IT\"},{\"@type\":\"Organization\",\"@id\":\"https:\/\/www.campinglemontana.fr\/it\/#organization\",\"name\":\"Camping Le Montana\",\"url\":\"https:\/\/www.campinglemontana.fr\/it\/\",\"logo\":{\"@type\":\"ImageObject\",\"inLanguage\":\"it-IT\",\"@id\":\"https:\/\/www.campinglemontana.fr\/it\/#\/schema\/logo\/image\/\",\"url\":\"http:\/\/campinglemontana.fr\/wp-content\/uploads\/2022\/07\/logo-camping-montana_favicon-1.png\",\"contentUrl\":\"http:\/\/campinglemontana.fr\/wp-content\/uploads\/2022\/07\/logo-camping-montana_favicon-1.png\",\"width\":4052,\"height\":4051,\"caption\":\"Camping Le Montana\"},\"image\":{\"@id\":\"https:\/\/www.campinglemontana.fr\/it\/#\/schema\/logo\/image\/\"}}]}<\/script>\n<!-- \/ Yoast SEO plugin. -->","yoast_head_json":{"title":"Campeggio piccolo prezzo Val-des-Pr\u00e9s | Campeggio pas cher Hautes-Alpes","robots":{"index":"index","follow":"follow","max-snippet":"max-snippet:-1","max-image-preview":"max-image-preview:large","max-video-preview":"max-video-preview:-1"},"canonical":"https:\/\/www.campinglemontana.fr\/it\/campeggio-piccolo-prezzo-val-des-pres\/","og_locale":"it_IT","og_type":"article","og_title":"Campeggio piccolo prezzo Val-des-Pr\u00e9s | Campeggio pas cher Hautes-Alpes","og_url":"https:\/\/www.campinglemontana.fr\/it\/campeggio-piccolo-prezzo-val-des-pres\/","og_site_name":"Camping Le Montana","article_modified_time":"2022-11-03T12:46:07+00:00","og_image":[{"width":1663,"height":650,"url":"https:\/\/www.campinglemontana.fr\/wp-content\/uploads\/2022\/09\/camping-le-montana.jpg","type":"image\/jpeg"}],"twitter_card":"summary_large_image","twitter_misc":{"Tempo di lettura stimato":"3 minuti"},"schema":{"@context":"https:\/\/schema.org","@graph":[{"@type":"WebPage","@id":"https:\/\/www.campinglemontana.fr\/it\/campeggio-piccolo-prezzo-val-des-pres\/","url":"https:\/\/www.campinglemontana.fr\/it\/campeggio-piccolo-prezzo-val-des-pres\/","name":"Campeggio piccolo prezzo Val-des-Pr\u00e9s | Campeggio pas cher Hautes-Alpes","isPartOf":{"@id":"https:\/\/www.campinglemontana.fr\/it\/#website"},"primaryImageOfPage":{"@id":"https:\/\/www.campinglemontana.fr\/it\/campeggio-piccolo-prezzo-val-des-pres\/#primaryimage"},"image":{"@id":"https:\/\/www.campinglemontana.fr\/it\/campeggio-piccolo-prezzo-val-des-pres\/#primaryimage"},"thumbnailUrl":"https:\/\/www.campinglemontana.fr\/wp-content\/uploads\/2022\/09\/camping-le-montana.jpg","datePublished":"2022-08-05T08:57:51+00:00","dateModified":"2022-11-03T12:46:07+00:00","breadcrumb":{"@id":"https:\/\/www.campinglemontana.fr\/it\/campeggio-piccolo-prezzo-val-des-pres\/#breadcrumb"},"inLanguage":"it-IT","potentialAction":[{"@type":"ReadAction","target":["https:\/\/www.campinglemontana.fr\/it\/campeggio-piccolo-prezzo-val-des-pres\/"]}]},{"@type":"ImageObject","inLanguage":"it-IT","@id":"https:\/\/www.campinglemontana.fr\/it\/campeggio-piccolo-prezzo-val-des-pres\/#primaryimage","url":"https:\/\/www.campinglemontana.fr\/wp-content\/uploads\/2022\/09\/camping-le-montana.jpg","contentUrl":"https:\/\/www.campinglemontana.fr\/wp-content\/uploads\/2022\/09\/camping-le-montana.jpg","width":1663,"height":650,"caption":"camping le montana"},{"@type":"BreadcrumbList","@id":"https:\/\/www.campinglemontana.fr\/it\/campeggio-piccolo-prezzo-val-des-pres\/#breadcrumb","itemListElement":[{"@type":"ListItem","position":1,"name":"Campeggio Hautes-Alpes","item":"https:\/\/www.campinglemontana.fr\/it\/"},{"@type":"ListItem","position":2,"name":"Campeggio Hautes-Alpes dal buon rapporto qualit\u00e0\/prezzo"}]},{"@type":"WebSite","@id":"https:\/\/www.campinglemontana.fr\/it\/#website","url":"https:\/\/www.campinglemontana.fr\/it\/","name":"Camping Le Montana","description":"","publisher":{"@id":"https:\/\/www.campinglemontana.fr\/it\/#organization"},"potentialAction":[{"@type":"SearchAction","target":{"@type":"EntryPoint","urlTemplate":"https:\/\/www.campinglemontana.fr\/it\/?s={search_term_string}"},"query-input":{"@type":"PropertyValueSpecification","valueRequired":true,"valueName":"search_term_string"}}],"inLanguage":"it-IT"},{"@type":"Organization","@id":"https:\/\/www.campinglemontana.fr\/it\/#organization","name":"Camping Le Montana","url":"https:\/\/www.campinglemontana.fr\/it\/","logo":{"@type":"ImageObject","inLanguage":"it-IT","@id":"https:\/\/www.campinglemontana.fr\/it\/#\/schema\/logo\/image\/","url":"http:\/\/campinglemontana.fr\/wp-content\/uploads\/2022\/07\/logo-camping-montana_favicon-1.png","contentUrl":"http:\/\/campinglemontana.fr\/wp-content\/uploads\/2022\/07\/logo-camping-montana_favicon-1.png","width":4052,"height":4051,"caption":"Camping Le Montana"},"image":{"@id":"https:\/\/www.campinglemontana.fr\/it\/#\/schema\/logo\/image\/"}}]}},"_links":{"self":[{"href":"https:\/\/www.campinglemontana.fr\/it\/wp-json\/wp\/v2\/pages\/2619","targetHints":{"allow":["GET"]}}],"collection":[{"href":"https:\/\/www.campinglemontana.fr\/it\/wp-json\/wp\/v2\/pages"}],"about":[{"href":"https:\/\/www.campinglemontana.fr\/it\/wp-json\/wp\/v2\/types\/page"}],"author":[{"embeddable":true,"href":"https:\/\/www.campinglemontana.fr\/it\/wp-json\/wp\/v2\/users\/1"}],"replies":[{"embeddable":true,"href":"https:\/\/www.campinglemontana.fr\/it\/wp-json\/wp\/v2\/comments?post=2619"}],"version-history":[{"count":5,"href":"https:\/\/www.campinglemontana.fr\/it\/wp-json\/wp\/v2\/pages\/2619\/revisions"}],"predecessor-version":[{"id":3122,"href":"https:\/\/www.campinglemontana.fr\/it\/wp-json\/wp\/v2\/pages\/2619\/revisions\/3122"}],"wp:featuredmedia":[{"embeddable":true,"href":"https:\/\/www.campinglemontana.fr\/it\/wp-json\/wp\/v2\/media\/1951"}],"wp:attachment":[{"href":"https:\/\/www.campinglemontana.fr\/it\/wp-json\/wp\/v2\/media?parent=2619"}],"wp:term":[{"taxonomy":"sujet","embeddable":true,"href":"https:\/\/www.campinglemontana.fr\/it\/wp-json\/wp\/v2\/sujet?post=2619"}],"curies":[{"name":"wp","href":"https:\/\/api.w.org\/{rel}","templated":true}]}}